{"id":781,"date":"2018-09-06T08:19:08","date_gmt":"2018-09-06T08:19:08","guid":{"rendered":"http:\/\/www.glorialerin.com\/terapias\/como-liberar-el-cuerpo-perdido-en-sus-protecciones-en-sus-tensiones-3\/"},"modified":"2018-09-28T10:12:16","modified_gmt":"2018-09-28T10:12:16","slug":"testimonios","status":"publish","type":"page","link":"https:\/\/www.glorialerin.com\/terapias\/testimonios\/","title":{"rendered":"Testimonios"},"content":{"rendered":"<p>[et_pb_section bb_built=\u00bb1&#8243; fullwidth=\u00bbon\u00bb _builder_version=\u00bb3.0.92&#8243;][et_pb_fullwidth_slider _builder_version=\u00bb3.0.92&#8243; custom_padding=\u00bb|0px||0px\u00bb show_arrows=\u00bbon\u00bb show_pagination=\u00bbon\u00bb show_inner_shadow=\u00bbon\u00bb custom_button=\u00bboff\u00bb button_icon_placement=\u00bbright\u00bb show_content_on_mobile=\u00bbon\u00bb show_cta_on_mobile=\u00bbon\u00bb show_image_video_mobile=\u00bboff\u00bb][et_pb_slide heading=\u00bbTESTIMONIOS\u00bb use_bg_overlay=\u00bboff\u00bb use_text_overlay=\u00bboff\u00bb _builder_version=\u00bb3.0.92&#8243; header_font=\u00bbMontserrat|700|||||||\u00bb header_font_size=\u00bb50px\u00bb header_font_size_tablet=\u00bb50px\u00bb header_font_size_phone=\u00bb50px\u00bb body_font=\u00bbMontserrat||||||||\u00bb body_font_size=\u00bb20px\u00bb body_font_size_tablet=\u00bb20px\u00bb body_font_size_phone=\u00bb20px\u00bb use_background_color_gradient=\u00bbon\u00bb background_color_gradient_start=\u00bb#ffffff\u00bb background_color_gradient_end=\u00bb#ffffff\u00bb background_image=\u00bbhttp:\/\/www.glorialerin.com\/terapias\/wp-content\/uploads\/2018\/09\/testimonios-gloria-lerin-2.png\u00bb background_color_gradient_type=\u00bblinear\u00bb background_color_gradient_direction=\u00bb180deg\u00bb background_color_gradient_direction_radial=\u00bbcenter\u00bb background_color_gradient_start_position=\u00bb0%\u00bb background_color_gradient_end_position=\u00bb100%\u00bb background_color_gradient_overlays_image=\u00bboff\u00bb parallax=\u00bboff\u00bb parallax_method=\u00bbon\u00bb background_size=\u00bbcover\u00bb background_position=\u00bbcenter\u00bb background_repeat=\u00bbno-repeat\u00bb background_blend=\u00bbnormal\u00bb allow_player_pause=\u00bboff\u00bb text_border_radius=\u00bb3&#8243; alignment=\u00bbcenter\u00bb child_filter_hue_rotate=\u00bb0deg\u00bb child_filter_saturate=\u00bb100%\u00bb child_filter_brightness=\u00bb100%\u00bb child_filter_contrast=\u00bb100%\u00bb child_filter_invert=\u00bb0%\u00bb child_filter_sepia=\u00bb0%\u00bb child_filter_opacity=\u00bb100%\u00bb child_filter_blur=\u00bb0px\u00bb child_mix_blend_mode=\u00bbnormal\u00bb background_layout=\u00bbdark\u00bb]<\/p>\n<p>QU\u00c9 OPINAN LOS ALUMNOS<\/p>\n<p>[\/et_pb_slide][\/et_pb_fullwidth_slider][\/et_pb_section][et_pb_section bb_built=\u00bb1&#8243; _builder_version=\u00bb3.0.47&#8243;][et_pb_row custom_padding=\u00bb0px|0px|0px|0px\u00bb _builder_version=\u00bb3.0.47&#8243; background_size=\u00bbinitial\u00bb background_position=\u00bbtop_left\u00bb background_repeat=\u00bbrepeat\u00bb][et_pb_column type=\u00bb4_4&#8243;][et_pb_text _builder_version=\u00bb3.0.92&#8243; background_layout=\u00bblight\u00bb]<\/p>\n<p><iframe loading=\"lazy\" src=\"https:\/\/www.youtube.com\/embed\/LNerFI-hDD0?rel=0\" allow=\"autoplay; encrypted-media\" allowfullscreen=\"\" width=\"560\" height=\"315\" frameborder=\"0\"><\/iframe><\/p>\n<p>[\/et_pb_text][\/et_pb_column][\/et_pb_row][et_pb_row _builder_version=\u00bb3.0.47&#8243; background_size=\u00bbinitial\u00bb background_position=\u00bbtop_left\u00bb background_repeat=\u00bbrepeat\u00bb custom_padding=\u00bb27px|0px|30px|0px\u00bb][et_pb_column type=\u00bb1_2&#8243;][et_pb_testimonial author=\u00bbEduard\u00bb job_title=\u00bbM\u00e9todo de Liberaci\u00f3n de las Corazas\u00bb portrait_url=\u00bbhttp:\/\/www.glorialerin.com\/terapias\/wp-content\/uploads\/2018\/09\/eduard-testimoni-gloria-lerin.png\u00bb quote_icon=\u00bboff\u00bb background_color=\u00bb#f6eff9&#8243; background_layout=\u00bblight\u00bb _builder_version=\u00bb3.0.92&#8243; url_new_window=\u00bboff\u00bb use_background_color=\u00bbon\u00bb quote_icon_background_color=\u00bb#f5f5f5&#8243;]<\/p>\n<p>\u201cTrabajar mi cuerpo con el M\u00e9todo de Liberaci\u00f3n de las corazas que da Gloria Lerin, me ha cambiado la vida. Lentamente semana a semana, sesi\u00f3n a sesi\u00f3n, mes a mes, a\u00f1o tras a\u00f1o, mi cuerpo se ha ido liberando progresivamente de las cargas y corazas. Se ha ido abriendo un camino hacia la relajaci\u00f3n y el equilibrio que me va aportando la seguridad en mi mismo, la libertad y bienestar en mi d\u00eda a d\u00eda. Me he ido acercando a mi esencia. El camino nunca se acaba y siempre hay aspectos a mejorar. Por esto tengo previsto de continuar con \u00e9ste trabajo tan beneficioso y que recomiendo a todo el mundo que viva con cualquier tipo de malestar.\u201d<\/p>\n<p>[\/et_pb_testimonial][et_pb_testimonial author=\u00bbMaria Dolores Recio\u00bb job_title=\u00bbM\u00e9todo de Liberaci\u00f3n de las Corazas\u00bb portrait_url=\u00bbhttp:\/\/www.glorialerin.com\/terapias\/wp-content\/uploads\/2018\/09\/maria-dolores-recio-testimonio-gloria-lerin.png\u00bb quote_icon=\u00bboff\u00bb background_color=\u00bb#f6eff9&#8243; background_layout=\u00bblight\u00bb _builder_version=\u00bb3.0.92&#8243;]<\/p>\n<p>\u201cConoc\u00ed el M\u00e9todo de Liberaci\u00f3n de las Corazas cuando estaba viviendo una etapa muy dura, tanto f\u00edsica como ps\u00edquica  y emocional. He trabajado MLC desde hace un a\u00f1o casi a diario, haciendo movimientos y escribiendo las creencias. Me ha ayudado mucho. Tengo m\u00e1s flexibilidad, puedo moverme mejor, ten\u00eda dificultad para hacerlo. Estoy aprendiendo a aceptar las cosas tal como son y no como quiero que sean. Me ayuda a ser m\u00e1s paciente.<\/p>\n<p>Hace un a\u00f1o ten\u00eda que tomar mucha medicaci\u00f3n para el dolor  y ahora ya apenas tengo que tomar medicamentos. Esta experiencia est\u00e1 siendo muy positiva en mi vida. Me ayuda a estar m\u00e1s presente en el momento que estoy viviendo, a tener m\u00e1s consciencia de mi cuerpo y a cuidarlo mejor. A ir aprendiendo a decir \u201cno\u201d cuando es necesario, antes no sab\u00eda c\u00f3mo hacerlo. El MLC me ha abierto un camino muy interesante de autoconocimiento y aprendizaje que me ayuda a vivir con m\u00e1s plenitud.\u201d<\/p>\n<p>[\/et_pb_testimonial][\/et_pb_column][et_pb_column type=\u00bb1_2&#8243;][et_pb_testimonial author=\u00bbMarta Bartres\u00bb job_title=\u00bbM\u00e9todo de Liberaci\u00f3n de las Corazas\u00bb portrait_url=\u00bbhttp:\/\/www.glorialerin.com\/terapias\/wp-content\/uploads\/2018\/09\/marta-bartres-testimonio-gloria-lerin.png\u00bb quote_icon=\u00bboff\u00bb background_color=\u00bb#f6eff9&#8243; background_layout=\u00bblight\u00bb _builder_version=\u00bb3.0.92&#8243; url_new_window=\u00bboff\u00bb use_background_color=\u00bbon\u00bb quote_icon_background_color=\u00bb#f5f5f5&#8243;]<\/p>\n<p>\u201cDespu\u00e9s que me diagnosticasen una Artritis Reumatoide, descubr\u00ed el M\u00e9todo de Liberaci\u00f3n de Corazas y a Gloria Lerin a trav\u00e9s de una amiga. Me di cuenta  que era posible sanar a partir del movimiento, la presencia y la escucha interior. Sal\u00eda de las sesiones con una agradable sensaci\u00f3n de paz. Al principio sent\u00eda una profunda desconexi\u00f3n con mi cuerpo y mis emociones. A trav\u00e9s de las sesiones y a lo largo del tiempo he ido trabajando de forma agradable las diferentes partes del cuerpo, sintiendo su energ\u00eda y mejorando la movilidad poco a poco. <\/p>\n<p>Me he ido reencontrando con mi cuerpo y mis emociones. Ha sido mi punto de partida a una nueva forma de estar y ver la vida. Actualmente mis anal\u00edticas no evidencian ninguna enfermedad y puedo empezar a hacer pr\u00e1cticamente de todo, con agradecimiento y presencia.\u201d<\/p>\n<p>[\/et_pb_testimonial][et_pb_testimonial author=\u00bbSebasti\u00e0 Camps\u00bb job_title=\u00bbConsciencia Sensorial\u00bb portrait_url=\u00bbhttp:\/\/www.glorialerin.com\/terapias\/wp-content\/uploads\/2018\/09\/sebastia-camps-testimonio-gloria-lerin.png\u00bb quote_icon=\u00bboff\u00bb background_color=\u00bb#f6eff9&#8243; background_layout=\u00bblight\u00bb _builder_version=\u00bb3.0.92&#8243;]<\/p>\n<p>\u201cLa pr\u00e1ctica de la  Consci\u00e9ncia sensorial me aporta muchos beneficios en mi vida cotidiana. La atenci\u00f3n puesta en lo que estoy viviendo es mas aut\u00e9ntica,  viva y me da la posibilidad de descubrir algo nuevo. Cuando estoy con una persona la escucho mejor, cuando camino en el campo o en la ciudad disfruto de una manera m\u00e1s plena, se me despiertan los sentidos de la vista y el o\u00eddo, y cuando como saboreo mejor los alimentos y esto me da placer.<\/p>\n<p>La relaci\u00f3n con la familia, con los amigos y con las personas en general ha cambiado, ahora ya no las juzgo, las acojo tal como son. Para m\u00ed es un gran cambio en mi vida y una gran satisfacci\u00f3n conectar conmigo y con los dem\u00e1s desde el respeto, la escucha y la benevolencia.\u201d<\/p>\n<p>[\/et_pb_testimonial][\/et_pb_column][\/et_pb_row][et_pb_row custom_padding=\u00bb0px|0px|0px|0px\u00bb _builder_version=\u00bb3.0.47&#8243; background_size=\u00bbinitial\u00bb background_position=\u00bbtop_left\u00bb background_repeat=\u00bbrepeat\u00bb][et_pb_column type=\u00bb4_4&#8243;][et_pb_testimonial author=\u00bbAnna Guasch\u00bb job_title=\u00bbConsciencia Sensorial\u00bb portrait_url=\u00bbhttp:\/\/www.glorialerin.com\/terapias\/wp-content\/uploads\/2018\/09\/anna-guasch-testimonio-gloria-lerin.png\u00bb quote_icon=\u00bboff\u00bb background_color=\u00bb#f6eff9&#8243; background_layout=\u00bblight\u00bb _builder_version=\u00bb3.0.92&#8243;]<\/p>\n<p>\u201cEm vaig iniciar en la Consci\u00e8ncia Sensorial fa uns 10 anys. En aquell moment, les t\u00e8cniques de relaxaci\u00f3, respiraci\u00f3 i meditaci\u00f3 em resultaven massa exigents. La Gl\u00f2ria em va dir, \u201cvine amb qu\u00e8 hi ha i el que sorgeixi, sense expectatives\u201d. I aix\u00ed, deixant-me portar, vaig emprendre un viatge que ara s\u00e9 que no s\u2019acabar\u00e0 mai, perqu\u00e8 tant se val si faig la mateixa pr\u00e0ctica cada vegada: cada vegada t\u00e9 un altre color, una altre musicalitat, ressona diferent en mi&#8230;<\/p>\n<p>Aix\u00ed que cada sessi\u00f3 o taller \u00e9s un regal on se m\u2019apareixen respostes o conclusions que sembla que les hagi buscat tota la vida. I potser, simplement acompanyant el bra\u00e7 d\u2019alg\u00fa altre, em ve la resposta directe i clara d\u2019all\u00f2 que nom\u00e9s amb la ment no hi podia arribar. Per mi, la Consci\u00e8ncia Sensorial est\u00e0 pel damunt de cap m\u00e8tode o t\u00e8cnica. S\u2019uneix l\u2019experi\u00e8ncia corporal i sensorial amb el m\u00f3n mental i emocional i PUM! \u00c9s molt creatiu perqu\u00e8 aquestes respostes o conclusions no fan el proc\u00e9s habitual de pensament i ho visc com si fos m\u00e9s de veritat.<\/p>\n<p>Cada cop que faig un taller de Consci\u00e8ncia Sensorial \u00e9s un viatge que faig amb mi, amb l\u2019entorn i el que genera relacionar-me amb els altres. I \u00e9s un espai on s\u00f3c el que s\u00f3c, de la manera m\u00e9s aut\u00e8ntica i sense judici possible. S\u00f3c el que s\u00f3c, no qui penso que s\u00f3c o qui crec que hauria de ser. S\u00f3c!\u201d<\/p>\n<p>[\/et_pb_testimonial][\/et_pb_column][\/et_pb_row][et_pb_row _builder_version=\u00bb3.0.47&#8243; background_size=\u00bbinitial\u00bb background_position=\u00bbtop_left\u00bb background_repeat=\u00bbrepeat\u00bb custom_padding=\u00bb30px|0px|27px|0px\u00bb][et_pb_column type=\u00bb1_2&#8243;][et_pb_testimonial author=\u00bbPatricia Benejam\u00bb job_title=\u00bbConsciencia Sensorial\u00bb portrait_url=\u00bbhttp:\/\/www.glorialerin.com\/terapias\/wp-content\/uploads\/2018\/09\/patricia-benejam-testimonio-gloria-lerin.png\u00bb quote_icon=\u00bboff\u00bb background_color=\u00bb#f6eff9&#8243; background_layout=\u00bblight\u00bb _builder_version=\u00bb3.0.92&#8243;]<\/p>\n<p>\u201cDarme cuenta que ten\u00eda dificultades en mi d\u00eda a d\u00eda para amar y sentirme amada fue el motivo que iniciase, 5 a\u00f1os atr\u00e1s, mi proceso de escucha personal; una de las mejores decisiones que he tomado en mi vida. <\/p>\n<p>Me acordar\u00e9 siempre de como me sent\u00ed despu\u00e9s de mi primera sesi\u00f3n, por primera vez en muchos a\u00f1os me permit\u00eda contactar con la respiraci\u00f3n, con el descanso y el soltar&#8230;pod\u00eda ser yo misma tal y como era en ese momento, simplemente ser&#8230;no me acordaba que ese estado era posible.<\/p>\n<p>Mediante la consciencia sensorial me he reconciliado conmigo misma; me ha ayudado a aceptarme y a amarme; a ser capaz de disfrutar recibiendo y dando amor. Vuelvo a gozar de la vida, de re\u00edr, de sentirme alegre y espont\u00e1nea. <\/p>\n<p>Seguir una pr\u00e1ctica diaria de escucha personal me ha dado libertad para confiar en qui\u00e9n soy as\u00ed como en reaprender a vivir, esta vez des del sentir lo que es bueno para mi. En s\u00ed, he recuperado mi fuerza y energ\u00eda para crear la vida que quiero para mi, des del amor y la entrega.\u201d<\/p>\n<p>[\/et_pb_testimonial][\/et_pb_column][et_pb_column type=\u00bb1_2&#8243;][et_pb_testimonial author=\u00bbMontse Ferrer\u00bb job_title=\u00bbConciencia del Movimiento\u00bb portrait_url=\u00bbhttp:\/\/www.glorialerin.com\/terapias\/wp-content\/uploads\/2018\/09\/montse-ferrer-testimonios-gloria-lerin.png\u00bb quote_icon=\u00bboff\u00bb background_color=\u00bb#f6eff9&#8243; background_layout=\u00bblight\u00bb _builder_version=\u00bb3.0.92&#8243;]<\/p>\n<p>\u201cTen\u00eda 39 a\u00f1os. Entr\u00e9 en l\u2019Eix-Ample buscando un espacio cerca de mi casa para hacer algo de ejercicio f\u00edsico que no fuera un gimnasio. Gloria me ofreci\u00f3 practicar \u201cConciencia del movimiento\u201d. Yo me lanc\u00e9 sin saber que frente al estr\u00e9s y las tensiones manifestadas en dolor f\u00edsico y emocional, pod\u00eda mejorar sensiblemente mi grado de bienestar. Y a partir de aqu\u00ed, se abri\u00f3 un mundo.<\/p>\n<p>Hoy, 18 a\u00f1os despu\u00e9s, me sigue maravillando cada d\u00eda, este trabajo aparentemente tan simple y a la vez tan profundo. \u00bfQu\u00e9 he ganado? MI CUERPO, conciencia, escucha, autoconocimiento, flexibilidad, confianza\u2026 \u00bfQu\u00e9 he perdido? Miedos, rigideces, creencias in\u00fatiles\u2026 Y mientras la vida  contin\u00faa present\u00e1ndome m\u00faltiples retos a superar, valoro mi cuerpo como esa puerta que nunca enga\u00f1a y  me abre a otras dimensiones. Con la gu\u00eda precisa de Gloria, lo trabajo y lo modelo; y como una cebolla, voy quit\u00e1ndome esas capas que me alejan de mi centro y de mi SER. <\/p>\n<p>Y sigo aprendiendo, conoci\u00e9ndome, caminando\u2026 Acompa\u00f1ada.\u201d<\/p>\n<p>[\/et_pb_testimonial][\/et_pb_column][\/et_pb_row][et_pb_row _builder_version=\u00bb3.0.47&#8243; background_size=\u00bbinitial\u00bb background_position=\u00bbtop_left\u00bb background_repeat=\u00bbrepeat\u00bb custom_padding=\u00bb30px|0px|27px|0px\u00bb][et_pb_column type=\u00bb1_2&#8243;][et_pb_testimonial author=\u00bbJordi Mallol\u00bb job_title=\u00bbM\u00e9todo de Liberaci\u00f3n de las Corazas\u00bb portrait_url=\u00bbhttp:\/\/www.glorialerin.com\/terapias\/wp-content\/uploads\/2018\/09\/jordi-mallol-gloria-lerin.png\u00bb quote_icon=\u00bboff\u00bb background_color=\u00bb#f6eff9&#8243; background_layout=\u00bblight\u00bb _builder_version=\u00bb3.0.92&#8243; url_new_window=\u00bboff\u00bb use_background_color=\u00bbon\u00bb quote_icon_background_color=\u00bb#f5f5f5&#8243;]<\/p>\n<p>\u201cHace m\u00e1s o menos un a\u00f1o que empec\u00e9 a asistir a las sesiones y cursos sobre \u201cEl M\u00e9todo de Liberaci\u00f3n de las Corazas\u201d, con solamente este breve per\u00edodo de tiempo los beneficios ya han sido considerables. Me sent\u00eda reprimido, fastidiado y estancado con mi vida, por lo que decid\u00ed darle una oportunidad a este m\u00e9todo. Con unas pocas sesiones ya empec\u00e9 a notar una mejora en mi manera de afrontar distintas situaciones de la vida que antes me parec\u00edan inc\u00f3modas, comenc\u00e9 a tener m\u00e1s confianza en mis capacidades.<\/p>\n<p>El principal beneficio que he experimentado durante este tiempo ha sido encontrar el origen de muchos de mis problemas y preocupaciones, y este m\u00e9todo me ha proporcionado herramientas efectivas para poderlos solucionar y vivir m\u00e1s relajado. Poder estar con uno mismo y ser consciente de lo que el cuerpo necesita son elementos esenciales para una vida satisfactoria, es por eso que espero poder seguir asistiendo a las clases y cursos durante mucho m\u00e1s tiempo.\u201d<\/p>\n<p>[\/et_pb_testimonial][\/et_pb_column][et_pb_column type=\u00bb1_2&#8243;][\/et_pb_column][\/et_pb_row][\/et_pb_section]<\/p>\n","protected":false},"excerpt":{"rendered":"<p>QU\u00c9 OPINAN LOS ALUMNOS \u201cTrabajar mi cuerpo con el M\u00e9todo de Liberaci\u00f3n de las corazas que da Gloria Lerin, me ha cambiado la vida. Lentamente semana a semana, sesi\u00f3n a sesi\u00f3n, mes a mes, a\u00f1o tras a\u00f1o, mi cuerpo se ha ido liberando progresivamente de las cargas y corazas. Se ha ido abriendo un camino [&hellip;]<\/p>\n","protected":false},"author":1,"featured_media":0,"parent":0,"menu_order":0,"comment_status":"closed","ping_status":"closed","template":"","meta":{"_et_pb_use_builder":"on","_et_pb_old_content":"","_et_gb_content_width":"","footnotes":""},"class_list":["post-781","page","type-page","status-publish","hentry"],"yoast_head":"<!-- This site is optimized with the Yoast SEO plugin v26.2 - https:\/\/yoast.com\/wordpress\/plugins\/seo\/ -->\n<title>Testimonios - Glora Lerin<\/title>\n<meta name=\"robots\" content=\"index, follow, max-snippet:-1, max-image-preview:large, max-video-preview:-1\" \/>\n<link rel=\"canonical\" href=\"https:\/\/www.glorialerin.com\/terapias\/testimonios\/\" \/>\n<meta property=\"og:locale\" content=\"es_ES\" \/>\n<meta property=\"og:type\" content=\"article\" \/>\n<meta property=\"og:title\" content=\"Testimonios - Glora Lerin\" \/>\n<meta property=\"og:description\" content=\"QU\u00c9 OPINAN LOS ALUMNOS \u201cTrabajar mi cuerpo con el M\u00e9todo de Liberaci\u00f3n de las corazas que da Gloria Lerin, me ha cambiado la vida. Lentamente semana a semana, sesi\u00f3n a sesi\u00f3n, mes a mes, a\u00f1o tras a\u00f1o, mi cuerpo se ha ido liberando progresivamente de las cargas y corazas. Se ha ido abriendo un camino [&hellip;]\" \/>\n<meta property=\"og:url\" content=\"https:\/\/www.glorialerin.com\/terapias\/testimonios\/\" \/>\n<meta property=\"og:site_name\" content=\"Glora Lerin\" \/>\n<meta property=\"article:modified_time\" content=\"2018-09-28T10:12:16+00:00\" \/>\n<meta name=\"twitter:card\" content=\"summary_large_image\" \/>\n<meta name=\"twitter:label1\" content=\"Tiempo de lectura\" \/>\n\t<meta name=\"twitter:data1\" content=\"11 minutos\" \/>\n<script type=\"application\/ld+json\" class=\"yoast-schema-graph\">{\"@context\":\"https:\/\/schema.org\",\"@graph\":[{\"@type\":\"WebPage\",\"@id\":\"https:\/\/www.glorialerin.com\/terapias\/testimonios\/\",\"url\":\"https:\/\/www.glorialerin.com\/terapias\/testimonios\/\",\"name\":\"Testimonios - Glora Lerin\",\"isPartOf\":{\"@id\":\"https:\/\/www.glorialerin.com\/terapias\/#website\"},\"datePublished\":\"2018-09-06T08:19:08+00:00\",\"dateModified\":\"2018-09-28T10:12:16+00:00\",\"breadcrumb\":{\"@id\":\"https:\/\/www.glorialerin.com\/terapias\/testimonios\/#breadcrumb\"},\"inLanguage\":\"es\",\"potentialAction\":[{\"@type\":\"ReadAction\",\"target\":[\"https:\/\/www.glorialerin.com\/terapias\/testimonios\/\"]}]},{\"@type\":\"BreadcrumbList\",\"@id\":\"https:\/\/www.glorialerin.com\/terapias\/testimonios\/#breadcrumb\",\"itemListElement\":[{\"@type\":\"ListItem\",\"position\":1,\"name\":\"Portada\",\"item\":\"https:\/\/www.glorialerin.com\/terapias\/\"},{\"@type\":\"ListItem\",\"position\":2,\"name\":\"Testimonios\"}]},{\"@type\":\"WebSite\",\"@id\":\"https:\/\/www.glorialerin.com\/terapias\/#website\",\"url\":\"https:\/\/www.glorialerin.com\/terapias\/\",\"name\":\"Glora Lerin\",\"description\":\"\",\"potentialAction\":[{\"@type\":\"SearchAction\",\"target\":{\"@type\":\"EntryPoint\",\"urlTemplate\":\"https:\/\/www.glorialerin.com\/terapias\/?s={search_term_string}\"},\"query-input\":{\"@type\":\"PropertyValueSpecification\",\"valueRequired\":true,\"valueName\":\"search_term_string\"}}],\"inLanguage\":\"es\"}]}<\/script>\n<!-- \/ Yoast SEO plugin. -->","yoast_head_json":{"title":"Testimonios - Glora Lerin","robots":{"index":"index","follow":"follow","max-snippet":"max-snippet:-1","max-image-preview":"max-image-preview:large","max-video-preview":"max-video-preview:-1"},"canonical":"https:\/\/www.glorialerin.com\/terapias\/testimonios\/","og_locale":"es_ES","og_type":"article","og_title":"Testimonios - Glora Lerin","og_description":"QU\u00c9 OPINAN LOS ALUMNOS \u201cTrabajar mi cuerpo con el M\u00e9todo de Liberaci\u00f3n de las corazas que da Gloria Lerin, me ha cambiado la vida. Lentamente semana a semana, sesi\u00f3n a sesi\u00f3n, mes a mes, a\u00f1o tras a\u00f1o, mi cuerpo se ha ido liberando progresivamente de las cargas y corazas. Se ha ido abriendo un camino [&hellip;]","og_url":"https:\/\/www.glorialerin.com\/terapias\/testimonios\/","og_site_name":"Glora Lerin","article_modified_time":"2018-09-28T10:12:16+00:00","twitter_card":"summary_large_image","twitter_misc":{"Tiempo de lectura":"11 minutos"},"schema":{"@context":"https:\/\/schema.org","@graph":[{"@type":"WebPage","@id":"https:\/\/www.glorialerin.com\/terapias\/testimonios\/","url":"https:\/\/www.glorialerin.com\/terapias\/testimonios\/","name":"Testimonios - Glora Lerin","isPartOf":{"@id":"https:\/\/www.glorialerin.com\/terapias\/#website"},"datePublished":"2018-09-06T08:19:08+00:00","dateModified":"2018-09-28T10:12:16+00:00","breadcrumb":{"@id":"https:\/\/www.glorialerin.com\/terapias\/testimonios\/#breadcrumb"},"inLanguage":"es","potentialAction":[{"@type":"ReadAction","target":["https:\/\/www.glorialerin.com\/terapias\/testimonios\/"]}]},{"@type":"BreadcrumbList","@id":"https:\/\/www.glorialerin.com\/terapias\/testimonios\/#breadcrumb","itemListElement":[{"@type":"ListItem","position":1,"name":"Portada","item":"https:\/\/www.glorialerin.com\/terapias\/"},{"@type":"ListItem","position":2,"name":"Testimonios"}]},{"@type":"WebSite","@id":"https:\/\/www.glorialerin.com\/terapias\/#website","url":"https:\/\/www.glorialerin.com\/terapias\/","name":"Glora Lerin","description":"","potentialAction":[{"@type":"SearchAction","target":{"@type":"EntryPoint","urlTemplate":"https:\/\/www.glorialerin.com\/terapias\/?s={search_term_string}"},"query-input":{"@type":"PropertyValueSpecification","valueRequired":true,"valueName":"search_term_string"}}],"inLanguage":"es"}]}},"_links":{"self":[{"href":"https:\/\/www.glorialerin.com\/terapias\/wp-json\/wp\/v2\/pages\/781","targetHints":{"allow":["GET"]}}],"collection":[{"href":"https:\/\/www.glorialerin.com\/terapias\/wp-json\/wp\/v2\/pages"}],"about":[{"href":"https:\/\/www.glorialerin.com\/terapias\/wp-json\/wp\/v2\/types\/page"}],"author":[{"embeddable":true,"href":"https:\/\/www.glorialerin.com\/terapias\/wp-json\/wp\/v2\/users\/1"}],"replies":[{"embeddable":true,"href":"https:\/\/www.glorialerin.com\/terapias\/wp-json\/wp\/v2\/comments?post=781"}],"version-history":[{"count":43,"href":"https:\/\/www.glorialerin.com\/terapias\/wp-json\/wp\/v2\/pages\/781\/revisions"}],"predecessor-version":[{"id":862,"href":"https:\/\/www.glorialerin.com\/terapias\/wp-json\/wp\/v2\/pages\/781\/revisions\/862"}],"wp:attachment":[{"href":"https:\/\/www.glorialerin.com\/terapias\/wp-json\/wp\/v2\/media?parent=781"}],"curies":[{"name":"wp","href":"https:\/\/api.w.org\/{rel}","templated":true}]}}