{"id":2869,"date":"2023-03-15T11:02:10","date_gmt":"2023-03-15T11:02:10","guid":{"rendered":"https:\/\/www.glorialerin.com\/terapias\/testimonios-2\/"},"modified":"2023-04-06T10:24:30","modified_gmt":"2023-04-06T10:24:30","slug":"testimonios-formacion-mlc","status":"publish","type":"page","link":"https:\/\/www.glorialerin.com\/terapias\/testimonios-formacion-mlc\/","title":{"rendered":"Testimonios Formaci\u00f3n MLC"},"content":{"rendered":"<p>[et_pb_section fb_built=\u00bb1&#8243; fullwidth=\u00bbon\u00bb _builder_version=\u00bb4.16&#8243; global_colors_info=\u00bb{}\u00bb][et_pb_fullwidth_slider _builder_version=\u00bb4.18.0&#8243; custom_padding=\u00bb|0px||0px\u00bb box_shadow_style=\u00bbpreset6&#8243; box_shadow_blur=\u00bb10px\u00bb box_shadow_color=\u00bbrgba(0,0,0,0.1)\u00bb show_inner_shadow=\u00bbon\u00bb global_colors_info=\u00bb{}\u00bb button_text_size__hover_enabled=\u00bboff\u00bb button_one_text_size__hover_enabled=\u00bboff\u00bb button_two_text_size__hover_enabled=\u00bboff\u00bb button_text_color__hover_enabled=\u00bboff\u00bb button_one_text_color__hover_enabled=\u00bboff\u00bb button_two_text_color__hover_enabled=\u00bboff\u00bb button_border_width__hover_enabled=\u00bboff\u00bb button_one_border_width__hover_enabled=\u00bboff\u00bb button_two_border_width__hover_enabled=\u00bboff\u00bb button_border_color__hover_enabled=\u00bboff\u00bb button_one_border_color__hover_enabled=\u00bboff\u00bb button_two_border_color__hover_enabled=\u00bboff\u00bb button_border_radius__hover_enabled=\u00bboff\u00bb button_one_border_radius__hover_enabled=\u00bboff\u00bb button_two_border_radius__hover_enabled=\u00bboff\u00bb button_letter_spacing__hover_enabled=\u00bboff\u00bb button_one_letter_spacing__hover_enabled=\u00bboff\u00bb button_two_letter_spacing__hover_enabled=\u00bboff\u00bb button_bg_color__hover_enabled=\u00bboff\u00bb button_one_bg_color__hover_enabled=\u00bboff\u00bb button_two_bg_color__hover_enabled=\u00bboff\u00bb][et_pb_slide heading=\u00bbTESTIMONIOS FORMACI\u00d3N MLC\u00a9\u00bb use_bg_overlay=\u00bboff\u00bb use_text_overlay=\u00bboff\u00bb _builder_version=\u00bb4.18.0&#8243; header_font=\u00bbMontserrat|700|||||||\u00bb header_font_size=\u00bb50px\u00bb body_font=\u00bbMontserrat||||||||\u00bb body_font_size=\u00bb20px\u00bb background_color=\u00bb#ffffff\u00bb use_background_color_gradient=\u00bbon\u00bb background_color_gradient_stops=\u00bb#ffffff 0%|#ffffff 100%\u00bb background_color_gradient_start=\u00bb#ffffff\u00bb background_color_gradient_end=\u00bb#ffffff\u00bb background_image=\u00bbhttp:\/\/www.glorialerin.com\/terapias\/wp-content\/uploads\/2018\/09\/testimonios-gloria-lerin-2.png\u00bb header_font_size_tablet=\u00bb50px\u00bb header_font_size_phone=\u00bb50px\u00bb body_font_size_tablet=\u00bb20px\u00bb body_font_size_phone=\u00bb20px\u00bb global_colors_info=\u00bb{}\u00bb button_text_size__hover_enabled=\u00bboff\u00bb button_one_text_size__hover_enabled=\u00bboff\u00bb button_two_text_size__hover_enabled=\u00bboff\u00bb button_text_color__hover_enabled=\u00bboff\u00bb button_one_text_color__hover_enabled=\u00bboff\u00bb button_two_text_color__hover_enabled=\u00bboff\u00bb button_border_width__hover_enabled=\u00bboff\u00bb button_one_border_width__hover_enabled=\u00bboff\u00bb button_two_border_width__hover_enabled=\u00bboff\u00bb button_border_color__hover_enabled=\u00bboff\u00bb button_one_border_color__hover_enabled=\u00bboff\u00bb button_two_border_color__hover_enabled=\u00bboff\u00bb button_border_radius__hover_enabled=\u00bboff\u00bb button_one_border_radius__hover_enabled=\u00bboff\u00bb button_two_border_radius__hover_enabled=\u00bboff\u00bb button_letter_spacing__hover_enabled=\u00bboff\u00bb button_one_letter_spacing__hover_enabled=\u00bboff\u00bb button_two_letter_spacing__hover_enabled=\u00bboff\u00bb button_bg_color__hover_enabled=\u00bboff\u00bb button_one_bg_color__hover_enabled=\u00bboff\u00bb button_two_bg_color__hover_enabled=\u00bboff\u00bb sticky_transition=\u00bbon\u00bb]<\/p>\n<p>QU\u00c9 OPINAN LOS ALUMNOS<\/p>\n<p>[\/et_pb_slide][\/et_pb_fullwidth_slider][\/et_pb_section][et_pb_section fb_built=\u00bb1&#8243; _builder_version=\u00bb4.16&#8243; global_colors_info=\u00bb{}\u00bb][et_pb_row _builder_version=\u00bb4.18.0&#8243; background_size=\u00bbinitial\u00bb background_position=\u00bbtop_left\u00bb background_repeat=\u00bbrepeat\u00bb custom_padding=\u00bb27px|0px|0px|0px|false|false\u00bb hover_enabled=\u00bb0&#8243; global_colors_info=\u00bb{}\u00bb sticky_enabled=\u00bb0&#8243;][et_pb_column type=\u00bb4_4&#8243; _builder_version=\u00bb4.16&#8243; custom_padding=\u00bb|||\u00bb global_colors_info=\u00bb{}\u00bb custom_padding__hover=\u00bb|||\u00bb][et_pb_testimonial author=\u00bbCristina F.\u00bb job_title=\u00bbFormaci\u00f3n MLC\u00a9\u00bb portrait_url=\u00bbhttps:\/\/www.glorialerin.com\/terapias\/wp-content\/uploads\/2023\/04\/cristina.png\u00bb quote_icon=\u00bboff\u00bb _builder_version=\u00bb4.18.0&#8243; background_color=\u00bb#f6eff9&#8243; global_colors_info=\u00bb{}\u00bb]\u201cEstos dos a\u00f1os han sido para m\u00ed un viaje lleno de emociones, retos y compartires; un viaje hacia el conocimiento de mi misma y hacia una reconciliaci\u00f3n con la vida y con mi experiencia personal. Ha habido momentos de toma de conciencia muy potentes, hemos transitado por nuestras necesidades, nuestras emociones y por nuestra espiritualidad, aprendiendo a conectar con nuestro inconsciente, aprendiendo a escucharnos y a escuchar a las otras personas.<br \/>\nAl finalizar este recorrido, siento que la relaci\u00f3n conmigo misma ha mejorado mucho, siento que estoy m\u00e1s arraigada a la vida, que me puedo valorar, perdonar y acompa\u00f1ar mejor, que tengo m\u00e1s recursos para salir de los momentos m\u00e1s dif\u00edciles que se van presentando. Este final en realidad es un nuevo comienzo, una ventana abierta hacia la vida y el porvenir.<br \/>\nQuiero agradecer a Gloria, a Marie-Lise y a las asistentes, Alicia, Sylvia, Tere y Anna G. por todo su soporte, su acompa\u00f1amiento y su generosidad al compartir su sabidur\u00eda profunda y al sostener mi proceso de individuaci\u00f3n.\u201d[\/et_pb_testimonial][\/et_pb_column][\/et_pb_row][et_pb_row column_structure=\u00bb1_2,1_2&#8243; _builder_version=\u00bb4.16&#8243; background_size=\u00bbinitial\u00bb background_position=\u00bbtop_left\u00bb background_repeat=\u00bbrepeat\u00bb custom_padding=\u00bb27px|0px|30px|0px\u00bb global_colors_info=\u00bb{}\u00bb][et_pb_column type=\u00bb1_2&#8243; _builder_version=\u00bb4.16&#8243; custom_padding=\u00bb|||\u00bb global_colors_info=\u00bb{}\u00bb custom_padding__hover=\u00bb|||\u00bb][et_pb_testimonial author=\u00bbCristina B.\u00bb job_title=\u00bbFormaci\u00f3n MLC\u00a9\u00bb portrait_url=\u00bbhttps:\/\/www.glorialerin.com\/terapias\/wp-content\/uploads\/2023\/03\/cristina.png\u00bb quote_icon=\u00bboff\u00bb _builder_version=\u00bb4.18.0&#8243; background_color=\u00bb#f6eff9&#8243; global_colors_info=\u00bb{}\u00bb]\u201cPara mi, la formaci\u00f3n de MLC, ha sido un regalo de por vida. Un camino que me ha hecho ver mis sombras y mis luces, me ha ayudado a reconocerme tal y como soy. Gracias a todo lo vivido ahora me quiero m\u00e1s, me respeto m\u00e1s, soy mejor persona. Siento gratitud infinita y mucho amor. Es una experiencia \u00fanica!\u201d[\/et_pb_testimonial][et_pb_testimonial author=\u00bbIsabel S.\u00bb job_title=\u00bbFormaci\u00f3n MLC\u00a9\u00bb portrait_url=\u00bbhttps:\/\/www.glorialerin.com\/terapias\/wp-content\/uploads\/2023\/03\/isabel-s.png\u00bb quote_icon=\u00bboff\u00bb _builder_version=\u00bb4.18.0&#8243; background_color=\u00bb#f6eff9&#8243; global_colors_info=\u00bb{}\u00bb]\u201cPracticar MLC me llev\u00f3 en primer lugar a una gran mejora del bienestar general: tensiones musculares, dolores de espalda, serenidad mental, etc. Pero fu\u00e9 al profundizar en los dos cursos de la formaci\u00f3n, que desde el cuerpo y a traves del cuerpo, la MLC me ha ayudado a conocerme, a hacerme responsable de mi salud y mi corporalidad, a  valorar mis luces y a entender mis sombras, a  eliminar creencias impuestas o heredadas, a tratarme con amabilidad. A vivir con plenitud el ahora y aqu\u00ed.\u201d[\/et_pb_testimonial][et_pb_testimonial author=\u00bbMarina Y.\u00bb job_title=\u00bbFormaci\u00f3n MLC\u00a9\u00bb portrait_url=\u00bbhttps:\/\/www.glorialerin.com\/terapias\/wp-content\/uploads\/2023\/03\/marina.png\u00bb quote_icon=\u00bboff\u00bb _builder_version=\u00bb4.18.0&#8243; background_color=\u00bb#f6eff9&#8243; global_colors_info=\u00bb{}\u00bb]\u201cAgradecimiento profundo a la &#8216;deformaci\u00f3n&#8217; de MLC \u00a9 y a sus formadoras que me han ayudado a transformar creencias que me limitaban en algunos campos de mi vida. Tras terminar la formaci\u00f3n  siento que en este proceso de individuaci\u00f3n, mi vida se ha vuelto m\u00e1s ligera, liberarando &#8216;corazas&#8217; que oprim\u00edan a mi Ser. Me he ido reencontrando con mi cuerpo y mis emociones. Ha sido mi punto de partida a una nueva forma de estar y ver la vida. Actualmente mis anal\u00edticas no evidencian ninguna enfermedad y puedo empezar a hacer pr\u00e1cticamente de todo, con agradecimiento y presencia.\u201d[\/et_pb_testimonial][et_pb_testimonial author=\u00bbTeresa L.\u00bb job_title=\u00bbFormaci\u00f3n MLC\u00a9\u00bb portrait_url=\u00bbhttps:\/\/www.glorialerin.com\/terapias\/wp-content\/uploads\/2023\/03\/teresa.png\u00bb quote_icon=\u00bboff\u00bb _builder_version=\u00bb4.18.0&#8243; background_color=\u00bb#f6eff9&#8243; global_colors_info=\u00bb{}\u00bb]\u201cPara mi la formaci\u00f3n del MLC\u00a9 ha sido un viaje a trav\u00e9s del cuerpo hasta el coraz\u00f3n del ser\u2026 recuperando i conectando con mi esencia\u2026\u201d[\/et_pb_testimonial][\/et_pb_column][et_pb_column type=\u00bb1_2&#8243; _builder_version=\u00bb4.16&#8243; custom_padding=\u00bb|||\u00bb global_colors_info=\u00bb{}\u00bb custom_padding__hover=\u00bb|||\u00bb][et_pb_testimonial author=\u00bbShelly A.\u00bb job_title=\u00bbFormaci\u00f3n MLC\u00a9\u00bb portrait_url=\u00bbhttps:\/\/www.glorialerin.com\/terapias\/wp-content\/uploads\/2023\/03\/shelly-a.png\u00bb quote_icon=\u00bboff\u00bb _builder_version=\u00bb4.18.0&#8243; background_color=\u00bb#f6eff9&#8243; global_colors_info=\u00bb{}\u00bb]\u201cPara m\u00ed, haber hecho la formaci\u00f3n de MLC, ha significado un despertar tanto personal como profesional de la mano de un grupo de mujeres maravillosas. En el \u00e1mbito personal, me he sentido muy acompa\u00f1ada y arropada en todo el proceso de descubrimiento de m\u00ed misma. En el profesional, he adquirido herramientas para comprender mucho mejor mi voz y mi cuerpo y poder trabajar en el aula de canto desde otra mirada.\u201d[\/et_pb_testimonial][et_pb_testimonial author=\u00bbAmaia V.\u00bb job_title=\u00bbFormaci\u00f3n MLC\u00a9\u00bb portrait_url=\u00bbhttps:\/\/www.glorialerin.com\/terapias\/wp-content\/uploads\/2023\/03\/amaia.png\u00bb quote_icon=\u00bboff\u00bb _builder_version=\u00bb4.18.0&#8243; background_color=\u00bb#f6eff9&#8243; global_colors_info=\u00bb{}\u00bb]\u201cLa formaci\u00f3n representa una de las mejores cosas que he hecho en la vida para m\u00ed. Me siento como si hubiera vuelto a nacer despertando  a lo que es la vida, me ha ayudado a conocer quien soy yo en esencia, a desarrollar mas la capacidad de sostenerme , a cultivar el amor incondicional hacia mi misma y a atreverme en general . Infinitas gracias a Gloria, Alicia, Sylvia, Teresa , Ana y por supuesto a todas mis compa\u00f1eras de viaje por crear esa magia tan especial para que sucediera.\u201d[\/et_pb_testimonial][et_pb_testimonial author=\u00bbAnna S.\u00bb job_title=\u00bbFormaci\u00f3n MLC\u00a9\u00bb portrait_url=\u00bbhttps:\/\/www.glorialerin.com\/terapias\/wp-content\/uploads\/2023\/03\/anna-s.png\u00bb quote_icon=\u00bboff\u00bb _builder_version=\u00bb4.18.0&#8243; background_color=\u00bb#f6eff9&#8243; global_colors_info=\u00bb{}\u00bb]\u201cBendigo el instante que decid\u00ed hacer la formaci\u00f3n de MLC tras sortear mil dudas. La Paz que aporta el encuentro con uno mismo no tiene precio. Lo mejor que he hecho para mi.\u201d[\/et_pb_testimonial][et_pb_testimonial author=\u00bbCira V.\u00bb job_title=\u00bbFormaci\u00f3n MLC\u00a9\u00bb quote_icon=\u00bboff\u00bb _builder_version=\u00bb4.18.0&#8243; background_color=\u00bb#f6eff9&#8243; global_colors_info=\u00bb{}\u00bb]\u201cEl curso para m\u00ed ha sido un viaje que siempre comienzas con un punto de v\u00e9rtice. Poder hacerlo me ha aportado poder ver que lo que cargaba no me defin\u00eda, que tengo muchas m\u00e1s herramientas de lo que sent\u00eda y sobre todo que puedo ser mi mejor compa\u00f1era de viaje.\u201d[\/et_pb_testimonial][\/et_pb_column][\/et_pb_row][\/et_pb_section]<\/p>\n","protected":false},"excerpt":{"rendered":"<p>QU\u00c9 OPINAN LOS ALUMNOS \u201cEstos dos a\u00f1os han sido para m\u00ed un viaje lleno de emociones, retos y compartires; un viaje hacia el conocimiento de mi misma y hacia una reconciliaci\u00f3n con la vida y con mi experiencia personal. Ha habido momentos de toma de conciencia muy potentes, hemos transitado por nuestras necesidades, nuestras emociones [&hellip;]<\/p>\n","protected":false},"author":1,"featured_media":0,"parent":0,"menu_order":0,"comment_status":"closed","ping_status":"closed","template":"","meta":{"_et_pb_use_builder":"on","_et_pb_old_content":"","_et_gb_content_width":"","footnotes":""},"class_list":["post-2869","page","type-page","status-publish","hentry"],"yoast_head":"<!-- This site is optimized with the Yoast SEO plugin v26.2 - https:\/\/yoast.com\/wordpress\/plugins\/seo\/ -->\n<title>Testimonios Formaci\u00f3n MLC - Glora Lerin<\/title>\n<meta name=\"robots\" content=\"index, follow, max-snippet:-1, max-image-preview:large, max-video-preview:-1\" \/>\n<link rel=\"canonical\" href=\"https:\/\/www.glorialerin.com\/terapias\/testimonios-formacion-mlc\/\" \/>\n<meta property=\"og:locale\" content=\"es_ES\" \/>\n<meta property=\"og:type\" content=\"article\" \/>\n<meta property=\"og:title\" content=\"Testimonios Formaci\u00f3n MLC - Glora Lerin\" \/>\n<meta property=\"og:description\" content=\"QU\u00c9 OPINAN LOS ALUMNOS \u201cEstos dos a\u00f1os han sido para m\u00ed un viaje lleno de emociones, retos y compartires; un viaje hacia el conocimiento de mi misma y hacia una reconciliaci\u00f3n con la vida y con mi experiencia personal. Ha habido momentos de toma de conciencia muy potentes, hemos transitado por nuestras necesidades, nuestras emociones [&hellip;]\" \/>\n<meta property=\"og:url\" content=\"https:\/\/www.glorialerin.com\/terapias\/testimonios-formacion-mlc\/\" \/>\n<meta property=\"og:site_name\" content=\"Glora Lerin\" \/>\n<meta property=\"article:modified_time\" content=\"2023-04-06T10:24:30+00:00\" \/>\n<meta name=\"twitter:card\" content=\"summary_large_image\" \/>\n<meta name=\"twitter:label1\" content=\"Tiempo de lectura\" \/>\n\t<meta name=\"twitter:data1\" content=\"4 minutos\" \/>\n<script type=\"application\/ld+json\" class=\"yoast-schema-graph\">{\"@context\":\"https:\/\/schema.org\",\"@graph\":[{\"@type\":\"WebPage\",\"@id\":\"https:\/\/www.glorialerin.com\/terapias\/testimonios-formacion-mlc\/\",\"url\":\"https:\/\/www.glorialerin.com\/terapias\/testimonios-formacion-mlc\/\",\"name\":\"Testimonios Formaci\u00f3n MLC - Glora Lerin\",\"isPartOf\":{\"@id\":\"https:\/\/www.glorialerin.com\/terapias\/#website\"},\"datePublished\":\"2023-03-15T11:02:10+00:00\",\"dateModified\":\"2023-04-06T10:24:30+00:00\",\"breadcrumb\":{\"@id\":\"https:\/\/www.glorialerin.com\/terapias\/testimonios-formacion-mlc\/#breadcrumb\"},\"inLanguage\":\"es\",\"potentialAction\":[{\"@type\":\"ReadAction\",\"target\":[\"https:\/\/www.glorialerin.com\/terapias\/testimonios-formacion-mlc\/\"]}]},{\"@type\":\"BreadcrumbList\",\"@id\":\"https:\/\/www.glorialerin.com\/terapias\/testimonios-formacion-mlc\/#breadcrumb\",\"itemListElement\":[{\"@type\":\"ListItem\",\"position\":1,\"name\":\"Portada\",\"item\":\"https:\/\/www.glorialerin.com\/terapias\/\"},{\"@type\":\"ListItem\",\"position\":2,\"name\":\"Testimonios Formaci\u00f3n MLC\"}]},{\"@type\":\"WebSite\",\"@id\":\"https:\/\/www.glorialerin.com\/terapias\/#website\",\"url\":\"https:\/\/www.glorialerin.com\/terapias\/\",\"name\":\"Glora Lerin\",\"description\":\"\",\"potentialAction\":[{\"@type\":\"SearchAction\",\"target\":{\"@type\":\"EntryPoint\",\"urlTemplate\":\"https:\/\/www.glorialerin.com\/terapias\/?s={search_term_string}\"},\"query-input\":{\"@type\":\"PropertyValueSpecification\",\"valueRequired\":true,\"valueName\":\"search_term_string\"}}],\"inLanguage\":\"es\"}]}<\/script>\n<!-- \/ Yoast SEO plugin. -->","yoast_head_json":{"title":"Testimonios Formaci\u00f3n MLC - Glora Lerin","robots":{"index":"index","follow":"follow","max-snippet":"max-snippet:-1","max-image-preview":"max-image-preview:large","max-video-preview":"max-video-preview:-1"},"canonical":"https:\/\/www.glorialerin.com\/terapias\/testimonios-formacion-mlc\/","og_locale":"es_ES","og_type":"article","og_title":"Testimonios Formaci\u00f3n MLC - Glora Lerin","og_description":"QU\u00c9 OPINAN LOS ALUMNOS \u201cEstos dos a\u00f1os han sido para m\u00ed un viaje lleno de emociones, retos y compartires; un viaje hacia el conocimiento de mi misma y hacia una reconciliaci\u00f3n con la vida y con mi experiencia personal. Ha habido momentos de toma de conciencia muy potentes, hemos transitado por nuestras necesidades, nuestras emociones [&hellip;]","og_url":"https:\/\/www.glorialerin.com\/terapias\/testimonios-formacion-mlc\/","og_site_name":"Glora Lerin","article_modified_time":"2023-04-06T10:24:30+00:00","twitter_card":"summary_large_image","twitter_misc":{"Tiempo de lectura":"4 minutos"},"schema":{"@context":"https:\/\/schema.org","@graph":[{"@type":"WebPage","@id":"https:\/\/www.glorialerin.com\/terapias\/testimonios-formacion-mlc\/","url":"https:\/\/www.glorialerin.com\/terapias\/testimonios-formacion-mlc\/","name":"Testimonios Formaci\u00f3n MLC - Glora Lerin","isPartOf":{"@id":"https:\/\/www.glorialerin.com\/terapias\/#website"},"datePublished":"2023-03-15T11:02:10+00:00","dateModified":"2023-04-06T10:24:30+00:00","breadcrumb":{"@id":"https:\/\/www.glorialerin.com\/terapias\/testimonios-formacion-mlc\/#breadcrumb"},"inLanguage":"es","potentialAction":[{"@type":"ReadAction","target":["https:\/\/www.glorialerin.com\/terapias\/testimonios-formacion-mlc\/"]}]},{"@type":"BreadcrumbList","@id":"https:\/\/www.glorialerin.com\/terapias\/testimonios-formacion-mlc\/#breadcrumb","itemListElement":[{"@type":"ListItem","position":1,"name":"Portada","item":"https:\/\/www.glorialerin.com\/terapias\/"},{"@type":"ListItem","position":2,"name":"Testimonios Formaci\u00f3n MLC"}]},{"@type":"WebSite","@id":"https:\/\/www.glorialerin.com\/terapias\/#website","url":"https:\/\/www.glorialerin.com\/terapias\/","name":"Glora Lerin","description":"","potentialAction":[{"@type":"SearchAction","target":{"@type":"EntryPoint","urlTemplate":"https:\/\/www.glorialerin.com\/terapias\/?s={search_term_string}"},"query-input":{"@type":"PropertyValueSpecification","valueRequired":true,"valueName":"search_term_string"}}],"inLanguage":"es"}]}},"_links":{"self":[{"href":"https:\/\/www.glorialerin.com\/terapias\/wp-json\/wp\/v2\/pages\/2869","targetHints":{"allow":["GET"]}}],"collection":[{"href":"https:\/\/www.glorialerin.com\/terapias\/wp-json\/wp\/v2\/pages"}],"about":[{"href":"https:\/\/www.glorialerin.com\/terapias\/wp-json\/wp\/v2\/types\/page"}],"author":[{"embeddable":true,"href":"https:\/\/www.glorialerin.com\/terapias\/wp-json\/wp\/v2\/users\/1"}],"replies":[{"embeddable":true,"href":"https:\/\/www.glorialerin.com\/terapias\/wp-json\/wp\/v2\/comments?post=2869"}],"version-history":[{"count":14,"href":"https:\/\/www.glorialerin.com\/terapias\/wp-json\/wp\/v2\/pages\/2869\/revisions"}],"predecessor-version":[{"id":2945,"href":"https:\/\/www.glorialerin.com\/terapias\/wp-json\/wp\/v2\/pages\/2869\/revisions\/2945"}],"wp:attachment":[{"href":"https:\/\/www.glorialerin.com\/terapias\/wp-json\/wp\/v2\/media?parent=2869"}],"curies":[{"name":"wp","href":"https:\/\/api.w.org\/{rel}","templated":true}]}}