{"id":1869,"date":"2020-02-18T09:37:02","date_gmt":"2020-02-18T09:37:02","guid":{"rendered":"https:\/\/www.glorialerin.com\/terapias\/?page_id=1869"},"modified":"2026-01-13T11:43:39","modified_gmt":"2026-01-13T10:43:39","slug":"ficha-inscripcion-mlc","status":"publish","type":"page","link":"https:\/\/www.glorialerin.com\/terapias\/ficha-inscripcion-mlc\/","title":{"rendered":"Ficha inscripci\u00f3n MLC\u00a9"},"content":{"rendered":"<p>[et_pb_section fb_built=\u00bb1&#8243; _builder_version=\u00bb4.16&#8243; global_colors_info=\u00bb{}\u00bb][et_pb_row _builder_version=\u00bb4.16&#8243; background_size=\u00bbinitial\u00bb background_position=\u00bbtop_left\u00bb background_repeat=\u00bbrepeat\u00bb custom_padding=\u00bb27px|0px|42px|0px\u00bb global_colors_info=\u00bb{}\u00bb][et_pb_column type=\u00bb4_4&#8243; _builder_version=\u00bb4.16&#8243; custom_padding=\u00bb|||\u00bb global_colors_info=\u00bb{}\u00bb custom_padding__hover=\u00bb|||\u00bb][et_pb_text _builder_version=\u00bb4.16&#8243; custom_margin=\u00bb||0px|\u00bb custom_padding=\u00bb||0px|\u00bb global_colors_info=\u00bb{}\u00bb]<\/p>\n<h1 style=\"text-align: center;\">FORMACI\u00d3N MLC\u00a9<\/h1>\n<p>[\/et_pb_text][et_pb_text _builder_version=\u00bb4.27.4&#8243; header_text_color=\u00bb#40b9bd\u00bb global_colors_info=\u00bb{}\u00bb]<\/p>\n<h1 style=\"text-align: center;\">M\u00e9todo de Liberaci\u00f3n de las Corazas\u00a9<br \/>\n\u201cEn el coraz\u00f3n de nuestro cuerpo\u201d<\/h1>\n<p>[\/et_pb_text][et_pb_text disabled_on=\u00bbon|on|on\u00bb _builder_version=\u00bb4.27.4&#8243; header_3_text_color=\u00bb#e53935&#8243; custom_margin=\u00bb||0px|\u00bb custom_padding=\u00bb||0px|\u00bb disabled=\u00bbon\u00bb global_colors_info=\u00bb{}\u00bb]<\/p>\n<h3 style=\"text-align: center;\">\u00daltimas plazas<\/h3>\n<p>[\/et_pb_text][et_pb_text _builder_version=\u00bb4.27.4&#8243; header_3_text_color=\u00bb#40b9bd\u00bb global_colors_info=\u00bb{}\u00bb]<\/p>\n<h3 style=\"text-align: center;\">Marie Lise Labont\u00e9 y Gloria Lerin<\/h3>\n<p>[\/et_pb_text][et_pb_text _builder_version=\u00bb4.27.4&#8243; custom_margin=\u00bb||0px|\u00bb custom_padding=\u00bb||0px|\u00bb global_colors_info=\u00bb{}\u00bb]<\/p>\n<h3 style=\"text-align: center;\">A escoger entre participar presencial en Barcelona u Online a trav\u00e9s de Zoom.<\/h3>\n<p>[\/et_pb_text][et_pb_text _builder_version=\u00bb4.27.4&#8243; _module_preset=\u00bbdefault\u00bb global_colors_info=\u00bb{}\u00bb][\/et_pb_text][et_pb_text disabled_on=\u00bboff|off|off\u00bb _builder_version=\u00bb4.27.4&#8243; _module_preset=\u00bbdefault\u00bb text_orientation=\u00bbcenter\u00bb global_colors_info=\u00bb{}\u00bb]<iframe loading=\"lazy\" width=\"560\" height=\"315\" src=\"https:\/\/www.youtube.com\/embed\/zsYRCn1dc-U?si=vVv87F054Mo_c5Zf\" title=\"YouTube video player\" frameborder=\"0\" allow=\"accelerometer; autoplay; clipboard-write; encrypted-media; gyroscope; picture-in-picture; web-share\" referrerpolicy=\"strict-origin-when-cross-origin\" allowfullscreen><\/iframe>[\/et_pb_text][\/et_pb_column][\/et_pb_row][et_pb_row _builder_version=\u00bb4.16&#8243; background_size=\u00bbinitial\u00bb background_position=\u00bbtop_left\u00bb background_repeat=\u00bbrepeat\u00bb global_colors_info=\u00bb{}\u00bb][et_pb_column type=\u00bb4_4&#8243; _builder_version=\u00bb4.16&#8243; custom_padding=\u00bb|||\u00bb global_colors_info=\u00bb{}\u00bb custom_padding__hover=\u00bb|||\u00bb][et_pb_text admin_label=\u00bbIntroducci\u00f3n\u00bb _builder_version=\u00bb4.18.0&#8243; header_text_color=\u00bb#40b9bd\u00bb global_colors_info=\u00bb{}\u00bb]<\/p>\n<h1>Introducci\u00f3n<\/h1>\n<p>Esta formaci\u00f3n inicia a la persona en una visi\u00f3n profunda del cuerpo, del afecto y de la psique. Se gu\u00eda al participante en la pr\u00e1ctica del M\u00e9todo de Liberaci\u00f3n de Corazas (MLC\u00a9) y se le invita a encontrarse con el coraz\u00f3n de su cuerpo. Este reencuentro con uno mismo busca una liberaci\u00f3n de las falsas identidades y de las corazas interiores que limitan el acceso a la profundidad del ser.<br \/>\nLas herramientas utilizadas son: el enfoque global del cuerpo a trav\u00e9s de los movimientos de despertar corporal del MLC\u00a9, la lectura del cuerpo, el di\u00e1logo con el inconsciente a trav\u00e9s de las sensaciones, percepciones e im\u00e1genes que emanan del cuerpo. Durante la formaci\u00f3n, los tiempos dedicados a la ense\u00f1anza, al aprendizaje y al compartir se orientar\u00e1n a la conciencia por la v\u00eda del coraz\u00f3n y del cuerpo.<\/p>\n<p>Esta formaci\u00f3n se dirige a cualquier persona que desee vivir un crecimiento personal o aprender una herramienta profesional a trav\u00e9s de este m\u00e9todo.<\/p>\n<p>La Formaci\u00f3n en M\u00e9todo de Liberaci\u00f3n de las Corazas\u00a9 es un proceso personal (1 a\u00f1o) y profesional (2 a\u00f1os).[\/et_pb_text][et_pb_text admin_label=\u00bbEtapas\u00bb _builder_version=\u00bb4.18.0&#8243; header_text_color=\u00bb#40b9bd\u00bb global_colors_info=\u00bb{}\u00bb]<\/p>\n<h1>Etapas<\/h1>\n<p>Los dos cursos de Anatom\u00eda y los diez encuentros de finales de semana se podr\u00e1 escoger entre una de las dos modalidades: Presencial en Barcelona u Online a trav\u00e9s de Zoom.<br \/>\nA esto se a\u00f1aden ense\u00f1anzas, una clase de movimientos a trav\u00e9s de videos con Marie Lise Labont\u00e9 que podr\u00e9is seguir en casa durante las dos semanas precedentes al final de semana, presencial u Online. Tambi\u00e9n hay una sesi\u00f3n a trav\u00e9s de Zoom de una hora con Gloria Lerin los viernes precedentes al final de semana, esta sesi\u00f3n se realizar\u00e1 solo Online.<br \/>\nCada periodo de dos d\u00edas comprende un tiempo de ense\u00f1anzas, de exploraci\u00f3n y de pr\u00e1ctica de movimientos de despertar corporal.[\/et_pb_text][et_pb_text admin_label=\u00bbFormaci\u00f3n impartida por\u00bb _builder_version=\u00bb4.27.4&#8243; header_text_color=\u00bb#40b9bd\u00bb global_colors_info=\u00bb{}\u00bb]<\/p>\n<h1>Formaci\u00f3n impartida por<\/h1>\n<p><b>Marie Lise Labont\u00e9.<\/b> Se gradu\u00f3 en la Universidad de Montreal, (Canad\u00e1) obteniendo un m\u00e1ster en ortofon\u00eda y audiolog\u00eda. Diagnosticada con una enfermedad llamada incurable, emprende un trabajo psicocorporal con ella misma y descubre una v\u00eda de sanaci\u00f3n. En 1980, crea una visi\u00f3n psicocorporal, \u00abEnfoque Global del Cuerpo\u00a9\u00bb. Despu\u00e9s de a\u00f1os de trabajo terap\u00e9utico con personas enfermas, desarrolla el m\u00e9todo MLC\u00a9 \u00abM\u00e9todo de Liberaci\u00f3n de las Corazas\u00a9\u00bb. Este m\u00e9todo es el resultado de varios a\u00f1os de b\u00fasqueda acerca de las corazas y de la relaci\u00f3n \u00edntima entre el cuerpo y el esp\u00edritu.<\/p>\n<p><b>Gloria Lerin.<\/b> Formadora y supervisora de la formaci\u00f3n del M\u00e9todo de Liberaci\u00f3n de las Corazas MLC\u00a9. Diplomada en Im\u00e1genes de Transformaci\u00f3n I.T.\u00a9 Formada en el Institut Gestalt de Barcelona. Miembro del \u201cSensory Awareness Leaders Guild\u201d. Diplomada en Gimnasia h\u00f3sistica de la Dra. Lily Eherenfried. Colaboradora durante 10 a\u00f1os en los cursos de Anatom\u00eda para el movimiento de Blandine Calais-Germain realizando la pr\u00e1ctica corporal. A partir de los 5 a\u00f1os empez\u00f3 a tener enfermedades del sistema inmunol\u00f3gico que le han permitido vivir un camino sanaci\u00f3n. \u201cAcompa\u00f1o a todas las personas que sientan la necesidad de ir a la aventura de explorar como convivir con ellas mismas desde la humildad, el respeto y el trato bondadoso hacia ellas. Propongo experimentar como despertar el potencial de sanaci\u00f3n innato en cada ser humano\u201d<br \/>\n[\/et_pb_text][et_pb_text admin_label=\u00bbInformaci\u00f3n Formaci\u00f3n 1r a\u00f1o MLC\u00a9 2020-2021&#8243; _builder_version=\u00bb4.27.4&#8243; header_text_color=\u00bb#40b9bd\u00bb header_2_font=\u00bb|600|||||||\u00bb header_2_text_color=\u00bb#5e5ea0&#8243; header_2_font_size=\u00bb30px\u00bb header_3_text_color=\u00bb#40b9bd\u00bb global_colors_info=\u00bb{}\u00bb]<\/p>\n<h1>Informaci\u00f3n Formaci\u00f3n 1r a\u00f1o MLC\u00a9<\/h1>\n<p>Lugar de formaci\u00f3n: L&#8217;Eix-ample. Calle Bruc 125 Bajos. 08037 Barcelona. Y por internet en vuestra casa.<\/p>\n<h3>PRERREQUISITOS<\/h3>\n<p>Para poder realizar la Formaci\u00f3n MLC\u00a9 son necesarios unos requisitos previos a fin de asegurar la buena marcha de la formaci\u00f3n. Estos prerrequisitos son:<\/p>\n<p><b>\u2022 <a href=\"\/terapias\/coraza-parental\/\">Seminario \u201cEl Cuerpo y la Coraza Parental\u201d<\/a>.<\/b> Fechas a concertar.<br \/>\n<b>\u2022 Un cuestionario<\/b> os ser\u00e1 entregado y cuando lo hay\u00e1s respondido concert\u00e1is una hora de visita con Gloria Lerin. Esto permite al alumno conocerse mejor a trav\u00e9s de una introspecci\u00f3n sincera. Ayuda al formador a conecerle mejor.<\/p>\n<p>La duraci\u00f3n de la entrevista es aproximadamente una hora y se realiza en directo o a trav\u00e9s de Zoom.<\/p>\n<p>Los detalles se acuerdan despu\u00e9s de la inscripci\u00f3n.<\/p>\n<h3>PRIMER A\u00d1O<\/h3>\n<p>El primer a\u00f1o de formaci\u00f3n comprende 198 horas de ense\u00f1anzas excluyendo los prerrequisitos y la pr\u00e1ctica personal.<br \/>\n\u2022 La formaci\u00f3n se realizar\u00e1 online a trav\u00e9s de Zoom y presencial en Barcelona con Gloria Lerin.<br \/>\n\u2022 Entre cada final de semana de MLC\u00a9 tendr\u00e9is acceso a una videoteca en internet para seguir las ense\u00f1anzas, sesiones de movimiento de MLC\u00a9 (equivalente a 5 horas) dadas por Marie Lise Labont\u00e9.<\/p>\n<p>El horario (online y presencial) es el siguiente:<br \/>\n\u2022 Viernes de 19:00 a 20:00h &#8211; Solo Online.<br \/>\n\u2022 S\u00e1bado de 12:00 a 15:00h y de 16:00 a 19:00h &#8211; Online y Presencial.<br \/>\n\u2022 Domingo de 12:00 a 15:00h y de 16:00 a 19:00h &#8211; Online y Presencial.<br \/>\n\u2022 Los dos cursos de  Anatom\u00eda que se realizan en viernes, s\u00e1bado y domingo los horarios son: de 12:00 a 15:00h y de 16:00 a 19:00h.<\/p>\n<p>Las ense\u00f1anzas a trav\u00e9s de los videos se vivir\u00e1n desde vuestra casa, a vuestro ritmo durante las dos semanas precedentes de los encuentros Presenciales u Online.<\/p>\n<p>El primer a\u00f1o es ante todo un proceso personal de sanaci\u00f3n, en el que se practica el m\u00e9todo orient\u00e1ndose hacia la evoluci\u00f3n de cada persona y la comprensi\u00f3n \u00edntima de la liberaci\u00f3n de las corazas.<\/p>\n<h3>TEMARIO DEL PRIMER A\u00d1O<\/h3>\n<p><b>El cuerpo, templo de la carne<\/b><br \/>\n\u2022 Anatom\u00eda de base. Como es un curso ya realizado se entregar\u00e1n los videos correspondientes.<br \/>\n\u2022 Visi\u00f3n anat\u00f3mica de la MLC\u00a9 1\u00aa parte<br \/>\n\u2022 Lectura del cuerpo<br \/>\n\u2022 Lectura del cuerpo en el movimiento MLC\u00a9<br \/>\n\u2022 Anatom\u00eda, fisiolog\u00eda y psicolog\u00eda del movimiento<br \/>\n\u2022 Ense\u00f1anza de movimientos MLC\u00a9, enfoque global del cuerpo a trav\u00e9s de los movimientos del despertar corporal<br \/>\n\u2022 Psicosom\u00e1tica<\/p>\n<p><b>El cuerpo, templo del afecto<\/b><br \/>\n\u2022 Lectura del cuerpo y de sus corazas<br \/>\n\u2022 La psique<br \/>\n\u2022 Las corazas y el afecto en el cuerpo<br \/>\n\u2022 Herramientas de autosanaci\u00f3n utilizadas en el MLC\u00a9<br \/>\n\u2022 Transferencia, contra-transferencia, \u00e9tica y deontolog\u00eda<br \/>\n\u2022 Pr\u00e1ctica de los sitemas de grupo<br \/>\n\u2022 Lenguaje del alma<\/p>\n<p><b>El cuerpo, templo del alma<\/b><br \/>\n\u2022 Geograf\u00eda del alma<br \/>\n\u2022 Lectura del cuerpo energ\u00e9tico<br \/>\n\u2022 El cuerpo, los centros de energ\u00eda y la Kundalini (energ\u00eda vital)<br \/>\n\u2022 Los movimientos del S\u00ed-mismo, la identidad profunda<br \/>\n\u2022 El coraz\u00f3n de nuestro cuerpo<br \/>\n\u2022 El cuerpo, la psique y el alma<br \/>\n\u2022 Lenguaje del alma[\/et_pb_text][et_pb_divider color=\u00bb#222222&#8243; _builder_version=\u00bb4.16&#8243; global_colors_info=\u00bb{}\u00bb][\/et_pb_divider][et_pb_text admin_label=\u00bbInscripci\u00f3n 1r a\u00f1o formaci\u00f3n MLC\u00a9 2020-2021&#8243; _builder_version=\u00bb4.27.4&#8243; header_text_color=\u00bb#5e5ea0&#8243; header_2_font=\u00bb|600|||||||\u00bb header_2_text_color=\u00bb#5e5ea0&#8243; header_2_font_size=\u00bb30px\u00bb header_3_text_color=\u00bb#40b9bd\u00bb hover_enabled=\u00bb0&#8243; global_colors_info=\u00bb{}\u00bb sticky_enabled=\u00bb0&#8243;]<\/p>\n<h1>\u00abNuevos precios\u00bb<\/h1>\n<p>[\/et_pb_text][et_pb_text admin_label=\u00bbInscripci\u00f3n 1r a\u00f1o formaci\u00f3n MLC\u00a9 2020-2021&#8243; _builder_version=\u00bb4.27.4&#8243; header_text_color=\u00bb#40b9bd\u00bb header_2_font=\u00bb|600|||||||\u00bb header_2_text_color=\u00bb#5e5ea0&#8243; header_2_font_size=\u00bb30px\u00bb header_3_text_color=\u00bb#40b9bd\u00bb hover_enabled=\u00bb0&#8243; global_colors_info=\u00bb{}\u00bb sticky_enabled=\u00bb0&#8243;]<\/p>\n<h1>Inscripci\u00f3n 1r a\u00f1o formaci\u00f3n MLC\u00a9<\/h1>\n<h3>IMPORTE<\/h3>\n<p>SEMINARIO DEL CUERPO Y LA CORAZA PARENTAL: 350\u20ac<br \/>\nENCUENTRO INDIVIDUAL: 80\u20ac<\/p>\n<p>Hay un inscripci\u00f3n de 500\u20ac + 292\u20ac x 12 finales de semana MLC\u00a9.<br \/>\nIngres\u00e1is la inscripci\u00f3n de 500\u20ac en esta cuenta bancaria: ES74 0030 2012 7302 9340 4273<\/p>\n<p>Os agradeceremos que nos envi\u00e9is la copia del ingreso a info@leix-ample.net<\/p>\n<p>Los pagos mensuales son de 292\u20ac se har\u00e1n por transferencia bancaria.<\/p>\n<p>Plazas limitadas.<\/p>\n<h3>FECHAS<\/h3>\n<p>Cada mes se realizar\u00e1 una sesi\u00f3n de una hora de seguimiento personal, presentaci\u00f3n del tema que vamos a explorar durante el s\u00e1bado y domingo, dudas, preguntas\u2026  Ser\u00e1 a trav\u00e9s de Zoom los viernes precedentes al encuentro del final de semana. <\/p>\n<p>Todo el primer a\u00f1o lo impartir\u00e1 Gloria Lerin.<\/p>\n<p>A escoger entre participar presencialmente u online:<br \/>\n\u2022 Anatom\u00eda de Base: Como es un curso ya realizado se entregar\u00e1n los videos correspondientes.<br \/>\n\u2022 Visi\u00f3n Anat\u00f3mica seg\u00fan MLC\u00a9: Fechas a concertar.<br \/>\n\u2022 MLC\u00a91: Fechas a concertar.<br \/>\n\u2022 MLC\u00a92: Fechas a concertar.<br \/>\n\u2022 MLC\u00a93: Fechas a concertar.<br \/>\n\u2022 MLC\u00a94: Fechas a concertar.<br \/>\n\u2022 MLC\u00a95: Fechas a concertar.<br \/>\n\u2022 MLC\u00a96: Fechas a concertar.<br \/>\n\u2022 MLC\u00a97: Fechas a concertar.<br \/>\n\u2022 MLC\u00a98: Fechas a concertar.<br \/>\n\u2022 MLC\u00a99: Fechas a concertar.<br \/>\n\u2022 MLC\u00a910: Fechas a concertar.[\/et_pb_text][et_pb_text admin_label=\u00bbFicha de inscripci\u00f3n 1r a\u00f1o\u00bb _builder_version=\u00bb4.18.0&#8243; header_text_color=\u00bb#40b9bd\u00bb global_colors_info=\u00bb{}\u00bb]<\/p>\n<h1>Ficha de inscripci\u00f3n 1r a\u00f1o<\/h1>\n<p>Rellenad vuestros datos y los envi\u00e1is junto la copia del ingreso de inscripci\u00f3n de los 500\u20ac a info@leix-ample.net<br \/>\nTambi\u00e9n una foto de tama\u00f1o carnet.[\/et_pb_text][et_pb_contact_form email=\u00bbinfo@glorialerin.com, esquerra.arnau@gmail.com\u00bb submit_button_text=\u00bbMe inscribo\u00bb module_id=\u00bbet_pb_contact_form_0&#8243; _builder_version=\u00bb4.27.4&#8243; _unique_id=\u00bbc8c064ae-d3e8-45b1-86c5-ab47923bf470&#8243; title_text_color=\u00bb#e66c1e\u00bb button_icon_color=\u00bb#40b9bd\u00bb global_colors_info=\u00bb{}\u00bb][et_pb_contact_field field_id=\u00bbNombre*\u00bb field_title=\u00bbNombre*\u00bb _builder_version=\u00bb4.16&#8243; global_colors_info=\u00bb{}\u00bb][\/et_pb_contact_field][et_pb_contact_field field_id=\u00bbApellidos*\u00bb field_title=\u00bbApellidos*\u00bb _builder_version=\u00bb4.16&#8243; global_colors_info=\u00bb{}\u00bb][\/et_pb_contact_field][et_pb_contact_field field_id=\u00bbDirecci\u00f3n*\u00bb field_title=\u00bbDirecci\u00f3n*\u00bb _builder_version=\u00bb4.16&#8243; global_colors_info=\u00bb{}\u00bb][\/et_pb_contact_field][et_pb_contact_field field_id=\u00bbCiudad*\u00bb field_title=\u00bbCiudad*\u00bb _builder_version=\u00bb4.16&#8243; global_colors_info=\u00bb{}\u00bb][\/et_pb_contact_field][et_pb_contact_field field_id=\u00bbProvincia*\u00bb field_title=\u00bbProvincia*\u00bb _builder_version=\u00bb4.16&#8243; global_colors_info=\u00bb{}\u00bb][\/et_pb_contact_field][et_pb_contact_field field_id=\u00bbC\u00f3digo_postal*\u00bb field_title=\u00bbC\u00f3digo postal*\u00bb _builder_version=\u00bb4.16&#8243; global_colors_info=\u00bb{}\u00bb][\/et_pb_contact_field][et_pb_contact_field field_id=\u00bbTel\u00e9fono*\u00bb field_title=\u00bbTel\u00e9fono*\u00bb _builder_version=\u00bb4.16&#8243; global_colors_info=\u00bb{}\u00bb][\/et_pb_contact_field][et_pb_contact_field field_id=\u00bbCorreo_electr\u00f3nico*\u00bb field_title=\u00bbCorreo electr\u00f3nico*\u00bb field_type=\u00bbemail\u00bb _builder_version=\u00bb4.16&#8243; global_colors_info=\u00bb{}\u00bb][\/et_pb_contact_field][et_pb_contact_field field_id=\u00bb_Estoy_de_acuerdo_con_las_condiciones_y_los_procedimientos_de_registro_y_el_acuerdo_de_participaci\u00f3n_\u00bb field_title=\u00bb Estoy de acuerdo con las condiciones y los procedimientos de registro y el acuerdo de participaci\u00f3n\u00bb field_type=\u00bbcheckbox\u00bb checkbox_options=\u00bb%91{%22value%22:%22Acepto y estoy de acuerdo en respetar las condiciones de participaci\u00f3n y las condiciones de registro y cancelaci\u00f3n.*%22,%22checked%22:1},{%22value%22:%22Acepto el acuerdo de participaci\u00f3n.*%22,%22checked%22:1}%93&#8243; _builder_version=\u00bb4.16&#8243; global_colors_info=\u00bb{}\u00bb][\/et_pb_contact_field][\/et_pb_contact_form][et_pb_divider color=\u00bb#222222&#8243; _builder_version=\u00bb4.16&#8243; global_colors_info=\u00bb{}\u00bb][\/et_pb_divider][et_pb_text admin_label=\u00bbFormaci\u00f3n 2\u00ba a\u00f1o MLC\u00a9 2021-2022&#8243; _builder_version=\u00bb4.18.0&#8243; header_text_color=\u00bb#40b9bd\u00bb header_3_text_color=\u00bb#40b9bd\u00bb global_colors_info=\u00bb{}\u00bb]<\/p>\n<h1>Formaci\u00f3n 2\u00ba a\u00f1o MLC\u00a9<\/h1>\n<p><b>El segundo a\u00f1o (opcional)<\/b> ofrece una continuaci\u00f3n del proceso <b>personal<\/b> y una iniciaci\u00f3n en la <b>aplicaci\u00f3n profesional<\/b> del m\u00e9todo MLC\u00a9 para las personas que as\u00ed lo deseen.<\/p>\n<p>El segundo a\u00f1o de formaci\u00f3n comprende 282 horas, incluyendo las ense\u00f1anzas (149h) y la pr\u00e1ctica personal (133h). La formaci\u00f3n se realiza en 9 periodos de 2 a 5 d\u00edas. Paralelamente, el alumno experimenta un trabajo personal de integraci\u00f3n y \u00e9l mismo imparte sus propias clases de MLC\u00a9 bajo supervisi\u00f3n. El alumno, una vez haya completado su 2\u00ba a\u00f1o, y despu\u00e9s de un examen, obtiene el t\u00edtulo de \u201cPracticante Diplomado MLC\u00a9.<\/p>\n<h3>TEMARIO DEL SEGUNDO A\u00d1O<\/h3>\n<p>Ser\u00e1 impartido por Marie Lise Labont\u00e9, Lisanne Bujold y Gloria Lerin<\/p>\n<p>\u2022 Processus somato-ps\u00edquico en MLC\u00a9. 1. G.L<br \/>\n\u2022 An\u00e1lisis del dibujo del cuerpo. G.L<br \/>\n\u2022 Psicopatolog\u00edas. L.B<br \/>\n\u2022 An\u00e1lisis de los sue\u00f1os del cuerpo. G.L<br \/>\n\u2022 Psicosom\u00e1tica. G.L<br \/>\n\u2022 Psicolog\u00eda de grupo en la relaci\u00f3n de ayuda. G.L<br \/>\n\u2022 Processus somato-ps\u00edquico en MLC\u00a9.2. G.L<br \/>\n\u2022 Visi\u00f3n anat\u00f3mica avanzada de la MLC\u00a9. ML.L<br \/>\n\u2022 Seminario residencial de 5 d\u00edas. Fin de la Formaci\u00f3n. G.L<\/p>\n<h3>HORARIOS<\/h3>\n<p>\u2022 Viernes de 19:00 a 20:00h<br \/>\n\u2022 S\u00e1bado de 12:00 a 15:00h y de 16:00 a 19:00h<br \/>\n\u2022 Domingo de 12:00 a 15:00h y de 16:00 a 19:00h[\/et_pb_text][et_pb_divider color=\u00bb#222222&#8243; _builder_version=\u00bb4.16&#8243; global_colors_info=\u00bb{}\u00bb][\/et_pb_divider][\/et_pb_column][\/et_pb_row][et_pb_row _builder_version=\u00bb4.18.0&#8243; _module_preset=\u00bbdefault\u00bb custom_padding=\u00bb5px||0px||false|false\u00bb global_colors_info=\u00bb{}\u00bb][et_pb_column type=\u00bb4_4&#8243; _builder_version=\u00bb4.18.0&#8243; _module_preset=\u00bbdefault\u00bb global_colors_info=\u00bb{}\u00bb][et_pb_text admin_label=\u00bbFormaci\u00f3n 2\u00ba a\u00f1o MLC\u00a9 2021-2022&#8243; _builder_version=\u00bb4.18.0&#8243; header_text_color=\u00bb#40b9bd\u00bb header_3_text_color=\u00bb#40b9bd\u00bb global_colors_info=\u00bb{}\u00bb]<\/p>\n<h1>Testimonios<\/h1>\n<p>[\/et_pb_text][\/et_pb_column][\/et_pb_row][et_pb_row _builder_version=\u00bb4.18.0&#8243; background_size=\u00bbinitial\u00bb background_position=\u00bbtop_left\u00bb background_repeat=\u00bbrepeat\u00bb custom_padding=\u00bb15px|0px|30px|0px|false|false\u00bb global_colors_info=\u00bb{}\u00bb][et_pb_column type=\u00bb4_4&#8243; _builder_version=\u00bb4.16&#8243; custom_padding=\u00bb|||\u00bb global_colors_info=\u00bb{}\u00bb custom_padding__hover=\u00bb|||\u00bb][et_pb_testimonial author=\u00bbSandra M.\u00bb job_title=\u00bbFormaci\u00f3n MLC\u00a9\u00bb portrait_url=\u00bbhttps:\/\/www.glorialerin.com\/terapias\/wp-content\/uploads\/2023\/03\/sandra.png\u00bb quote_icon=\u00bboff\u00bb _builder_version=\u00bb4.18.0&#8243; background_color=\u00bb#f6eff9&#8243; global_colors_info=\u00bb{}\u00bb]\u201cLa MLC ha significado un reencuentro con mi verdad, con mi verdadero ser, aumentando mi conciencia y mi sensibilidad en todos los niveles de mi vida. La cari\u00f1osa gu\u00eda y acompa\u00f1amiento de Gloria Ler\u00edn y su equipo, han facilitado que reconectase con el coraje necesario para poderme dejar ir, abrir el coraz\u00f3n y, finalmente, sentir que mi paso es firme y que mi coraz\u00f3n es quien lo gu\u00eda. Me siento infinitamente agradecida de haber vivido esta experiencia, de este renacer y de formar parte de un grupo maravilloso de mujeres despiertas.\u201d[\/et_pb_testimonial][\/et_pb_column][\/et_pb_row][et_pb_row column_structure=\u00bb1_2,1_2&#8243; _builder_version=\u00bb4.18.0&#8243; background_size=\u00bbinitial\u00bb background_position=\u00bbtop_left\u00bb background_repeat=\u00bbrepeat\u00bb custom_padding=\u00bb0px|0px|30px|0px|false|false\u00bb global_colors_info=\u00bb{}\u00bb][et_pb_column type=\u00bb1_2&#8243; _builder_version=\u00bb4.16&#8243; custom_padding=\u00bb|||\u00bb global_colors_info=\u00bb{}\u00bb custom_padding__hover=\u00bb|||\u00bb][et_pb_testimonial author=\u00bbMamen\u00bb job_title=\u00bbFormaci\u00f3n MLC\u00a9\u00bb portrait_url=\u00bbhttps:\/\/www.glorialerin.com\/terapias\/wp-content\/uploads\/2023\/03\/mamen.png\u00bb quote_icon=\u00bboff\u00bb _builder_version=\u00bb4.18.0&#8243; background_color=\u00bb#f6eff9&#8243; global_colors_info=\u00bb{}\u00bb]\u00bbLa formaci\u00f3n ha sido un regalo maravilloso, he conectado con mi cuerpo y he aprendido a escucharlo, he conectado con mi alma y he dejado que me guiase, he conectado con la vida y me he enraizado en ella y lo m\u00e1s importante he aprendido a amarme, a valorarme, a cuidarme, a apoyarme incondicionalmente y a reconocer la luz que hay en m\u00ed.\u00bb[\/et_pb_testimonial][et_pb_testimonial author=\u00bb\u00c0ngels C.\u00bb job_title=\u00bbFormaci\u00f3n MLC\u00a9\u00bb portrait_url=\u00bbhttps:\/\/www.glorialerin.com\/terapias\/wp-content\/uploads\/2023\/03\/angels.png\u00bb quote_icon=\u00bboff\u00bb _builder_version=\u00bb4.18.0&#8243; background_color=\u00bb#f6eff9&#8243; global_colors_info=\u00bb{}\u00bb]\u201cPara m\u00ed, la Formaci\u00f3n del MLC ha significado un importante paso adelante en mi crecimiento personal. He descubierto que soy capaz de amarme, de valorarme y de disfrutar de m\u00ed misma y de la vida en todo momento de forma serena.\u201d[\/et_pb_testimonial][\/et_pb_column][et_pb_column type=\u00bb1_2&#8243; _builder_version=\u00bb4.16&#8243; custom_padding=\u00bb|||\u00bb global_colors_info=\u00bb{}\u00bb custom_padding__hover=\u00bb|||\u00bb][et_pb_testimonial author=\u00bbSusi J.\u00bb job_title=\u00bbFormaci\u00f3n MLC\u00a9\u00bb portrait_url=\u00bbhttps:\/\/www.glorialerin.com\/terapias\/wp-content\/uploads\/2023\/03\/susi.png\u00bb quote_icon=\u00bboff\u00bb _builder_version=\u00bb4.18.0&#8243; background_color=\u00bb#f6eff9&#8243; global_colors_info=\u00bb{}\u00bb]\u201cLa MLC me a ayudado a encontrarme,a desvincularme de las creencias adquiridas en la infancia para ser una persona libre de condicionamientos externos y poder abrazar los conflictos internos mios. Hacer la formacion me da la oportunidad de decidir dar clases de MLC y asi acompa\u00f1ar a otras personas en un camino de individualizacion igual que Gloria y las asistentes me han acompa\u00f1ado con amor en mi proceso.\u201d[\/et_pb_testimonial][et_pb_testimonial author=\u00bbPepi M.\u00bb job_title=\u00bbFormaci\u00f3n MLC\u00a9\u00bb portrait_url=\u00bbhttps:\/\/www.glorialerin.com\/terapias\/wp-content\/uploads\/2023\/03\/pepi.png\u00bb quote_icon=\u00bboff\u00bb _builder_version=\u00bb4.18.0&#8243; background_color=\u00bb#f6eff9&#8243; global_colors_info=\u00bb{}\u00bb]\u201cLa Formaci\u00f3n de MLC ha sido un viaje precioso que me ha ayudado a abrir y a destensar mi cuerpo, pero sobre todo me ha ayudado a abrir mi coraz\u00f3n y a ordenar mi mente. Y adem\u00e1s he hecho un mont\u00f3n de amigas!! Muchas gracias Gloria!!\u201d[\/et_pb_testimonial][\/et_pb_column][\/et_pb_row][et_pb_row _builder_version=\u00bb4.18.0&#8243; background_size=\u00bbinitial\u00bb background_position=\u00bbtop_left\u00bb background_repeat=\u00bbrepeat\u00bb custom_padding=\u00bb0px|0px|30px|0px|false|false\u00bb global_colors_info=\u00bb{}\u00bb][et_pb_column type=\u00bb4_4&#8243; _builder_version=\u00bb4.16&#8243; custom_padding=\u00bb|||\u00bb global_colors_info=\u00bb{}\u00bb custom_padding__hover=\u00bb|||\u00bb][et_pb_testimonial author=\u00bbCarola S.\u00bb job_title=\u00bbFormaci\u00f3n MLC\u00a9\u00bb portrait_url=\u00bbhttps:\/\/www.glorialerin.com\/terapias\/wp-content\/uploads\/2023\/03\/carola.png\u00bb quote_icon=\u00bboff\u00bb _builder_version=\u00bb4.18.0&#8243; background_color=\u00bb#f6eff9&#8243; global_colors_info=\u00bb{}\u00bb]\u201cLos dos a\u00f1os de formaci\u00f3n de MLC con sus maravillosas herramientas, me invitaron a profundizar en mi dialogo y escucha a trav\u00e9s del cuerpo.<\/p>\n<p>Gloria me ha acompa\u00f1ado respetuosamente en mi proceso personal, que ha sido intenso, revelador y divertido a la vez.<\/p>\n<p>Nos hemos sostenido en grupo con empat\u00eda y con la colaboraci\u00f3n de unas expertas acompa\u00f1antes.<\/p>\n<p>Al acabar, casi como un regalo!!! He sentido como \u00abesa anhelada transformaci\u00f3n\u00bb que tantos m\u00e9todos psicocorporales prometen (hab\u00eda probado varios durante 20 a\u00f1os ) se manifestaba en mis acciones, en mis relaciones, en&#8230;<\/p>\n<p>Me siento agradecida, en plenitud, y con una mirada m\u00e1s benevolente hacia mi misma.\u201d[\/et_pb_testimonial][\/et_pb_column][\/et_pb_row][et_pb_row _builder_version=\u00bb4.18.0&#8243; _module_preset=\u00bbdefault\u00bb custom_padding=\u00bb0px||||false|false\u00bb global_colors_info=\u00bb{}\u00bb][et_pb_column type=\u00bb4_4&#8243; _builder_version=\u00bb4.18.0&#8243; _module_preset=\u00bbdefault\u00bb global_colors_info=\u00bb{}\u00bb][et_pb_button button_url=\u00bbhttps:\/\/www.glorialerin.com\/terapias\/testimonios-formacion-mlc\/\u00bb button_text=\u00bbVer m\u00e1s testimonios\u00bb button_alignment=\u00bbcenter\u00bb _builder_version=\u00bb4.18.0&#8243; _module_preset=\u00bbdefault\u00bb global_colors_info=\u00bb{}\u00bb][\/et_pb_button][\/et_pb_column][\/et_pb_row][et_pb_row _builder_version=\u00bb4.18.0&#8243; _module_preset=\u00bbdefault\u00bb global_colors_info=\u00bb{}\u00bb][et_pb_column type=\u00bb4_4&#8243; _builder_version=\u00bb4.18.0&#8243; _module_preset=\u00bbdefault\u00bb global_colors_info=\u00bb{}\u00bb][et_pb_divider color=\u00bb#222222&#8243; _builder_version=\u00bb4.16&#8243; global_colors_info=\u00bb{}\u00bb][\/et_pb_divider][et_pb_text admin_label=\u00bbCondiciones de registro y la cancelaci\u00f3n\u00bb _builder_version=\u00bb4.18.0&#8243; header_text_color=\u00bb#40b9bd\u00bb header_3_text_color=\u00bb#40b9bd\u00bb global_colors_info=\u00bb{}\u00bb]<\/p>\n<h1>Condiciones de registro y la cancelaci\u00f3n<\/h1>\n<p>\u2022 <b>No podr\u00e9is faltar mas de 2 fines de semana. El alumno que sigue la formaci\u00f3n se compromete a pagar la totalidad de las sesiones en caso de ausencia.<\/b><\/p>\n<p><b>Lugar de la formaci\u00f3n:<\/b> L\u2019Eix-Ample. C\/Bruc, 125 Bajos 08037 Barcelona u Online en vuestras casas.<\/p>\n<h3>PARA VUESTRA INSCRIPCI\u00d3N<\/h3>\n<p>Rellenad vuestra ficha de inscripci\u00f3n a trav\u00e9s de esta p\u00e1gina, envi\u00e1ndolo a info@leix-ample.net junto con una copia del ingreso de 700\u20ac<\/p>\n<p><b>Condiciones de anulaci\u00f3n:<\/b><\/p>\n<p>Nota Bene:<br \/>\n\u2022 El productor no garantiza que esta formaci\u00f3n sea legal en todos los pa\u00edses ni que pueda asegurar ingresos profesionales.<br \/>\n\u2022 La formaci\u00f3n MLC\u00a9 est\u00e1 sujeta a cambios. Los formadores se reservan el derecho de prolongar la formaci\u00f3n de 3 a 6 d\u00edas.<br \/>\n\u2022 Los formadores se reservan el derecho de pedir a un participante que se retire de la formaci\u00f3n si este ultimo no parece capaz de seguir la evoluci\u00f3n del grupo y de las ense\u00f1anzas. En este caso, las sesiones ya realizadas no ser\u00e1n reembolsadas.<br \/>\n\u2022 <b>El alumno que sigue la formaci\u00f3n se compromete a pagar la totalidad de las sesiones en caso de ausencia.<\/b><br \/>\n\u2022 Las anulaciones en el transcurso de la formaci\u00f3n deben presentarse por escrito al organizador, tan pronto como sea posible, y el cuaderno de formaci\u00f3n debe ser restituido. En el momento de la anulaci\u00f3n las sesiones ya realizadas y el pago a cuenta\/deposito no ser\u00e1n reembolsados.<br \/>\n\u2022 Los precios del segundo a\u00f1o son indicativos y sujetos a modificaciones.<br \/>\n\u2022 El alumno que haya completado su segundo a\u00f1o obtiene despu\u00e9s de un examen, seg\u00fan evaluaci\u00f3n, el titulo de \u00ab practicante diplomado en MLC\u00a9<br \/>\n\u2022 Solo el alumno graduado en MLC\u00a9 est\u00e1 facultado para utilizar el m\u00e9todo como \u00ab herramienta profesional\u00bb.<br \/>\n\u2022 La pr\u00e1ctica del m\u00e9todo MLC\u00a9 se hace exclusivamente bajo su propio nombre (MLC\u00a9), (v\u00e9ase el acuerdo de participaci\u00f3n y el c\u00f3digo deontol\u00f3gico).[\/et_pb_text][et_pb_text _builder_version=\u00bb4.16&#8243; header_text_color=\u00bb#40b9bd\u00bb header_3_text_color=\u00bb#40b9bd\u00bb global_colors_info=\u00bb{}\u00bb]<\/p>\n<h1>Acuerdo de participaci\u00f3n<\/h1>\n<h3>PARTICIPANTE<\/h3>\n<p>Declaro participar por mi propia voluntad y bajo mi propia responsabilidad, a la formaci\u00f3n MLC\u00a9<\/p>\n<p>En concordancia con el esp\u00edritu de armon\u00eda y de autonom\u00eda que inspira el equipo de Marie Lise Labont\u00e9 y con el fin de facilitar la buena marcha de la formaci\u00f3n para cada uno de los participantes, me comprometo a seguir las l\u00edneas directrices y las consignas propuestas por los organizadores y los animadores a lo largo de la formaci\u00f3n. Me comprometo a participar lo m\u00e1s a menudo posible en las animaciones propuestas respetando asimismo mis propios l\u00edmites.<\/p>\n<p>Libero a los productores, los organizadores y los otros participantes de la responsabilidad de los da\u00f1os a la persona y a los bienes que podr\u00edan resultar directa o indirectamente de mi participaci\u00f3n en las animaciones y ejercicios propuestos durante la formaci\u00f3n.<\/p>\n<p>Declaro con plena sinceridad estar en un estado de buena salud mental y de autonom\u00eda f\u00edsica que me permite seguir la formaci\u00f3n y me comprometo a informar, igualmente con plena sinceridad, a los organizadores y animadores, de toda dificultad que podr\u00eda comprometer mi salud, la de los dem\u00e1s, o el buen funcionamiento de la formaci\u00f3n que surja durante el curso. En caso de h\u00e1ndicap f\u00edsico, me comprometo a informarme si los lugares de la formaci\u00f3n me pueden acoger, sino me comprometo a venir acompa\u00f1ado de alguien para ayudarme en mis desplazamientos por el lugar.<\/p>\n<p>Declaro no participar en los talleres con fines m\u00e9dicos y ser consciente que los animadores no son ni m\u00e9dicos ni facultativos de la salud f\u00edsica.<\/p>\n<p>Declaro que toda informaci\u00f3n relativa a la identidad, la vida privada y la conducta de todas las personas presentes en las sesiones es estrictamente confidencial y me comprometo a no divulgar ninguna informaci\u00f3n de esta naturaleza, ni durante, ni despu\u00e9s de mi participaci\u00f3n en los talleres.<\/p>\n<p>Si por mi parte ocurriese alguna de las faltas importantes a los elementos arriba mencionados, reconozco que los animadores pueden poner fin a mi participaci\u00f3n en el transcurso de esta formaci\u00f3n.<\/p>\n<p>Declaro haber le\u00eddo y aprobado las modalidades de inscripci\u00f3n a la formaci\u00f3n (ver ficha de inscripci\u00f3n)<\/p>\n<p>Certifico que no utilizar\u00e9 el m\u00e9todo MLC\u00a9 como \u00abherramienta profesional\u00bb sin haber obtenido el diploma de \u201cpracticante MLC\u00a9 \u201c y firmado el c\u00f3digo de deontolog\u00eda. Certifico que no utilizare el m\u00e9todo MLC\u00a9 bajo otro nombre ni tampoco asociarlo a un m\u00e9todo que no respetar\u00eda el c\u00f3digo deontol\u00f3gico.<\/p>\n<p>En mi practica tanto como alumno y\/o interveniente diplomado MLC\u00a9, libero a los organizadores, fundadores del m\u00e9todo, los animadores, de cualquier responsabilidad, de los da\u00f1os a la persona y a los bienes que podr\u00edan resultar directamente o indirectamente de mis intervenciones como faltas al c\u00f3digo deontol\u00f3gico as\u00ed como el no respeto de las legislaciones vigentes en los pa\u00edses de residencia.<\/p>\n<h3>EQUIPO<\/h3>\n<p>Por su lado, el equipo de los interventores de Marie Lise Labont\u00e9 se compromete a hacer de manera que la formaci\u00f3n responda a las l\u00edneas directrices propuestas en los documentos publicitarios. Este equipo declara, con plena sinceridad, estar en un buen estado de salud mental y f\u00edsica que le permite impartir esta formaci\u00f3n en buenas condiciones.<\/p>\n<p>Este equipo declara que toda informaci\u00f3n en relaci\u00f3n a la identidad, la vida privada y la conducta de todas las personas presentes en los talleres es estrictamente confidencial. Se compromete a no divulgar ninguna informaci\u00f3n de esta naturaleza, ni durante, ni despu\u00e9s de la formaci\u00f3n en cuesti\u00f3n.<\/p>\n<p>Este equipo se compromete a despedir a todo participante que se dedicase a cualquier forma de abuso o de falta de respeto frente a otros participantes.<br \/>\n[\/et_pb_text][\/et_pb_column][\/et_pb_row][\/et_pb_section]<\/p>\n","protected":false},"excerpt":{"rendered":"<p>FORMACI\u00d3N MLC\u00a9 M\u00e9todo de Liberaci\u00f3n de las Corazas\u00a9 \u201cEn el coraz\u00f3n de nuestro cuerpo\u201d \u00daltimas plazasMarie Lise Labont\u00e9 y Gloria Lerin A escoger entre participar presencial en Barcelona u Online a trav\u00e9s de Zoom. Introducci\u00f3n Esta formaci\u00f3n inicia a la persona en una visi\u00f3n profunda del cuerpo, del afecto y de la psique. Se gu\u00eda [&hellip;]<\/p>\n","protected":false},"author":1,"featured_media":0,"parent":0,"menu_order":0,"comment_status":"closed","ping_status":"closed","template":"","meta":{"_et_pb_use_builder":"on","_et_pb_old_content":"","_et_gb_content_width":"","footnotes":""},"class_list":["post-1869","page","type-page","status-publish","hentry"],"yoast_head":"<!-- This site is optimized with the Yoast SEO plugin v26.2 - https:\/\/yoast.com\/wordpress\/plugins\/seo\/ -->\n<title>Ficha inscripci\u00f3n MLC\u00a9 - Glora Lerin<\/title>\n<meta name=\"robots\" content=\"index, follow, max-snippet:-1, max-image-preview:large, max-video-preview:-1\" \/>\n<link rel=\"canonical\" href=\"https:\/\/www.glorialerin.com\/terapias\/ficha-inscripcion-mlc\/\" \/>\n<meta property=\"og:locale\" content=\"es_ES\" \/>\n<meta property=\"og:type\" content=\"article\" \/>\n<meta property=\"og:title\" content=\"Ficha inscripci\u00f3n MLC\u00a9 - Glora Lerin\" \/>\n<meta property=\"og:description\" content=\"FORMACI\u00d3N MLC\u00a9 M\u00e9todo de Liberaci\u00f3n de las Corazas\u00a9 \u201cEn el coraz\u00f3n de nuestro cuerpo\u201d \u00daltimas plazasMarie Lise Labont\u00e9 y Gloria Lerin A escoger entre participar presencial en Barcelona u Online a trav\u00e9s de Zoom. Introducci\u00f3n Esta formaci\u00f3n inicia a la persona en una visi\u00f3n profunda del cuerpo, del afecto y de la psique. Se gu\u00eda [&hellip;]\" \/>\n<meta property=\"og:url\" content=\"https:\/\/www.glorialerin.com\/terapias\/ficha-inscripcion-mlc\/\" \/>\n<meta property=\"og:site_name\" content=\"Glora Lerin\" \/>\n<meta property=\"article:modified_time\" content=\"2026-01-13T10:43:39+00:00\" \/>\n<meta name=\"twitter:card\" content=\"summary_large_image\" \/>\n<meta name=\"twitter:label1\" content=\"Tiempo de lectura\" \/>\n\t<meta name=\"twitter:data1\" content=\"14 minutos\" \/>\n<script type=\"application\/ld+json\" class=\"yoast-schema-graph\">{\"@context\":\"https:\/\/schema.org\",\"@graph\":[{\"@type\":\"WebPage\",\"@id\":\"https:\/\/www.glorialerin.com\/terapias\/ficha-inscripcion-mlc\/\",\"url\":\"https:\/\/www.glorialerin.com\/terapias\/ficha-inscripcion-mlc\/\",\"name\":\"Ficha inscripci\u00f3n MLC\u00a9 - Glora Lerin\",\"isPartOf\":{\"@id\":\"https:\/\/www.glorialerin.com\/terapias\/#website\"},\"datePublished\":\"2020-02-18T09:37:02+00:00\",\"dateModified\":\"2026-01-13T10:43:39+00:00\",\"breadcrumb\":{\"@id\":\"https:\/\/www.glorialerin.com\/terapias\/ficha-inscripcion-mlc\/#breadcrumb\"},\"inLanguage\":\"es\",\"potentialAction\":[{\"@type\":\"ReadAction\",\"target\":[\"https:\/\/www.glorialerin.com\/terapias\/ficha-inscripcion-mlc\/\"]}]},{\"@type\":\"BreadcrumbList\",\"@id\":\"https:\/\/www.glorialerin.com\/terapias\/ficha-inscripcion-mlc\/#breadcrumb\",\"itemListElement\":[{\"@type\":\"ListItem\",\"position\":1,\"name\":\"Portada\",\"item\":\"https:\/\/www.glorialerin.com\/terapias\/\"},{\"@type\":\"ListItem\",\"position\":2,\"name\":\"Ficha inscripci\u00f3n MLC\u00a9\"}]},{\"@type\":\"WebSite\",\"@id\":\"https:\/\/www.glorialerin.com\/terapias\/#website\",\"url\":\"https:\/\/www.glorialerin.com\/terapias\/\",\"name\":\"Glora Lerin\",\"description\":\"\",\"potentialAction\":[{\"@type\":\"SearchAction\",\"target\":{\"@type\":\"EntryPoint\",\"urlTemplate\":\"https:\/\/www.glorialerin.com\/terapias\/?s={search_term_string}\"},\"query-input\":{\"@type\":\"PropertyValueSpecification\",\"valueRequired\":true,\"valueName\":\"search_term_string\"}}],\"inLanguage\":\"es\"}]}<\/script>\n<!-- \/ Yoast SEO plugin. -->","yoast_head_json":{"title":"Ficha inscripci\u00f3n MLC\u00a9 - Glora Lerin","robots":{"index":"index","follow":"follow","max-snippet":"max-snippet:-1","max-image-preview":"max-image-preview:large","max-video-preview":"max-video-preview:-1"},"canonical":"https:\/\/www.glorialerin.com\/terapias\/ficha-inscripcion-mlc\/","og_locale":"es_ES","og_type":"article","og_title":"Ficha inscripci\u00f3n MLC\u00a9 - Glora Lerin","og_description":"FORMACI\u00d3N MLC\u00a9 M\u00e9todo de Liberaci\u00f3n de las Corazas\u00a9 \u201cEn el coraz\u00f3n de nuestro cuerpo\u201d \u00daltimas plazasMarie Lise Labont\u00e9 y Gloria Lerin A escoger entre participar presencial en Barcelona u Online a trav\u00e9s de Zoom. Introducci\u00f3n Esta formaci\u00f3n inicia a la persona en una visi\u00f3n profunda del cuerpo, del afecto y de la psique. Se gu\u00eda [&hellip;]","og_url":"https:\/\/www.glorialerin.com\/terapias\/ficha-inscripcion-mlc\/","og_site_name":"Glora Lerin","article_modified_time":"2026-01-13T10:43:39+00:00","twitter_card":"summary_large_image","twitter_misc":{"Tiempo de lectura":"14 minutos"},"schema":{"@context":"https:\/\/schema.org","@graph":[{"@type":"WebPage","@id":"https:\/\/www.glorialerin.com\/terapias\/ficha-inscripcion-mlc\/","url":"https:\/\/www.glorialerin.com\/terapias\/ficha-inscripcion-mlc\/","name":"Ficha inscripci\u00f3n MLC\u00a9 - Glora Lerin","isPartOf":{"@id":"https:\/\/www.glorialerin.com\/terapias\/#website"},"datePublished":"2020-02-18T09:37:02+00:00","dateModified":"2026-01-13T10:43:39+00:00","breadcrumb":{"@id":"https:\/\/www.glorialerin.com\/terapias\/ficha-inscripcion-mlc\/#breadcrumb"},"inLanguage":"es","potentialAction":[{"@type":"ReadAction","target":["https:\/\/www.glorialerin.com\/terapias\/ficha-inscripcion-mlc\/"]}]},{"@type":"BreadcrumbList","@id":"https:\/\/www.glorialerin.com\/terapias\/ficha-inscripcion-mlc\/#breadcrumb","itemListElement":[{"@type":"ListItem","position":1,"name":"Portada","item":"https:\/\/www.glorialerin.com\/terapias\/"},{"@type":"ListItem","position":2,"name":"Ficha inscripci\u00f3n MLC\u00a9"}]},{"@type":"WebSite","@id":"https:\/\/www.glorialerin.com\/terapias\/#website","url":"https:\/\/www.glorialerin.com\/terapias\/","name":"Glora Lerin","description":"","potentialAction":[{"@type":"SearchAction","target":{"@type":"EntryPoint","urlTemplate":"https:\/\/www.glorialerin.com\/terapias\/?s={search_term_string}"},"query-input":{"@type":"PropertyValueSpecification","valueRequired":true,"valueName":"search_term_string"}}],"inLanguage":"es"}]}},"_links":{"self":[{"href":"https:\/\/www.glorialerin.com\/terapias\/wp-json\/wp\/v2\/pages\/1869","targetHints":{"allow":["GET"]}}],"collection":[{"href":"https:\/\/www.glorialerin.com\/terapias\/wp-json\/wp\/v2\/pages"}],"about":[{"href":"https:\/\/www.glorialerin.com\/terapias\/wp-json\/wp\/v2\/types\/page"}],"author":[{"embeddable":true,"href":"https:\/\/www.glorialerin.com\/terapias\/wp-json\/wp\/v2\/users\/1"}],"replies":[{"embeddable":true,"href":"https:\/\/www.glorialerin.com\/terapias\/wp-json\/wp\/v2\/comments?post=1869"}],"version-history":[{"count":217,"href":"https:\/\/www.glorialerin.com\/terapias\/wp-json\/wp\/v2\/pages\/1869\/revisions"}],"predecessor-version":[{"id":3848,"href":"https:\/\/www.glorialerin.com\/terapias\/wp-json\/wp\/v2\/pages\/1869\/revisions\/3848"}],"wp:attachment":[{"href":"https:\/\/www.glorialerin.com\/terapias\/wp-json\/wp\/v2\/media?parent=1869"}],"curies":[{"name":"wp","href":"https:\/\/api.w.org\/{rel}","templated":true}]}}