{"id":1834,"date":"2019-12-28T13:24:47","date_gmt":"2019-12-28T13:24:47","guid":{"rendered":"https:\/\/www.glorialerin.com\/terapias\/como-transformar-las-creencias-limitativas-que-hemos-recibido-sobre-el-amor-2\/"},"modified":"2020-09-22T10:19:09","modified_gmt":"2020-09-22T10:19:09","slug":"respetar-el-ritmo-natural-de-nuestra-respiracion","status":"publish","type":"page","link":"https:\/\/www.glorialerin.com\/terapias\/respetar-el-ritmo-natural-de-nuestra-respiracion\/","title":{"rendered":"Respetar el ritmo natural de nuestra respiraci\u00f3n"},"content":{"rendered":"<p>[et_pb_section bb_built=\u00bb1&#8243; fullwidth=\u00bbon\u00bb _builder_version=\u00bb3.17.2&#8243; next_background_color=\u00bb#000000&#8243;][et_pb_fullwidth_slider _builder_version=\u00bb3.17.2&#8243; custom_padding=\u00bb|0px||0px\u00bb box_shadow_blur=\u00bb10px\u00bb box_shadow_color=\u00bbrgba(0,0,0,0.1)\u00bb button_text_size__hover_enabled=\u00bboff\u00bb button_text_size__hover=\u00bbnull\u00bb button_one_text_size__hover_enabled=\u00bboff\u00bb button_one_text_size__hover=\u00bbnull\u00bb button_two_text_size__hover_enabled=\u00bboff\u00bb button_two_text_size__hover=\u00bbnull\u00bb button_text_color__hover_enabled=\u00bboff\u00bb button_text_color__hover=\u00bbnull\u00bb button_one_text_color__hover_enabled=\u00bboff\u00bb button_one_text_color__hover=\u00bbnull\u00bb button_two_text_color__hover_enabled=\u00bboff\u00bb button_two_text_color__hover=\u00bbnull\u00bb button_border_width__hover_enabled=\u00bboff\u00bb button_border_width__hover=\u00bbnull\u00bb button_one_border_width__hover_enabled=\u00bboff\u00bb button_one_border_width__hover=\u00bbnull\u00bb button_two_border_width__hover_enabled=\u00bboff\u00bb button_two_border_width__hover=\u00bbnull\u00bb button_border_color__hover_enabled=\u00bboff\u00bb button_border_color__hover=\u00bbnull\u00bb button_one_border_color__hover_enabled=\u00bboff\u00bb button_one_border_color__hover=\u00bbnull\u00bb button_two_border_color__hover_enabled=\u00bboff\u00bb button_two_border_color__hover=\u00bbnull\u00bb button_border_radius__hover_enabled=\u00bboff\u00bb button_border_radius__hover=\u00bbnull\u00bb button_one_border_radius__hover_enabled=\u00bboff\u00bb button_one_border_radius__hover=\u00bbnull\u00bb button_two_border_radius__hover_enabled=\u00bboff\u00bb button_two_border_radius__hover=\u00bbnull\u00bb button_letter_spacing__hover_enabled=\u00bboff\u00bb button_letter_spacing__hover=\u00bbnull\u00bb button_one_letter_spacing__hover_enabled=\u00bboff\u00bb button_one_letter_spacing__hover=\u00bbnull\u00bb button_two_letter_spacing__hover_enabled=\u00bboff\u00bb button_two_letter_spacing__hover=\u00bbnull\u00bb button_bg_color__hover_enabled=\u00bboff\u00bb button_bg_color__hover=\u00bbnull\u00bb button_one_bg_color__hover_enabled=\u00bboff\u00bb button_one_bg_color__hover=\u00bbnull\u00bb button_two_bg_color__hover_enabled=\u00bboff\u00bb button_two_bg_color__hover=\u00bbnull\u00bb][et_pb_slide heading=\u00bbLA RESPIRACI\u00d3N ES UNA ALIADA EN LA QUE PODEMOS CONFIAR\u00bb use_bg_overlay=\u00bboff\u00bb use_text_overlay=\u00bboff\u00bb _builder_version=\u00bb3.17.2&#8243; header_font=\u00bbMontserrat|700|||||||\u00bb header_font_size=\u00bb50px\u00bb header_font_size_tablet=\u00bb50px\u00bb header_font_size_phone=\u00bb50px\u00bb body_font=\u00bbMontserrat|700|||||||\u00bb body_font_size=\u00bb20px\u00bb body_font_size_tablet=\u00bb20px\u00bb body_font_size_phone=\u00bb20px\u00bb use_background_color_gradient=\u00bbon\u00bb background_color_gradient_start=\u00bb#ffffff\u00bb background_color_gradient_end=\u00bb#ffffff\u00bb background_image=\u00bbhttps:\/\/www.glorialerin.com\/terapias\/wp-content\/uploads\/2019\/12\/mlc-gloria-lerin.png\u00bb button_link=\u00bb#\u00bb url_new_window=\u00bboff\u00bb link_option_url_new_window=\u00bboff\u00bb background_color=\u00bb#f6eff9&#8243; background_color_gradient_type=\u00bblinear\u00bb background_color_gradient_direction=\u00bb180deg\u00bb background_color_gradient_direction_radial=\u00bbcenter\u00bb background_color_gradient_start_position=\u00bb0%\u00bb background_color_gradient_end_position=\u00bb100%\u00bb background_color_gradient_overlays_image=\u00bboff\u00bb parallax=\u00bboff\u00bb parallax_method=\u00bbon\u00bb background_size=\u00bbcover\u00bb background_position=\u00bbcenter\u00bb background_repeat=\u00bbno-repeat\u00bb background_blend=\u00bbnormal\u00bb allow_player_pause=\u00bboff\u00bb background_video_pause_outside_viewport=\u00bbon\u00bb text_border_radius=\u00bb3&#8243; alignment=\u00bbcenter\u00bb child_filter_hue_rotate=\u00bb0deg\u00bb child_filter_saturate=\u00bb100%\u00bb child_filter_brightness=\u00bb100%\u00bb child_filter_contrast=\u00bb100%\u00bb child_filter_invert=\u00bb0%\u00bb child_filter_sepia=\u00bb0%\u00bb child_filter_opacity=\u00bb100%\u00bb child_filter_blur=\u00bb0px\u00bb child_mix_blend_mode=\u00bbnormal\u00bb background_layout=\u00bbdark\u00bb text_shadow_style=\u00bbnone\u00bb header_text_shadow_style=\u00bbnone\u00bb body_text_shadow_style=\u00bbnone\u00bb custom_button=\u00bboff\u00bb button_bg_use_color_gradient=\u00bboff\u00bb button_bg_color_gradient_overlays_image=\u00bboff\u00bb button_use_icon=\u00bbon\u00bb button_on_hover=\u00bbon\u00bb button_text_shadow_style=\u00bbnone\u00bb box_shadow_style_button=\u00bbnone\u00bb hover_transition_duration=\u00bb300ms\u00bb hover_transition_delay=\u00bb0ms\u00bb hover_transition_speed_curve=\u00bbease\u00bb text_shadow_horizontal_length=\u00bb0em\u00bb text_shadow_vertical_length=\u00bb0em\u00bb text_shadow_blur_strength=\u00bb0em\u00bb header_text_shadow_horizontal_length=\u00bb0em\u00bb header_text_shadow_vertical_length=\u00bb0em\u00bb header_text_shadow_blur_strength=\u00bb0em\u00bb body_text_shadow_horizontal_length=\u00bb0em\u00bb body_text_shadow_vertical_length=\u00bb0em\u00bb body_text_shadow_blur_strength=\u00bb0em\u00bb button_text_shadow_horizontal_length=\u00bb0em\u00bb button_text_shadow_vertical_length=\u00bb0em\u00bb button_text_shadow_blur_strength=\u00bb0em\u00bb custom_padding_tablet=\u00bb50px||50px|\u00bb custom_padding_phone=\u00bb50px||50px|\u00bb custom_padding=\u00bb210px||210px|\u00bb header_text_color=\u00bb#ffffff\u00bb body_text_color=\u00bb#ffffff\u00bb]<\/p>\n<p>TALLER NOVIEMBRE<\/p>\n<p>[\/et_pb_slide][\/et_pb_fullwidth_slider][\/et_pb_section][et_pb_section bb_built=\u00bb1&#8243; specialty=\u00bboff\u00bb prev_background_color=\u00bb#000000&#8243; next_background_color=\u00bb#000000&#8243; _builder_version=\u00bb3.17.2&#8243;][et_pb_row custom_margin=\u00bb20px|||\u00bb background_color=\u00bb#F6EFF9&#8243; _builder_version=\u00bb3.17.2&#8243;][et_pb_column type=\u00bb4_4&#8243;][et_pb_text _builder_version=\u00bb3.17.2&#8243; header_2_font=\u00bbMontserrat|700|||||||\u00bb header_2_font_size=\u00bb28px\u00bb header_2_text_color=\u00bb#373737&#8243; custom_margin=\u00bb20px|||\u00bb]<\/p>\n<h2 style=\"text-align: center;\">ENTEVISTA DE RADIO ESTEL A GLORIA LERIN<\/h2>\n<p style=\"text-align: center;\">Escuchar a partir del minuto 5.<\/p>\n<p>[\/et_pb_text][et_pb_button button_url=\u00bbhttps:\/\/www.estelfitxers.com\/audio\/20200309-17_00TEMPSDEBENESTAR-FUND.PUIGVERT.MP3&#8243; url_new_window=\u00bbon\u00bb button_text=\u00bbReproducir\u00bb button_alignment=\u00bbcenter\u00bb _builder_version=\u00bb3.17.2&#8243; custom_margin=\u00bb||20px|\u00bb button_text_size__hover_enabled=\u00bboff\u00bb button_text_size__hover=\u00bbnull\u00bb button_one_text_size__hover_enabled=\u00bboff\u00bb button_one_text_size__hover=\u00bbnull\u00bb button_two_text_size__hover_enabled=\u00bboff\u00bb button_two_text_size__hover=\u00bbnull\u00bb button_text_color__hover_enabled=\u00bboff\u00bb button_text_color__hover=\u00bbnull\u00bb button_one_text_color__hover_enabled=\u00bboff\u00bb button_one_text_color__hover=\u00bbnull\u00bb button_two_text_color__hover_enabled=\u00bboff\u00bb button_two_text_color__hover=\u00bbnull\u00bb button_border_width__hover_enabled=\u00bboff\u00bb button_border_width__hover=\u00bbnull\u00bb button_one_border_width__hover_enabled=\u00bboff\u00bb button_one_border_width__hover=\u00bbnull\u00bb button_two_border_width__hover_enabled=\u00bboff\u00bb button_two_border_width__hover=\u00bbnull\u00bb button_border_color__hover_enabled=\u00bboff\u00bb button_border_color__hover=\u00bbnull\u00bb button_one_border_color__hover_enabled=\u00bboff\u00bb button_one_border_color__hover=\u00bbnull\u00bb button_two_border_color__hover_enabled=\u00bboff\u00bb button_two_border_color__hover=\u00bbnull\u00bb button_border_radius__hover_enabled=\u00bboff\u00bb button_border_radius__hover=\u00bbnull\u00bb button_one_border_radius__hover_enabled=\u00bboff\u00bb button_one_border_radius__hover=\u00bbnull\u00bb button_two_border_radius__hover_enabled=\u00bboff\u00bb button_two_border_radius__hover=\u00bbnull\u00bb button_letter_spacing__hover_enabled=\u00bboff\u00bb button_letter_spacing__hover=\u00bbnull\u00bb button_one_letter_spacing__hover_enabled=\u00bboff\u00bb button_one_letter_spacing__hover=\u00bbnull\u00bb button_two_letter_spacing__hover_enabled=\u00bboff\u00bb button_two_letter_spacing__hover=\u00bbnull\u00bb button_bg_color__hover_enabled=\u00bboff\u00bb button_bg_color__hover=\u00bbnull\u00bb button_one_bg_color__hover_enabled=\u00bboff\u00bb button_one_bg_color__hover=\u00bbnull\u00bb button_two_bg_color__hover_enabled=\u00bboff\u00bb button_two_bg_color__hover=\u00bbnull\u00bb \/][\/et_pb_column][\/et_pb_row][\/et_pb_section][et_pb_section bb_built=\u00bb1&#8243; _builder_version=\u00bb3.17.2&#8243; custom_padding=\u00bb0px|0px|54px|0px\u00bb prev_background_color=\u00bb#000000&#8243; next_background_color=\u00bb#000000&#8243;][et_pb_row _builder_version=\u00bb3.0.92&#8243;][et_pb_column type=\u00bb1_2&#8243;][et_pb_text _builder_version=\u00bb3.17.2&#8243;]<\/p>\n<p><b>\u201cMindfulness y Consciencia Sensorial\u201d<\/b><\/p>\n<p>La calidad de nuestra respiraci\u00f3n determina la calidad de nuestras vidas. La salud el estado de \u00e1nimo, la energ\u00eda y la creatividad dependen del suministro de ox\u00edgeno que nos proporciona nuestra respiraci\u00f3n.<\/p>\n<p>\u00bfQu\u00e9 es lo que provoca una respiraci\u00f3n deficiente?<br \/>\n\u00bfQu\u00e9 es lo que interfiere la calidad de nuestra respiraci\u00f3n?<\/p>\n<p>Pues nuestro estilo de vida, las tensiones, las preocupaciones, el malestar, el ruido, la contaminaci\u00f3n ambiental, los cambios generales y personales, las emociones, las frustraciones e incluso el \u00e9xito y la alegr\u00eda.<\/p>\n<p>El libre flujo del aire se ve dificultado, la exhalaci\u00f3n se encuentra con obst\u00e1culos y la inhalaci\u00f3n resulta insuficiente.<\/p>\n<p>Como funci\u00f3n autorreguladora, la respiraci\u00f3n goza de la capacidad de recuperarse autom\u00e1ticamente de las tensiones y las disfunciones tan pronto como haya desaparecido la situaci\u00f3n que lo provoc\u00f3.<\/p>\n<p>Lo que suele ocurrir es que, en lugar de permitir que vuelva a su estado natural en un plazo de tiempo adecuado, tendemos a interferirla.<\/p>\n<p>Nuestra respiraci\u00f3n reacciona a cualquier impacto que nos afecte. La contenemos cuando sufrimos un susto, un disgusto, la retenemos en situaciones que sentimos tensi\u00f3n, con las emociones y, por lo contrario, la alegr\u00eda la estimula.<\/p>\n<p>El contacto con la respiraci\u00f3n no har\u00e1 estar m\u00e1s abiertos a las experiencias que nos encontremos. Nos proporcionar\u00e1 m\u00e1s resistencia a los retos que la vida nos presenta y nos facilitar\u00e1 disfrutar de los placeres. Aprenderemos a superar el cansancio,  la flojera,  a recuperar las energ\u00edas perdidas y a vivir con una plena vitalidad.<\/p>\n<p>A veces nos preguntamos:<\/p>\n<p>&#8211; \u00bfCu\u00e1l es la mejor manera de respirar?  \u00bfC\u00f3mo deber\u00eda respirar?<br \/>\n&#8211; No s\u00e9 respirar, me falta el aire o no lo puedo sacar.<\/p>\n<p>La respiraci\u00f3n adecuada, es cuando somos conscientes  de permitirle los libres ajustes que necesita, de modo que nos d\u00e9 un soporte para enfrentarnos a los retos y desaf\u00edos de nuestra vida. Y para ello necesitamos estar presentes, sentirla y dejarla circular.<\/p>\n<p>La respiraci\u00f3n var\u00eda continuamente ajust\u00e1ndose autom\u00e1ticamente y perfectamente a nuestras actividades siempre que no la interfiramos. Tienes una funci\u00f3n involuntaria y autorreguladora. Cambia, no solo en las actividades f\u00edsicas, sino tambi\u00e9n con el dolor y el placer.<\/p>\n<p>En este taller vamos a explorar a trav\u00e9s de diferentes experimentos, si la respiraci\u00f3n es nuestra aliada o por el contario nos limita.  Una buena calidad respiratoria nos ayuda a mejorar el insomnio, hipertensi\u00f3n o hipotensi\u00f3n, equilibrio, transportar un peso, fumar o comer demasiado,  miedo de hablar en p\u00fablico,  dolor de cabeza, ansiedad y nerviosismo, dificultades para concentrarse, creatividad bloqueada\u2026<\/p>\n<p>Te invito a venir y explorar como respiras a trav\u00e9s del trabajo desarrollado por Carola Speads (el A, B, C de la respiraci\u00f3n),  Charlotte Selver (Consciencia Sensorial y Mindfulness).<br \/>\nTe llevar\u00e1s una serie de herramientas para continuar explor\u00e1ndolas en tu vida cotidiana.<\/p>\n<p><strong><br \/>\nImpartido por Gloria Lerin<br \/>\nLugar: L\u2019eix-ample. C\/ Bruc 125 bajos. Barcelona<br \/>\nTel\u00e9fono: 93 457 61 40<br \/>\ninfo@glorialerin.com \/ www.glorialerin.com<\/strong><\/p>\n<p>[\/et_pb_text][\/et_pb_column][et_pb_column type=\u00bb1_2&#8243;][et_pb_text _builder_version=\u00bb3.17.2&#8243;]<\/p>\n<p><b>Online<\/b> <\/p>\n<p><strong>Fecha:<\/strong><br \/>\nS\u00e1bado 14 de noviembre 2020<\/p>\n<p><b>Horario:<\/b><br \/>\nDe 10:00 a 14:00h<\/p>\n<p><b>Precio:<\/b><br \/>\n65\u20ac<\/p>\n<p>[\/et_pb_text][et_pb_text _builder_version=\u00bb3.17.2&#8243;]<\/p>\n<p><iframe loading=\"lazy\" src=\"https:\/\/www.youtube.com\/embed\/GkYk0LrCpw0\" allow=\"accelerometer; autoplay; encrypted-media; gyroscope; picture-in-picture\" allowfullscreen=\"\" width=\"560\" height=\"315\" frameborder=\"0\"><\/iframe><\/p>\n<p>[\/et_pb_text][\/et_pb_column][\/et_pb_row][\/et_pb_section][et_pb_section bb_built=\u00bb1&#8243; _builder_version=\u00bb3.0.92&#8243; custom_padding=\u00bb0px|0px|54px|0px\u00bb prev_background_color=\u00bb#000000&#8243;][et_pb_row _builder_version=\u00bb3.0.92&#8243; custom_padding=\u00bb0px|0px|27px|0px\u00bb][et_pb_column type=\u00bb1_2&#8243;][et_pb_image src=\u00bbhttps:\/\/www.glorialerin.com\/terapias\/wp-content\/uploads\/2018\/01\/mandala-metodo-liberacion-corazas-gloria-lerin.jpg\u00bb _builder_version=\u00bb3.17.2&#8243;]<\/p>\n<p>&nbsp;<\/p>\n<p>[\/et_pb_image][\/et_pb_column][et_pb_column type=\u00bb1_2&#8243;][et_pb_contact_form email=\u00bbinfo@glorialerin.com\u00bb title=\u00bb\u00bfQuieres Respetar el ritmo natural de tu respiraci\u00f3n?\u00bb module_id=\u00bbet_pb_contact_form_0&#8243; _builder_version=\u00bb3.17.2&#8243; title_font=\u00bbMontserrat|700|||||||\u00bb title_font_size=\u00bb16px\u00bb title_line_height=\u00bb2em\u00bb form_field_font=\u00bbMontserrat||||||||\u00bb custom_button=\u00bbon\u00bb button_text_color=\u00bb#626262&#8243; button_font=\u00bbMontserrat||||||||\u00bb][et_pb_contact_field field_id=\u00bbNombre\u00bb field_title=\u00bbNombre*\u00bb fullwidth_field=\u00bbon\u00bb _builder_version=\u00bb3.0.92&#8243; \/][et_pb_contact_field field_id=\u00bbCorreo_electr\u00f3nico\u00bb field_title=\u00bbCorreo electr\u00f3nico*\u00bb fullwidth_field=\u00bbon\u00bb _builder_version=\u00bb3.0.92&#8243; \/][et_pb_contact_field field_id=\u00bbTel\u00e9fono\u00bb field_title=\u00bbTel\u00e9fono\u00bb required_mark=\u00bboff\u00bb fullwidth_field=\u00bbon\u00bb _builder_version=\u00bb3.0.92&#8243; \/][et_pb_contact_field field_id=\u00bbMensaje\u00bb field_title=\u00bbMensaje*\u00bb field_type=\u00bbtext\u00bb fullwidth_field=\u00bbon\u00bb _builder_version=\u00bb3.0.92&#8243; border_radii=\u00bbon||||\u00bb \/][et_pb_contact_field _builder_version=\u00bb3.0.92&#8243; field_id=\u00bbPol\u00edtica_de_privacidad\u00bb field_type=\u00bbcheckbox\u00bb checkbox_checked=\u00bboff\u00bb checkbox_options=\u00bb%91{%22value%22:%22 He le\u00eddo y acepto la pol\u00edtica de privacidad.%22,%22checked%22:0}%93&#8243; radio_options=\u00bb%91{%22value%22:%22%22,%22checked%22:0}%93&#8243; select_options=\u00bb%91{%22value%22:%22%22,%22checked%22:0}%93&#8243; min_length=\u00bb0&#8243; max_length=\u00bb0&#8243; allowed_symbols=\u00bball\u00bb required_mark=\u00bbon\u00bb conditional_logic=\u00bboff\u00bb conditional_logic_relation=\u00bboff\u00bb conditional_logic_rules=\u00bb%91{%22field%22:%22nombre%22,%22condition%22:%22is%22,%22value%22:%22%22}%93&#8243; use_background_color_gradient=\u00bboff\u00bb background_color_gradient_start=\u00bb#2b87da\u00bb background_color_gradient_end=\u00bb#29c4a9&#8243; background_color_gradient_type=\u00bblinear\u00bb background_color_gradient_direction=\u00bb180deg\u00bb background_color_gradient_direction_radial=\u00bbcenter\u00bb background_color_gradient_start_position=\u00bb0%\u00bb background_color_gradient_end_position=\u00bb100%\u00bb background_color_gradient_overlays_image=\u00bboff\u00bb parallax=\u00bboff\u00bb parallax_method=\u00bbon\u00bb background_size=\u00bbcover\u00bb background_position=\u00bbcenter\u00bb background_repeat=\u00bbno-repeat\u00bb background_blend=\u00bbnormal\u00bb allow_player_pause=\u00bboff\u00bb fullwidth_field=\u00bbon\u00bb form_field_font=\u00bb||||||||\u00bb field_title=\u00bb \u00bb \/][\/et_pb_contact_form][\/et_pb_column][\/et_pb_row][\/et_pb_section]<\/p>\n","protected":false},"excerpt":{"rendered":"<p>TALLER NOVIEMBRE ENTEVISTA DE RADIO ESTEL A GLORIA LERIN Escuchar a partir del minuto 5. \u201cMindfulness y Consciencia Sensorial\u201d La calidad de nuestra respiraci\u00f3n determina la calidad de nuestras vidas. La salud el estado de \u00e1nimo, la energ\u00eda y la creatividad dependen del suministro de ox\u00edgeno que nos proporciona nuestra respiraci\u00f3n. \u00bfQu\u00e9 es lo que [&hellip;]<\/p>\n","protected":false},"author":1,"featured_media":0,"parent":0,"menu_order":0,"comment_status":"closed","ping_status":"closed","template":"","meta":{"_et_pb_use_builder":"on","_et_pb_old_content":"","_et_gb_content_width":"","footnotes":""},"class_list":["post-1834","page","type-page","status-publish","hentry"],"yoast_head":"<!-- This site is optimized with the Yoast SEO plugin v26.2 - https:\/\/yoast.com\/wordpress\/plugins\/seo\/ -->\n<title>Respetar el ritmo natural de nuestra respiraci\u00f3n - Glora Lerin<\/title>\n<meta name=\"robots\" content=\"index, follow, max-snippet:-1, max-image-preview:large, max-video-preview:-1\" \/>\n<link rel=\"canonical\" href=\"https:\/\/www.glorialerin.com\/terapias\/respetar-el-ritmo-natural-de-nuestra-respiracion\/\" \/>\n<meta property=\"og:locale\" content=\"es_ES\" \/>\n<meta property=\"og:type\" content=\"article\" \/>\n<meta property=\"og:title\" content=\"Respetar el ritmo natural de nuestra respiraci\u00f3n - Glora Lerin\" \/>\n<meta property=\"og:description\" content=\"TALLER NOVIEMBRE ENTEVISTA DE RADIO ESTEL A GLORIA LERIN Escuchar a partir del minuto 5. \u201cMindfulness y Consciencia Sensorial\u201d La calidad de nuestra respiraci\u00f3n determina la calidad de nuestras vidas. La salud el estado de \u00e1nimo, la energ\u00eda y la creatividad dependen del suministro de ox\u00edgeno que nos proporciona nuestra respiraci\u00f3n. \u00bfQu\u00e9 es lo que [&hellip;]\" \/>\n<meta property=\"og:url\" content=\"https:\/\/www.glorialerin.com\/terapias\/respetar-el-ritmo-natural-de-nuestra-respiracion\/\" \/>\n<meta property=\"og:site_name\" content=\"Glora Lerin\" \/>\n<meta property=\"article:modified_time\" content=\"2020-09-22T10:19:09+00:00\" \/>\n<meta name=\"twitter:card\" content=\"summary_large_image\" \/>\n<meta name=\"twitter:label1\" content=\"Tiempo de lectura\" \/>\n\t<meta name=\"twitter:data1\" content=\"10 minutos\" \/>\n<script type=\"application\/ld+json\" class=\"yoast-schema-graph\">{\"@context\":\"https:\/\/schema.org\",\"@graph\":[{\"@type\":\"WebPage\",\"@id\":\"https:\/\/www.glorialerin.com\/terapias\/respetar-el-ritmo-natural-de-nuestra-respiracion\/\",\"url\":\"https:\/\/www.glorialerin.com\/terapias\/respetar-el-ritmo-natural-de-nuestra-respiracion\/\",\"name\":\"Respetar el ritmo natural de nuestra respiraci\u00f3n - Glora Lerin\",\"isPartOf\":{\"@id\":\"https:\/\/www.glorialerin.com\/terapias\/#website\"},\"datePublished\":\"2019-12-28T13:24:47+00:00\",\"dateModified\":\"2020-09-22T10:19:09+00:00\",\"breadcrumb\":{\"@id\":\"https:\/\/www.glorialerin.com\/terapias\/respetar-el-ritmo-natural-de-nuestra-respiracion\/#breadcrumb\"},\"inLanguage\":\"es\",\"potentialAction\":[{\"@type\":\"ReadAction\",\"target\":[\"https:\/\/www.glorialerin.com\/terapias\/respetar-el-ritmo-natural-de-nuestra-respiracion\/\"]}]},{\"@type\":\"BreadcrumbList\",\"@id\":\"https:\/\/www.glorialerin.com\/terapias\/respetar-el-ritmo-natural-de-nuestra-respiracion\/#breadcrumb\",\"itemListElement\":[{\"@type\":\"ListItem\",\"position\":1,\"name\":\"Portada\",\"item\":\"https:\/\/www.glorialerin.com\/terapias\/\"},{\"@type\":\"ListItem\",\"position\":2,\"name\":\"Respetar el ritmo natural de nuestra respiraci\u00f3n\"}]},{\"@type\":\"WebSite\",\"@id\":\"https:\/\/www.glorialerin.com\/terapias\/#website\",\"url\":\"https:\/\/www.glorialerin.com\/terapias\/\",\"name\":\"Glora Lerin\",\"description\":\"\",\"potentialAction\":[{\"@type\":\"SearchAction\",\"target\":{\"@type\":\"EntryPoint\",\"urlTemplate\":\"https:\/\/www.glorialerin.com\/terapias\/?s={search_term_string}\"},\"query-input\":{\"@type\":\"PropertyValueSpecification\",\"valueRequired\":true,\"valueName\":\"search_term_string\"}}],\"inLanguage\":\"es\"}]}<\/script>\n<!-- \/ Yoast SEO plugin. -->","yoast_head_json":{"title":"Respetar el ritmo natural de nuestra respiraci\u00f3n - Glora Lerin","robots":{"index":"index","follow":"follow","max-snippet":"max-snippet:-1","max-image-preview":"max-image-preview:large","max-video-preview":"max-video-preview:-1"},"canonical":"https:\/\/www.glorialerin.com\/terapias\/respetar-el-ritmo-natural-de-nuestra-respiracion\/","og_locale":"es_ES","og_type":"article","og_title":"Respetar el ritmo natural de nuestra respiraci\u00f3n - Glora Lerin","og_description":"TALLER NOVIEMBRE ENTEVISTA DE RADIO ESTEL A GLORIA LERIN Escuchar a partir del minuto 5. \u201cMindfulness y Consciencia Sensorial\u201d La calidad de nuestra respiraci\u00f3n determina la calidad de nuestras vidas. La salud el estado de \u00e1nimo, la energ\u00eda y la creatividad dependen del suministro de ox\u00edgeno que nos proporciona nuestra respiraci\u00f3n. \u00bfQu\u00e9 es lo que [&hellip;]","og_url":"https:\/\/www.glorialerin.com\/terapias\/respetar-el-ritmo-natural-de-nuestra-respiracion\/","og_site_name":"Glora Lerin","article_modified_time":"2020-09-22T10:19:09+00:00","twitter_card":"summary_large_image","twitter_misc":{"Tiempo de lectura":"10 minutos"},"schema":{"@context":"https:\/\/schema.org","@graph":[{"@type":"WebPage","@id":"https:\/\/www.glorialerin.com\/terapias\/respetar-el-ritmo-natural-de-nuestra-respiracion\/","url":"https:\/\/www.glorialerin.com\/terapias\/respetar-el-ritmo-natural-de-nuestra-respiracion\/","name":"Respetar el ritmo natural de nuestra respiraci\u00f3n - Glora Lerin","isPartOf":{"@id":"https:\/\/www.glorialerin.com\/terapias\/#website"},"datePublished":"2019-12-28T13:24:47+00:00","dateModified":"2020-09-22T10:19:09+00:00","breadcrumb":{"@id":"https:\/\/www.glorialerin.com\/terapias\/respetar-el-ritmo-natural-de-nuestra-respiracion\/#breadcrumb"},"inLanguage":"es","potentialAction":[{"@type":"ReadAction","target":["https:\/\/www.glorialerin.com\/terapias\/respetar-el-ritmo-natural-de-nuestra-respiracion\/"]}]},{"@type":"BreadcrumbList","@id":"https:\/\/www.glorialerin.com\/terapias\/respetar-el-ritmo-natural-de-nuestra-respiracion\/#breadcrumb","itemListElement":[{"@type":"ListItem","position":1,"name":"Portada","item":"https:\/\/www.glorialerin.com\/terapias\/"},{"@type":"ListItem","position":2,"name":"Respetar el ritmo natural de nuestra respiraci\u00f3n"}]},{"@type":"WebSite","@id":"https:\/\/www.glorialerin.com\/terapias\/#website","url":"https:\/\/www.glorialerin.com\/terapias\/","name":"Glora Lerin","description":"","potentialAction":[{"@type":"SearchAction","target":{"@type":"EntryPoint","urlTemplate":"https:\/\/www.glorialerin.com\/terapias\/?s={search_term_string}"},"query-input":{"@type":"PropertyValueSpecification","valueRequired":true,"valueName":"search_term_string"}}],"inLanguage":"es"}]}},"_links":{"self":[{"href":"https:\/\/www.glorialerin.com\/terapias\/wp-json\/wp\/v2\/pages\/1834","targetHints":{"allow":["GET"]}}],"collection":[{"href":"https:\/\/www.glorialerin.com\/terapias\/wp-json\/wp\/v2\/pages"}],"about":[{"href":"https:\/\/www.glorialerin.com\/terapias\/wp-json\/wp\/v2\/types\/page"}],"author":[{"embeddable":true,"href":"https:\/\/www.glorialerin.com\/terapias\/wp-json\/wp\/v2\/users\/1"}],"replies":[{"embeddable":true,"href":"https:\/\/www.glorialerin.com\/terapias\/wp-json\/wp\/v2\/comments?post=1834"}],"version-history":[{"count":20,"href":"https:\/\/www.glorialerin.com\/terapias\/wp-json\/wp\/v2\/pages\/1834\/revisions"}],"predecessor-version":[{"id":2194,"href":"https:\/\/www.glorialerin.com\/terapias\/wp-json\/wp\/v2\/pages\/1834\/revisions\/2194"}],"wp:attachment":[{"href":"https:\/\/www.glorialerin.com\/terapias\/wp-json\/wp\/v2\/media?parent=1834"}],"curies":[{"name":"wp","href":"https:\/\/api.w.org\/{rel}","templated":true}]}}