{"id":1644,"date":"2019-05-27T18:35:20","date_gmt":"2019-05-27T18:35:20","guid":{"rendered":"https:\/\/www.glorialerin.com\/terapias\/como-encontrar-el-equilibrio-en-el-desequilibrio-2\/"},"modified":"2019-12-27T20:09:45","modified_gmt":"2019-12-27T20:09:45","slug":"como-liberarse-de-los-bloqueos-emocionales-la-inteligencia-emocional","status":"publish","type":"page","link":"https:\/\/www.glorialerin.com\/terapias\/como-liberarse-de-los-bloqueos-emocionales-la-inteligencia-emocional\/","title":{"rendered":"Como liberarse de los bloqueos emocionales. La inteligencia emocional"},"content":{"rendered":"<p>[et_pb_section bb_built=\u00bb1&#8243; fullwidth=\u00bbon\u00bb _builder_version=\u00bb3.17.2&#8243; next_background_color=\u00bb#000000&#8243;][et_pb_fullwidth_slider _builder_version=\u00bb3.17.2&#8243; custom_padding=\u00bb|0px||0px\u00bb box_shadow_blur=\u00bb10px\u00bb box_shadow_color=\u00bbrgba(0,0,0,0.1)\u00bb button_text_size__hover_enabled=\u00bboff\u00bb button_text_size__hover=\u00bbnull\u00bb button_one_text_size__hover_enabled=\u00bboff\u00bb button_one_text_size__hover=\u00bbnull\u00bb button_two_text_size__hover_enabled=\u00bboff\u00bb button_two_text_size__hover=\u00bbnull\u00bb button_text_color__hover_enabled=\u00bboff\u00bb button_text_color__hover=\u00bbnull\u00bb button_one_text_color__hover_enabled=\u00bboff\u00bb button_one_text_color__hover=\u00bbnull\u00bb button_two_text_color__hover_enabled=\u00bboff\u00bb button_two_text_color__hover=\u00bbnull\u00bb button_border_width__hover_enabled=\u00bboff\u00bb button_border_width__hover=\u00bbnull\u00bb button_one_border_width__hover_enabled=\u00bboff\u00bb button_one_border_width__hover=\u00bbnull\u00bb button_two_border_width__hover_enabled=\u00bboff\u00bb button_two_border_width__hover=\u00bbnull\u00bb button_border_color__hover_enabled=\u00bboff\u00bb button_border_color__hover=\u00bbnull\u00bb button_one_border_color__hover_enabled=\u00bboff\u00bb button_one_border_color__hover=\u00bbnull\u00bb button_two_border_color__hover_enabled=\u00bboff\u00bb button_two_border_color__hover=\u00bbnull\u00bb button_border_radius__hover_enabled=\u00bboff\u00bb button_border_radius__hover=\u00bbnull\u00bb button_one_border_radius__hover_enabled=\u00bboff\u00bb button_one_border_radius__hover=\u00bbnull\u00bb button_two_border_radius__hover_enabled=\u00bboff\u00bb button_two_border_radius__hover=\u00bbnull\u00bb button_letter_spacing__hover_enabled=\u00bboff\u00bb button_letter_spacing__hover=\u00bbnull\u00bb button_one_letter_spacing__hover_enabled=\u00bboff\u00bb button_one_letter_spacing__hover=\u00bbnull\u00bb button_two_letter_spacing__hover_enabled=\u00bboff\u00bb button_two_letter_spacing__hover=\u00bbnull\u00bb button_bg_color__hover_enabled=\u00bboff\u00bb button_bg_color__hover=\u00bbnull\u00bb button_one_bg_color__hover_enabled=\u00bboff\u00bb button_one_bg_color__hover=\u00bbnull\u00bb button_two_bg_color__hover_enabled=\u00bboff\u00bb button_two_bg_color__hover=\u00bbnull\u00bb][et_pb_slide heading=\u00bbCOMO LIBERARSE DE LOS BLOQUEOS EMOCIONALES. LA INTELIGENCIA EMOCIONAL\u00bb use_bg_overlay=\u00bboff\u00bb use_text_overlay=\u00bboff\u00bb _builder_version=\u00bb3.17.2&#8243; header_font=\u00bbMontserrat|700|||||||\u00bb header_font_size=\u00bb50px\u00bb header_font_size_tablet=\u00bb50px\u00bb header_font_size_phone=\u00bb50px\u00bb body_font=\u00bbMontserrat|700|||||||\u00bb body_font_size=\u00bb20px\u00bb body_font_size_tablet=\u00bb20px\u00bb body_font_size_phone=\u00bb20px\u00bb use_background_color_gradient=\u00bbon\u00bb background_color_gradient_start=\u00bb#ffffff\u00bb background_color_gradient_end=\u00bb#ffffff\u00bb background_image=\u00bbhttps:\/\/www.glorialerin.com\/terapias\/wp-content\/uploads\/2019\/05\/como-liberarse-de-los-bloqueos-emocionales-la-inteligencia-emocional-taller-gloria-lerin-1.png\u00bb button_link=\u00bb#\u00bb url_new_window=\u00bboff\u00bb link_option_url_new_window=\u00bboff\u00bb background_color=\u00bb#f6eff9&#8243; background_color_gradient_type=\u00bblinear\u00bb background_color_gradient_direction=\u00bb180deg\u00bb background_color_gradient_direction_radial=\u00bbcenter\u00bb background_color_gradient_start_position=\u00bb0%\u00bb background_color_gradient_end_position=\u00bb100%\u00bb background_color_gradient_overlays_image=\u00bboff\u00bb parallax=\u00bboff\u00bb parallax_method=\u00bbon\u00bb background_size=\u00bbcover\u00bb background_position=\u00bbcenter\u00bb background_repeat=\u00bbno-repeat\u00bb background_blend=\u00bbnormal\u00bb allow_player_pause=\u00bboff\u00bb background_video_pause_outside_viewport=\u00bbon\u00bb text_border_radius=\u00bb3&#8243; alignment=\u00bbcenter\u00bb child_filter_hue_rotate=\u00bb0deg\u00bb child_filter_saturate=\u00bb100%\u00bb child_filter_brightness=\u00bb100%\u00bb child_filter_contrast=\u00bb100%\u00bb child_filter_invert=\u00bb0%\u00bb child_filter_sepia=\u00bb0%\u00bb child_filter_opacity=\u00bb100%\u00bb child_filter_blur=\u00bb0px\u00bb child_mix_blend_mode=\u00bbnormal\u00bb background_layout=\u00bbdark\u00bb text_shadow_style=\u00bbnone\u00bb header_text_shadow_style=\u00bbnone\u00bb body_text_shadow_style=\u00bbnone\u00bb custom_button=\u00bboff\u00bb button_bg_use_color_gradient=\u00bboff\u00bb button_bg_color_gradient_overlays_image=\u00bboff\u00bb button_use_icon=\u00bbon\u00bb button_on_hover=\u00bbon\u00bb button_text_shadow_style=\u00bbnone\u00bb box_shadow_style_button=\u00bbnone\u00bb hover_transition_duration=\u00bb300ms\u00bb hover_transition_delay=\u00bb0ms\u00bb hover_transition_speed_curve=\u00bbease\u00bb text_shadow_horizontal_length=\u00bb0em\u00bb text_shadow_vertical_length=\u00bb0em\u00bb text_shadow_blur_strength=\u00bb0em\u00bb header_text_shadow_horizontal_length=\u00bb0em\u00bb header_text_shadow_vertical_length=\u00bb0em\u00bb header_text_shadow_blur_strength=\u00bb0em\u00bb body_text_shadow_horizontal_length=\u00bb0em\u00bb body_text_shadow_vertical_length=\u00bb0em\u00bb body_text_shadow_blur_strength=\u00bb0em\u00bb button_text_shadow_horizontal_length=\u00bb0em\u00bb button_text_shadow_vertical_length=\u00bb0em\u00bb button_text_shadow_blur_strength=\u00bb0em\u00bb custom_padding_tablet=\u00bb50px||50px|\u00bb custom_padding_phone=\u00bb50px||50px|\u00bb custom_padding=\u00bb210px||210px|\u00bb header_text_color=\u00bb#ffffff\u00bb body_text_color=\u00bb#ffffff\u00bb]<\/p>\n<p>TALLER ENERO<\/p>\n<p>[\/et_pb_slide][\/et_pb_fullwidth_slider][\/et_pb_section][et_pb_section bb_built=\u00bb1&#8243; _builder_version=\u00bb3.0.92&#8243; custom_padding=\u00bb54px|0px|30px|0px\u00bb prev_background_color=\u00bb#000000&#8243; next_background_color=\u00bb#000000&#8243;][et_pb_row _builder_version=\u00bb3.0.92&#8243;][et_pb_column type=\u00bb1_2&#8243;][et_pb_text _builder_version=\u00bb3.17.2&#8243;]<\/p>\n<p><b>Basado en el \u201c M\u00e9todo de liberaci\u00f3n de las corazas\u201d. MLC\u00a9<\/b><\/p>\n<p>\u00bfC\u00f3mo viv\u00eds vuestras emociones?<br \/>\n\u00bfTen\u00e9is tendencia a quedaros sumergidas en ellas o las reprim\u00eds?<br \/>\n\u00bfSent\u00eds tensiones en vuestro  cuerpo cuando viv\u00eds una emoci\u00f3n?<br \/>\n\u00bfOs dais cuenta si vuestra respiraci\u00f3n se bloquea? \u00bfOs falta el aire, sent\u00eds una opresi\u00f3n en el pecho, cerr\u00e1is la mand\u00edbula, contraeis los hombros..?<br \/>\n\u00bfOs dais cuenta de las creencias que ten\u00e9is sobre las emociones?<\/p>\n<p>La emoci\u00f3n es un movimiento natural, espont\u00e1neo que surge delante de un acontecimiento y circula desde nuestro mundo interior al exterior. Es como una ola, tiene un inicio, una intensidad y un final. Y en ocasiones las reprimimos, las aguantamos por los condicionamientos que hemos recibidos de nuestros padres, entorno familiar, de la sociedad y la cultura. Su rol es informarnos de nuestras necesidades , deseos  y anhelos.<\/p>\n<p>Si observamos cuando alguna persona llora en nuestro alrededor \u00bfc\u00f3mo reaccionamos?. \u00bfSacamos los kleenex, le decimos no llores, no es nada, le intentas callar\u2026? \u00bfNos molesta, nos irrita, sentimos compasi\u00f3n? \u00bfQue cre\u00e9is que se nos despierta?<\/p>\n<p>Pues nuestro ni\u00f1o interior, que est\u00e1 inconscientemente aguantando el lloro y que en alg\u00fan momento de su vida  que no se le ha permitido  expresar la emoci\u00f3n.. A \u00e9ste ni\u00f1o interior se le despierta su Herida Fundamental: el abandono, la falta de reconocimiento, el rechazo, el maltrato, el abuso, la humillaci\u00f3n, la traici\u00f3n\u2026Hay sociedades y culturas con unas creencias inconscientes que si nos  emocionamos hace que seamos fr\u00e1giles, vulnerables y delante de los dem\u00e1s hemos de mostrarnos fuertes, \u00a1 aqu\u00ed no pasa nada!. Por lo que nos volvemos r\u00edgidos y nos protegemos encarcel\u00e1ndonos en una armadura para no sentir el dolor profundo que no nos permitimos escuchar.  Y la persona que est\u00e1 emocionada casi pide perd\u00f3n, no se permite llorar.  \u00bfCuando un ni\u00f1o llora, se le da el espacio y el tiempo necesario para que exprese lo que est\u00e1 sintiendo hasta el final de la emoci\u00f3n o hay una tendencia a que la corte, la reprima?<\/p>\n<p>En este taller vamos a observar los s\u00edntoma que se despiertan en nuestro cuerpo si no las permitimos fluir. Por ejemplo si nos referimos al miedo pues el miedo tiene su parte positiva ya que nos ayuda a ser prudentes y nos hace ver si hay un peligro. Tambi\u00e9n \u00e9ste miedo nos puede  hacer bloquear impidi\u00e9ndonos pasar a la acci\u00f3n , llen\u00e1ndonos de dudas, de tensiones y teniendo miedo del miedo que sentimos . Si reprimimos el miedo, si no lo reconocemos \u00e9ste miedo se convierte en ansiedad y angustia cristaliz\u00e1ndose  en el abdomen, est\u00f3mago, el intestino, los ri\u00f1ones, las manos, los ojos\u2026<\/p>\n<p>Llevar la atenci\u00f3n a lo que estamos sintiendo y dejar circular nuestras emociones es imprescindible para conocernos mejor, amarnos, dejar la dependencia afectiva y reafirmarnos con uno mismo y con los dem\u00e1s.<\/p>\n<p><strong><br \/>\nImpartido por Gloria Lerin<br \/>\nLugar: L\u2019eix-ample. C\/ Bruc 125 bajos. Barcelona<br \/>\nTel\u00e9fono: 93 457 61 40<br \/>\ninfo@glorialerin.com \/ www.glorialerin.com <\/strong><\/p>\n<p>[\/et_pb_text][\/et_pb_column][et_pb_column type=\u00bb1_2&#8243;][et_pb_text _builder_version=\u00bb3.17.2&#8243;]<\/p>\n<p><strong>Fecha y horario:<\/strong><br \/>\nS\u00e1bado 18 de enero de 10 a 14h<\/p>\n<p><strong>Precio del taller:<\/strong><br \/>\n70 \u20ac<\/p>\n<p>[\/et_pb_text][et_pb_text _builder_version=\u00bb3.17.2&#8243;]<\/p>\n<p><iframe loading=\"lazy\" src=\"https:\/\/www.youtube.com\/embed\/yfe1KdAPOYU\" allow=\"accelerometer; autoplay; encrypted-media; gyroscope; picture-in-picture\" allowfullscreen=\"\" width=\"560\" height=\"315\" frameborder=\"0\"><\/iframe><\/p>\n<p>[\/et_pb_text][\/et_pb_column][\/et_pb_row][\/et_pb_section][et_pb_section bb_built=\u00bb1&#8243; _builder_version=\u00bb3.0.92&#8243; custom_padding=\u00bb0px|0px|54px|0px\u00bb prev_background_color=\u00bb#000000&#8243;][et_pb_row _builder_version=\u00bb3.0.92&#8243; custom_padding=\u00bb0px|0px|27px|0px\u00bb][et_pb_column type=\u00bb1_2&#8243;][et_pb_image src=\u00bbhttps:\/\/www.glorialerin.com\/terapias\/wp-content\/uploads\/2018\/01\/mandala-libertad-de-amar-gloria-lerin.jpg\u00bb _builder_version=\u00bb3.17.2&#8243;]<\/p>\n<p>&nbsp;<\/p>\n<p>[\/et_pb_image][\/et_pb_column][et_pb_column type=\u00bb1_2&#8243;][et_pb_contact_form email=\u00bbinfo@glorialerin.com\u00bb title=\u00bb\u00bfQuieres liberarte de los bloqueos emocionales?\u00bb module_id=\u00bbet_pb_contact_form_0&#8243; _builder_version=\u00bb3.17.2&#8243; title_font=\u00bbMontserrat|700|||||||\u00bb title_font_size=\u00bb16px\u00bb title_line_height=\u00bb2em\u00bb form_field_font=\u00bbMontserrat||||||||\u00bb custom_button=\u00bbon\u00bb button_text_color=\u00bb#626262&#8243; button_font=\u00bbMontserrat||||||||\u00bb][et_pb_contact_field field_id=\u00bbNombre\u00bb field_title=\u00bbNombre*\u00bb fullwidth_field=\u00bbon\u00bb _builder_version=\u00bb3.0.92&#8243; \/][et_pb_contact_field field_id=\u00bbCorreo_electr\u00f3nico\u00bb field_title=\u00bbCorreo electr\u00f3nico*\u00bb fullwidth_field=\u00bbon\u00bb _builder_version=\u00bb3.0.92&#8243; \/][et_pb_contact_field field_id=\u00bbTel\u00e9fono\u00bb field_title=\u00bbTel\u00e9fono\u00bb required_mark=\u00bboff\u00bb fullwidth_field=\u00bbon\u00bb _builder_version=\u00bb3.0.92&#8243; \/][et_pb_contact_field field_id=\u00bbMensaje\u00bb field_title=\u00bbMensaje*\u00bb field_type=\u00bbtext\u00bb fullwidth_field=\u00bbon\u00bb _builder_version=\u00bb3.0.92&#8243; border_radii=\u00bbon||||\u00bb \/][et_pb_contact_field _builder_version=\u00bb3.0.92&#8243; field_id=\u00bbPol\u00edtica_de_privacidad\u00bb field_type=\u00bbcheckbox\u00bb checkbox_checked=\u00bboff\u00bb checkbox_options=\u00bb%91{%22value%22:%22 He le\u00eddo y acepto la pol\u00edtica de privacidad.%22,%22checked%22:0}%93&#8243; radio_options=\u00bb%91{%22value%22:%22%22,%22checked%22:0}%93&#8243; select_options=\u00bb%91{%22value%22:%22%22,%22checked%22:0}%93&#8243; min_length=\u00bb0&#8243; max_length=\u00bb0&#8243; allowed_symbols=\u00bball\u00bb required_mark=\u00bbon\u00bb conditional_logic=\u00bboff\u00bb conditional_logic_relation=\u00bboff\u00bb conditional_logic_rules=\u00bb%91{%22field%22:%22nombre%22,%22condition%22:%22is%22,%22value%22:%22%22}%93&#8243; use_background_color_gradient=\u00bboff\u00bb background_color_gradient_start=\u00bb#2b87da\u00bb background_color_gradient_end=\u00bb#29c4a9&#8243; background_color_gradient_type=\u00bblinear\u00bb background_color_gradient_direction=\u00bb180deg\u00bb background_color_gradient_direction_radial=\u00bbcenter\u00bb background_color_gradient_start_position=\u00bb0%\u00bb background_color_gradient_end_position=\u00bb100%\u00bb background_color_gradient_overlays_image=\u00bboff\u00bb parallax=\u00bboff\u00bb parallax_method=\u00bbon\u00bb background_size=\u00bbcover\u00bb background_position=\u00bbcenter\u00bb background_repeat=\u00bbno-repeat\u00bb background_blend=\u00bbnormal\u00bb allow_player_pause=\u00bboff\u00bb fullwidth_field=\u00bbon\u00bb form_field_font=\u00bb||||||||\u00bb field_title=\u00bb \u00bb \/][\/et_pb_contact_form][\/et_pb_column][\/et_pb_row][\/et_pb_section]<\/p>\n","protected":false},"excerpt":{"rendered":"<p>TALLER ENERO Basado en el \u201c M\u00e9todo de liberaci\u00f3n de las corazas\u201d. MLC\u00a9 \u00bfC\u00f3mo viv\u00eds vuestras emociones? \u00bfTen\u00e9is tendencia a quedaros sumergidas en ellas o las reprim\u00eds? \u00bfSent\u00eds tensiones en vuestro cuerpo cuando viv\u00eds una emoci\u00f3n? \u00bfOs dais cuenta si vuestra respiraci\u00f3n se bloquea? \u00bfOs falta el aire, sent\u00eds una opresi\u00f3n en el pecho, cerr\u00e1is [&hellip;]<\/p>\n","protected":false},"author":1,"featured_media":0,"parent":0,"menu_order":0,"comment_status":"closed","ping_status":"closed","template":"","meta":{"_et_pb_use_builder":"on","_et_pb_old_content":"","_et_gb_content_width":"","footnotes":""},"class_list":["post-1644","page","type-page","status-publish","hentry"],"yoast_head":"<!-- This site is optimized with the Yoast SEO plugin v26.2 - https:\/\/yoast.com\/wordpress\/plugins\/seo\/ -->\n<title>Como liberarse de los bloqueos emocionales. La inteligencia emocional - Glora Lerin<\/title>\n<meta name=\"robots\" content=\"index, follow, max-snippet:-1, max-image-preview:large, max-video-preview:-1\" \/>\n<link rel=\"canonical\" href=\"https:\/\/www.glorialerin.com\/terapias\/como-liberarse-de-los-bloqueos-emocionales-la-inteligencia-emocional\/\" \/>\n<meta property=\"og:locale\" content=\"es_ES\" \/>\n<meta property=\"og:type\" content=\"article\" \/>\n<meta property=\"og:title\" content=\"Como liberarse de los bloqueos emocionales. La inteligencia emocional - Glora Lerin\" \/>\n<meta property=\"og:description\" content=\"TALLER ENERO Basado en el \u201c M\u00e9todo de liberaci\u00f3n de las corazas\u201d. MLC\u00a9 \u00bfC\u00f3mo viv\u00eds vuestras emociones? \u00bfTen\u00e9is tendencia a quedaros sumergidas en ellas o las reprim\u00eds? \u00bfSent\u00eds tensiones en vuestro cuerpo cuando viv\u00eds una emoci\u00f3n? \u00bfOs dais cuenta si vuestra respiraci\u00f3n se bloquea? \u00bfOs falta el aire, sent\u00eds una opresi\u00f3n en el pecho, cerr\u00e1is [&hellip;]\" \/>\n<meta property=\"og:url\" content=\"https:\/\/www.glorialerin.com\/terapias\/como-liberarse-de-los-bloqueos-emocionales-la-inteligencia-emocional\/\" \/>\n<meta property=\"og:site_name\" content=\"Glora Lerin\" \/>\n<meta property=\"article:modified_time\" content=\"2019-12-27T20:09:45+00:00\" \/>\n<meta name=\"twitter:card\" content=\"summary_large_image\" \/>\n<meta name=\"twitter:label1\" content=\"Tiempo de lectura\" \/>\n\t<meta name=\"twitter:data1\" content=\"8 minutos\" \/>\n<script type=\"application\/ld+json\" class=\"yoast-schema-graph\">{\"@context\":\"https:\/\/schema.org\",\"@graph\":[{\"@type\":\"WebPage\",\"@id\":\"https:\/\/www.glorialerin.com\/terapias\/como-liberarse-de-los-bloqueos-emocionales-la-inteligencia-emocional\/\",\"url\":\"https:\/\/www.glorialerin.com\/terapias\/como-liberarse-de-los-bloqueos-emocionales-la-inteligencia-emocional\/\",\"name\":\"Como liberarse de los bloqueos emocionales. La inteligencia emocional - Glora Lerin\",\"isPartOf\":{\"@id\":\"https:\/\/www.glorialerin.com\/terapias\/#website\"},\"datePublished\":\"2019-05-27T18:35:20+00:00\",\"dateModified\":\"2019-12-27T20:09:45+00:00\",\"breadcrumb\":{\"@id\":\"https:\/\/www.glorialerin.com\/terapias\/como-liberarse-de-los-bloqueos-emocionales-la-inteligencia-emocional\/#breadcrumb\"},\"inLanguage\":\"es\",\"potentialAction\":[{\"@type\":\"ReadAction\",\"target\":[\"https:\/\/www.glorialerin.com\/terapias\/como-liberarse-de-los-bloqueos-emocionales-la-inteligencia-emocional\/\"]}]},{\"@type\":\"BreadcrumbList\",\"@id\":\"https:\/\/www.glorialerin.com\/terapias\/como-liberarse-de-los-bloqueos-emocionales-la-inteligencia-emocional\/#breadcrumb\",\"itemListElement\":[{\"@type\":\"ListItem\",\"position\":1,\"name\":\"Portada\",\"item\":\"https:\/\/www.glorialerin.com\/terapias\/\"},{\"@type\":\"ListItem\",\"position\":2,\"name\":\"Como liberarse de los bloqueos emocionales. La inteligencia emocional\"}]},{\"@type\":\"WebSite\",\"@id\":\"https:\/\/www.glorialerin.com\/terapias\/#website\",\"url\":\"https:\/\/www.glorialerin.com\/terapias\/\",\"name\":\"Glora Lerin\",\"description\":\"\",\"potentialAction\":[{\"@type\":\"SearchAction\",\"target\":{\"@type\":\"EntryPoint\",\"urlTemplate\":\"https:\/\/www.glorialerin.com\/terapias\/?s={search_term_string}\"},\"query-input\":{\"@type\":\"PropertyValueSpecification\",\"valueRequired\":true,\"valueName\":\"search_term_string\"}}],\"inLanguage\":\"es\"}]}<\/script>\n<!-- \/ Yoast SEO plugin. -->","yoast_head_json":{"title":"Como liberarse de los bloqueos emocionales. La inteligencia emocional - Glora Lerin","robots":{"index":"index","follow":"follow","max-snippet":"max-snippet:-1","max-image-preview":"max-image-preview:large","max-video-preview":"max-video-preview:-1"},"canonical":"https:\/\/www.glorialerin.com\/terapias\/como-liberarse-de-los-bloqueos-emocionales-la-inteligencia-emocional\/","og_locale":"es_ES","og_type":"article","og_title":"Como liberarse de los bloqueos emocionales. La inteligencia emocional - Glora Lerin","og_description":"TALLER ENERO Basado en el \u201c M\u00e9todo de liberaci\u00f3n de las corazas\u201d. MLC\u00a9 \u00bfC\u00f3mo viv\u00eds vuestras emociones? \u00bfTen\u00e9is tendencia a quedaros sumergidas en ellas o las reprim\u00eds? \u00bfSent\u00eds tensiones en vuestro cuerpo cuando viv\u00eds una emoci\u00f3n? \u00bfOs dais cuenta si vuestra respiraci\u00f3n se bloquea? \u00bfOs falta el aire, sent\u00eds una opresi\u00f3n en el pecho, cerr\u00e1is [&hellip;]","og_url":"https:\/\/www.glorialerin.com\/terapias\/como-liberarse-de-los-bloqueos-emocionales-la-inteligencia-emocional\/","og_site_name":"Glora Lerin","article_modified_time":"2019-12-27T20:09:45+00:00","twitter_card":"summary_large_image","twitter_misc":{"Tiempo de lectura":"8 minutos"},"schema":{"@context":"https:\/\/schema.org","@graph":[{"@type":"WebPage","@id":"https:\/\/www.glorialerin.com\/terapias\/como-liberarse-de-los-bloqueos-emocionales-la-inteligencia-emocional\/","url":"https:\/\/www.glorialerin.com\/terapias\/como-liberarse-de-los-bloqueos-emocionales-la-inteligencia-emocional\/","name":"Como liberarse de los bloqueos emocionales. La inteligencia emocional - Glora Lerin","isPartOf":{"@id":"https:\/\/www.glorialerin.com\/terapias\/#website"},"datePublished":"2019-05-27T18:35:20+00:00","dateModified":"2019-12-27T20:09:45+00:00","breadcrumb":{"@id":"https:\/\/www.glorialerin.com\/terapias\/como-liberarse-de-los-bloqueos-emocionales-la-inteligencia-emocional\/#breadcrumb"},"inLanguage":"es","potentialAction":[{"@type":"ReadAction","target":["https:\/\/www.glorialerin.com\/terapias\/como-liberarse-de-los-bloqueos-emocionales-la-inteligencia-emocional\/"]}]},{"@type":"BreadcrumbList","@id":"https:\/\/www.glorialerin.com\/terapias\/como-liberarse-de-los-bloqueos-emocionales-la-inteligencia-emocional\/#breadcrumb","itemListElement":[{"@type":"ListItem","position":1,"name":"Portada","item":"https:\/\/www.glorialerin.com\/terapias\/"},{"@type":"ListItem","position":2,"name":"Como liberarse de los bloqueos emocionales. La inteligencia emocional"}]},{"@type":"WebSite","@id":"https:\/\/www.glorialerin.com\/terapias\/#website","url":"https:\/\/www.glorialerin.com\/terapias\/","name":"Glora Lerin","description":"","potentialAction":[{"@type":"SearchAction","target":{"@type":"EntryPoint","urlTemplate":"https:\/\/www.glorialerin.com\/terapias\/?s={search_term_string}"},"query-input":{"@type":"PropertyValueSpecification","valueRequired":true,"valueName":"search_term_string"}}],"inLanguage":"es"}]}},"_links":{"self":[{"href":"https:\/\/www.glorialerin.com\/terapias\/wp-json\/wp\/v2\/pages\/1644","targetHints":{"allow":["GET"]}}],"collection":[{"href":"https:\/\/www.glorialerin.com\/terapias\/wp-json\/wp\/v2\/pages"}],"about":[{"href":"https:\/\/www.glorialerin.com\/terapias\/wp-json\/wp\/v2\/types\/page"}],"author":[{"embeddable":true,"href":"https:\/\/www.glorialerin.com\/terapias\/wp-json\/wp\/v2\/users\/1"}],"replies":[{"embeddable":true,"href":"https:\/\/www.glorialerin.com\/terapias\/wp-json\/wp\/v2\/comments?post=1644"}],"version-history":[{"count":15,"href":"https:\/\/www.glorialerin.com\/terapias\/wp-json\/wp\/v2\/pages\/1644\/revisions"}],"predecessor-version":[{"id":1805,"href":"https:\/\/www.glorialerin.com\/terapias\/wp-json\/wp\/v2\/pages\/1644\/revisions\/1805"}],"wp:attachment":[{"href":"https:\/\/www.glorialerin.com\/terapias\/wp-json\/wp\/v2\/media?parent=1644"}],"curies":[{"name":"wp","href":"https:\/\/api.w.org\/{rel}","templated":true}]}}