{"id":1588,"date":"2019-03-13T10:30:29","date_gmt":"2019-03-13T10:30:29","guid":{"rendered":"https:\/\/www.glorialerin.com\/terapias\/consciencia-sensorial-2\/"},"modified":"2019-03-13T10:30:51","modified_gmt":"2019-03-13T10:30:51","slug":"sensory-awareness","status":"publish","type":"page","link":"https:\/\/www.glorialerin.com\/terapias\/sensory-awareness\/","title":{"rendered":"Consciencia sensorial"},"content":{"rendered":"<p>[et_pb_section bb_built=\u00bb1&#8243; fullwidth=\u00bbon\u00bb _builder_version=\u00bb3.0.92&#8243; next_background_color=\u00bb#000000&#8243;][et_pb_fullwidth_slider _builder_version=\u00bb3.0.92&#8243; custom_padding=\u00bb|0px||0px\u00bb box_shadow_horizontal=\u00bb0px\u00bb box_shadow_vertical=\u00bb0px\u00bb box_shadow_blur=\u00bb10px\u00bb box_shadow_spread=\u00bb0px\u00bb box_shadow_position=\u00bbinner\u00bb box_shadow_color=\u00bbrgba(0,0,0,0.1)\u00bb box_shadow_style=\u00bbpreset6&#8243; button_text_size__hover_enabled=\u00bboff\u00bb button_text_size__hover=\u00bbnull\u00bb button_one_text_size__hover_enabled=\u00bboff\u00bb button_one_text_size__hover=\u00bbnull\u00bb button_two_text_size__hover_enabled=\u00bboff\u00bb button_two_text_size__hover=\u00bbnull\u00bb button_text_color__hover_enabled=\u00bboff\u00bb button_text_color__hover=\u00bbnull\u00bb button_one_text_color__hover_enabled=\u00bboff\u00bb button_one_text_color__hover=\u00bbnull\u00bb button_two_text_color__hover_enabled=\u00bboff\u00bb button_two_text_color__hover=\u00bbnull\u00bb button_border_width__hover_enabled=\u00bboff\u00bb button_border_width__hover=\u00bbnull\u00bb button_one_border_width__hover_enabled=\u00bboff\u00bb button_one_border_width__hover=\u00bbnull\u00bb button_two_border_width__hover_enabled=\u00bboff\u00bb button_two_border_width__hover=\u00bbnull\u00bb button_border_color__hover_enabled=\u00bboff\u00bb button_border_color__hover=\u00bbnull\u00bb button_one_border_color__hover_enabled=\u00bboff\u00bb button_one_border_color__hover=\u00bbnull\u00bb button_two_border_color__hover_enabled=\u00bboff\u00bb button_two_border_color__hover=\u00bbnull\u00bb button_border_radius__hover_enabled=\u00bboff\u00bb button_border_radius__hover=\u00bbnull\u00bb button_one_border_radius__hover_enabled=\u00bboff\u00bb button_one_border_radius__hover=\u00bbnull\u00bb button_two_border_radius__hover_enabled=\u00bboff\u00bb button_two_border_radius__hover=\u00bbnull\u00bb button_letter_spacing__hover_enabled=\u00bboff\u00bb button_letter_spacing__hover=\u00bbnull\u00bb button_one_letter_spacing__hover_enabled=\u00bboff\u00bb button_one_letter_spacing__hover=\u00bbnull\u00bb button_two_letter_spacing__hover_enabled=\u00bboff\u00bb button_two_letter_spacing__hover=\u00bbnull\u00bb button_bg_color__hover_enabled=\u00bboff\u00bb button_bg_color__hover=\u00bbnull\u00bb button_one_bg_color__hover_enabled=\u00bboff\u00bb button_one_bg_color__hover=\u00bbnull\u00bb button_two_bg_color__hover_enabled=\u00bboff\u00bb button_two_bg_color__hover=\u00bbnull\u00bb][et_pb_slide heading=\u00bbCONSCIENCIA SENSORIAL\u00bb use_bg_overlay=\u00bboff\u00bb use_text_overlay=\u00bboff\u00bb _builder_version=\u00bb3.0.92&#8243; header_font=\u00bbMontserrat|700|||||||\u00bb header_font_size=\u00bb50px\u00bb header_font_size_tablet=\u00bb50px\u00bb header_font_size_phone=\u00bb50px\u00bb body_font=\u00bbMontserrat||||||||\u00bb body_font_size=\u00bb20px\u00bb body_font_size_tablet=\u00bb20px\u00bb body_font_size_phone=\u00bb20px\u00bb use_background_color_gradient=\u00bbon\u00bb background_color_gradient_start=\u00bb#ffffff\u00bb background_color_gradient_end=\u00bb#ffffff\u00bb background_image=\u00bbhttp:\/\/www.glorialerin.com\/terapias\/wp-content\/uploads\/2018\/03\/consciencia-sensorial-gloria-lerin.jpg\u00bb][\/et_pb_slide][\/et_pb_fullwidth_slider][\/et_pb_section][et_pb_section bb_built=\u00bb1&#8243; _builder_version=\u00bb3.0.92&#8243; prev_background_color=\u00bb#000000&#8243;][et_pb_row custom_padding=\u00bb27px|0px|65px|0px\u00bb _builder_version=\u00bb3.0.92&#8243;][et_pb_column type=\u00bb1_2&#8243;][et_pb_text _builder_version=\u00bb3.17.2&#8243;]<\/p>\n<p>En nuestro interior , tenemos una parte intacta, una parte que nunca ha estado herida. Est\u00e1 llena de amor, de ternura, dulzura, fragilidad, pureza.<\/p>\n<p><strong>La Consciencia Sensorial es el arte de vivir plenamente en cada instante. <\/strong><\/p>\n<p><strong>Preocupados por el futuro, con miedos por lo que pudiera pasar y juzgando el pasado, nos hemos olvidado de c\u00f3mo llegar a ser nosotros mismos, de estar en silencio, de estar en donde est\u00e1 la vida, la presencia aut\u00e9ntica en el Aqu\u00ed y el Ahora. <\/strong><\/p>\n<p><strong>A trav\u00e9s de la percepci\u00f3n consciente y sensitiva del cuerpo, con una atenci\u00f3n plena y una presencia verdadera, exploramos movimientos sencillos y naturales como la respiraci\u00f3n, la relajaci\u00f3n de las tensiones, la interacci\u00f3n con la gravedad, el contacto, el dar y recibir. La Consciencia Sensorial nos ayuda a: <\/strong><\/p>\n<ul>\n<li>Reencontrar nuestra fuerza, la serenidad y la libertad de ser.<\/li>\n<li>Disfrutar de una conexi\u00f3n m\u00e1s aut\u00e9ntica con uno mismo, con los dem\u00e1s y con el entorno.<\/li>\n<li>Crear una relaci\u00f3n bondadosa, respetuosa, dejando la lucha interior para convertirnos en nuestros propios aliados.<\/li>\n<li>Despertar los sentidos y las sensaciones conect\u00e1ndonos con nuestra sabidur\u00eda y nuestra naturaleza profunda.<\/li>\n<li>Mejorar el estado de \u00e1nimo despertando el sentido del humor.<\/li>\n<\/ul>\n<p>La conexi\u00f3n con nuestros sentidos nos facilita la re-conexi\u00f3n con nuestra Naturaleza profunda.<\/p>\n<p><strong>Charlotte Selver<\/strong> (1901-2003), creadora de la Consciencia Sensorial: \u201cHay una cosa muy sagrada en nuestra naturaleza y en la naturaleza de las cosas. Y es nuestra manera de llegar a la vez, estar juntos, ponernos en contacto el uno con el otro y tener una conexi\u00f3n sensitiva con aquello que estamos haciendo\u201d.<\/p>\n<p>[\/et_pb_text][\/et_pb_column][et_pb_column type=\u00bb1_2&#8243;][et_pb_text _builder_version=\u00bb3.17.2&#8243;]<\/p>\n<p><iframe loading=\"lazy\" src=\"https:\/\/www.youtube.com\/embed\/bpO_kopgRic?rel=0\" width=\"560\" height=\"315\" frameborder=\"0\" allowfullscreen=\"allowfullscreen\"><\/iframe><\/p>\n<p>[\/et_pb_text][et_pb_text _builder_version=\u00bb3.17.2&#8243;]<\/p>\n<p><iframe loading=\"lazy\" width=\"560\" height=\"315\" src=\"https:\/\/www.youtube.com\/embed\/iXq8QNcF95Q\" frameborder=\"0\" allow=\"accelerometer; autoplay; encrypted-media; gyroscope; picture-in-picture\" allowfullscreen><\/iframe><\/p>\n<p>[\/et_pb_text][et_pb_text _builder_version=\u00bb3.17.2&#8243;]<\/p>\n<p><iframe loading=\"lazy\" width=\"560\" height=\"315\" src=\"https:\/\/www.youtube.com\/embed\/dsXrHzNDU34\" frameborder=\"0\" allow=\"accelerometer; autoplay; encrypted-media; gyroscope; picture-in-picture\" allowfullscreen><\/iframe><\/p>\n<p>[\/et_pb_text][\/et_pb_column][\/et_pb_row][et_pb_row custom_padding=\u00bb|140px|34px|140px\u00bb background_color=\u00bbrgba(135,204,242,0.51)\u00bb _builder_version=\u00bb3.0.92&#8243;][et_pb_column type=\u00bb4_4&#8243;][et_pb_text _builder_version=\u00bb3.0.92&#8243; custom_margin=\u00bb10px|||\u00bb]<\/p>\n<h2 style=\"text-align: center;\"><strong>HACIA DENTRO Y HACIA FUERA<\/strong><\/h2>\n<p style=\"text-align: center;\">La Consciencia Sensorial como una pr\u00e1ctica de vida<\/p>\n<p style=\"text-align: center;\">Retiro Internacional de Consciencia Sensorial<\/p>\n<p style=\"text-align: center;\">En Frauenchiemsee, Alemania<\/p>\n<p style=\"text-align: center;\"><strong>Del 10 al 12 de Agosto de 2018<\/strong><\/p>\n<p>[\/et_pb_text][et_pb_button button_url=\u00bb\/terapias\/wp-content\/uploads\/2018\/03\/HACIA-DENTRO-Y-HACIA-FUERA.pdf\u00bb url_new_window=\u00bbon\u00bb button_text=\u00bbInf\u00f3rmate\u00bb button_alignment=\u00bbcenter\u00bb _builder_version=\u00bb3.0.92&#8243; button_text_size__hover_enabled=\u00bboff\u00bb button_text_size__hover=\u00bbnull\u00bb button_one_text_size__hover_enabled=\u00bboff\u00bb button_one_text_size__hover=\u00bbnull\u00bb button_two_text_size__hover_enabled=\u00bboff\u00bb button_two_text_size__hover=\u00bbnull\u00bb button_text_color__hover_enabled=\u00bboff\u00bb button_text_color__hover=\u00bbnull\u00bb button_one_text_color__hover_enabled=\u00bboff\u00bb button_one_text_color__hover=\u00bbnull\u00bb button_two_text_color__hover_enabled=\u00bboff\u00bb button_two_text_color__hover=\u00bbnull\u00bb button_border_width__hover_enabled=\u00bboff\u00bb button_border_width__hover=\u00bbnull\u00bb button_one_border_width__hover_enabled=\u00bboff\u00bb button_one_border_width__hover=\u00bbnull\u00bb button_two_border_width__hover_enabled=\u00bboff\u00bb button_two_border_width__hover=\u00bbnull\u00bb button_border_color__hover_enabled=\u00bboff\u00bb button_border_color__hover=\u00bbnull\u00bb button_one_border_color__hover_enabled=\u00bboff\u00bb button_one_border_color__hover=\u00bbnull\u00bb button_two_border_color__hover_enabled=\u00bboff\u00bb button_two_border_color__hover=\u00bbnull\u00bb button_border_radius__hover_enabled=\u00bboff\u00bb button_border_radius__hover=\u00bbnull\u00bb button_one_border_radius__hover_enabled=\u00bboff\u00bb button_one_border_radius__hover=\u00bbnull\u00bb button_two_border_radius__hover_enabled=\u00bboff\u00bb button_two_border_radius__hover=\u00bbnull\u00bb button_letter_spacing__hover_enabled=\u00bboff\u00bb button_letter_spacing__hover=\u00bbnull\u00bb button_one_letter_spacing__hover_enabled=\u00bboff\u00bb button_one_letter_spacing__hover=\u00bbnull\u00bb button_two_letter_spacing__hover_enabled=\u00bboff\u00bb button_two_letter_spacing__hover=\u00bbnull\u00bb button_bg_color__hover_enabled=\u00bboff\u00bb button_bg_color__hover=\u00bbnull\u00bb button_one_bg_color__hover_enabled=\u00bboff\u00bb button_one_bg_color__hover=\u00bbnull\u00bb button_two_bg_color__hover_enabled=\u00bboff\u00bb button_two_bg_color__hover=\u00bbnull\u00bb]<\/p>\n<p>&nbsp;<\/p>\n<p>[\/et_pb_button][\/et_pb_column][\/et_pb_row][et_pb_row custom_padding=\u00bb65px|0px|27px|0px\u00bb custom_margin=\u00bb|||\u00bb _builder_version=\u00bb3.0.92&#8243;][et_pb_column type=\u00bb4_4&#8243;][et_pb_gallery gallery_ids=\u00bb506,507,508,509,510,511&#8243; gallery_captions=\u00bb,,,,,\u00bb fullwidth=\u00bbon\u00bb _builder_version=\u00bb3.0.92&#8243; title_font=\u00bb||||||||\u00bb max_width=\u00bb75%\u00bb module_alignment=\u00bbcenter\u00bb custom_padding=\u00bb|||\u00bb auto=\u00bbon\u00bb auto_speed=\u00bb5000&#8243;]<\/p>\n<p>&nbsp;<\/p>\n<p>[\/et_pb_gallery][\/et_pb_column][\/et_pb_row][et_pb_row custom_padding=\u00bb50px|0px|27px|0px\u00bb _builder_version=\u00bb3.0.92&#8243;][et_pb_column type=\u00bb1_2&#8243;][et_pb_text _builder_version=\u00bb3.0.92&#8243;]<\/p>\n<h3 style=\"text-align: justify;\"><strong>Origen de la Consciencia Sensorial <\/strong><\/h3>\n<h3 style=\"text-align: justify;\"><\/h3>\n<p style=\"text-align: justify;\"><strong>El origen de la Consciencia Sensorial es en Alemania alrededor de 1923 con Elsa Gindler. <\/strong><\/p>\n<p>Era una \u00e9poca en Berl\u00edn de cambios en la sociedad. Se respira un aire de libertad i humanidad. Nuevos descubrimientos aparecen con una nueva pedagog\u00eda. <strong>S.Freud, C.Jung, A.Adler, W.Reich , E.Durckheim, M.Montessori<\/strong> entre otros, abren un nuevo camino en la evoluci\u00f3n des Ser Humano.<\/p>\n<p><strong>Elsa Gindler<\/strong> ( 1885-1961), profesora de educaci\u00f3n f\u00edsica en Berl\u00edn enferm\u00f3 gravemente de tuberculosis. A pesar de su estado precario de salud, explor\u00f3 con paciencia, atenci\u00f3n y escuchando sus propios procesos internos,descubri\u00f3 que podr\u00eda estimular su propia curaci\u00f3n, regeneraci\u00f3n en vez de obstaculizarla. Se fue a vivir a la monta\u00f1a y de una manera consciente empez\u00f3 a \u201c disolver\u201d los obst\u00e1culos que le habian provocado la enfermedad. En un estado de receptividad, dej\u00f3 la v\u00eda libre para que la tendencia innata del organismo a regenerarse por si mismo, actuara de forma natural. La respiraci\u00f3n fue su centro de exploraci\u00f3n, llegando a sanar el tejido del pulm\u00f3n da\u00f1ado.<\/p>\n<p>El descubrimiento que hab\u00eda hecho y la aplicaci\u00f3n pr\u00e1ctica de su experiencia vivida, hizo que empezara a dar clases. Su trabajo lo llam\u00f3: \u201cTrabajo con el Ser Humano\u201d. Todos sus escritos se quemaron durante la segunda guerra mundial y por tanto su legado nos ha llegado a trav\u00e9s de sus estudiantes. Tuvo una gran influencia en la \u201cPsicoterapia Humanista\u201d<\/p>\n<p>Sus seguidores, entre otros, desarrollaron \u00e9ste trabajo en diferentes pa\u00edses: Doctora<strong> Lily Eherenfried<\/strong> (1896-1994) m\u00e9dico y fisioterapeuta, viaja a Par\u00eds y crea un centro. Hoy su pr\u00e1ctica se llama \u201cGimnasia Hol\u00edstica\u201d. Alumna de ella fu\u00e9 <strong>Th\u00e8rese Bertherat<\/strong> creadora de la \u201cAntigimnasia\u201d. <strong>Marie Lise Labont\u00e9<\/strong> alumna de ella, crea una psicoter\u00e1pia corporal llamada \u201cM\u00e9todo de Liberaci\u00f3n de las Corazas\u201d.<\/p>\n<p><strong>Charlotte Selver<\/strong> (1901- 2003) viaja a USA y llama a su trabajo \u201cConsciencia Sensorial\u201d. Entusiastas seguidores fueron: <strong>Alan Watts, Fritz Perls, Eric Fromm, Suzuki Roshi, Ida Rolf.<\/strong><\/p>\n<p><strong>Alice Aginsky<\/strong> en Par\u00eds trabaja sobre la \u201cReestructuraci\u00f3n Corporal\u201d.<\/p>\n<p><strong>Sphie Ludwig<\/strong> y <strong>Frieda Goralewsky<\/strong> siguen sus pasos en Berl\u00edn.<\/p>\n<p>Elfriede Henstenberg y Emmy Pikler crean un trabajo sobre el desarrollo motriz del ni\u00f1o d\u00e1ndole la libertad que necesita en su exploraci\u00f3n de sus movimientos.Su seguidora <strong>Ute Strub<\/strong> cont\u00ednua sus trabajos.<\/p>\n<p>\u201cSi supi\u00e9ramos utilizar nuestra fuerza, nuestro poder de sanaci\u00f3n en vez de poner obst\u00e1culos, ser\u00edamos m\u00e1s fuertes que los leones\u201d, <strong>Elsa Gindler<\/strong>.<\/p>\n<p>Impartido por :<br \/>\nGloria Lerin. Alumna de Charlotte Selver, Krista Sattler y Lee Klinger.<\/p>\n<p><strong>Bibliograf\u00eda:<\/strong><br \/>\nCharles Brooks, \u201cConsciencia Sensorial\u201d Ed. La liebre de Marzo.<br \/>\nCharlotte Selver. \u00abDespertando\u00bb. Ediciones la Liebre de Marzo.<br \/>\nEdckhart Tolle, \u201cEl poder del ahora\u201d Eds. Gaia.<br \/>\nJon Kabat-Zinn. \u201cMindfulness en la vida coridiana\u201d. Ed. Paid\u00f3s Iberica.<br \/>\nwww.sensoryawareness.org<\/p>\n<p style=\"text-align: justify;\">\n<p>[\/et_pb_text][\/et_pb_column][et_pb_column type=\u00bb1_2&#8243;][et_pb_image src=\u00bbhttp:\/\/www.glorialerin.com\/terapias\/wp-content\/uploads\/2018\/01\/mandala-parental-gloria-lerin.jpg\u00bb _builder_version=\u00bb3.0.92&#8243;]<\/p>\n<p>&nbsp;<\/p>\n<p style=\"text-align: justify;\">\n<p>[\/et_pb_image][et_pb_contact_form email=\u00bbinfo@glorialerin.com\u00bb title=\u00bb\u00bfTe interesa la Consciencia Sensorial?\u00bb module_id=\u00bbet_pb_contact_form_0&#8243; _builder_version=\u00bb3.0.92&#8243; title_font=\u00bbMontserrat|700|||||||\u00bb title_font_size=\u00bb16px\u00bb title_line_height=\u00bb2em\u00bb custom_button=\u00bbon\u00bb button_text_color=\u00bb#626262&#8243; captcha=\u00bbon\u00bb use_redirect=\u00bboff\u00bb button_icon_placement=\u00bbright\u00bb][et_pb_contact_field field_id=\u00bbNombre\u00bb field_title=\u00bbNombre*\u00bb fullwidth_field=\u00bbon\u00bb _builder_version=\u00bb3.0.92&#8243; \/][et_pb_contact_field field_id=\u00bbCorreo_electr\u00f3nico\u00bb field_title=\u00bbCorreo electr\u00f3nico*\u00bb fullwidth_field=\u00bbon\u00bb _builder_version=\u00bb3.0.92&#8243; \/][et_pb_contact_field field_id=\u00bbTel\u00e9fono\u00bb field_title=\u00bbTel\u00e9fono\u00bb required_mark=\u00bboff\u00bb fullwidth_field=\u00bbon\u00bb _builder_version=\u00bb3.0.92&#8243; \/][et_pb_contact_field field_id=\u00bbMensaje\u00bb field_title=\u00bbMensaje*\u00bb field_type=\u00bbtext\u00bb fullwidth_field=\u00bbon\u00bb _builder_version=\u00bb3.0.92&#8243; border_radii=\u00bbon||||\u00bb \/][et_pb_contact_field _builder_version=\u00bb3.0.92&#8243; field_id=\u00bbPol\u00edtica_de_privacidad\u00bb field_type=\u00bbcheckbox\u00bb checkbox_checked=\u00bboff\u00bb checkbox_options=\u00bb%91{%22value%22:%22 He le\u00eddo y acepto la pol\u00edtica de privacidad.%22,%22checked%22:0}%93&#8243; radio_options=\u00bb%91{%22value%22:%22%22,%22checked%22:0}%93&#8243; select_options=\u00bb%91{%22value%22:%22%22,%22checked%22:0}%93&#8243; min_length=\u00bb0&#8243; max_length=\u00bb0&#8243; allowed_symbols=\u00bball\u00bb required_mark=\u00bbon\u00bb conditional_logic=\u00bboff\u00bb conditional_logic_relation=\u00bboff\u00bb conditional_logic_rules=\u00bb%91{%22field%22:%22nombre%22,%22condition%22:%22is%22,%22value%22:%22%22}%93&#8243; use_background_color_gradient=\u00bboff\u00bb background_color_gradient_start=\u00bb#2b87da\u00bb background_color_gradient_end=\u00bb#29c4a9&#8243; background_color_gradient_type=\u00bblinear\u00bb background_color_gradient_direction=\u00bb180deg\u00bb background_color_gradient_direction_radial=\u00bbcenter\u00bb background_color_gradient_start_position=\u00bb0%\u00bb background_color_gradient_end_position=\u00bb100%\u00bb background_color_gradient_overlays_image=\u00bboff\u00bb parallax=\u00bboff\u00bb parallax_method=\u00bbon\u00bb background_size=\u00bbcover\u00bb background_position=\u00bbcenter\u00bb background_repeat=\u00bbno-repeat\u00bb background_blend=\u00bbnormal\u00bb allow_player_pause=\u00bboff\u00bb fullwidth_field=\u00bbon\u00bb field_title=\u00bb \u00bb \/][\/et_pb_contact_form][\/et_pb_column][\/et_pb_row][\/et_pb_section]<\/p>\n","protected":false},"excerpt":{"rendered":"<p>En nuestro interior , tenemos una parte intacta, una parte que nunca ha estado herida. Est\u00e1 llena de amor, de ternura, dulzura, fragilidad, pureza. La Consciencia Sensorial es el arte de vivir plenamente en cada instante. Preocupados por el futuro, con miedos por lo que pudiera pasar y juzgando el pasado, nos hemos olvidado de [&hellip;]<\/p>\n","protected":false},"author":1,"featured_media":0,"parent":0,"menu_order":0,"comment_status":"closed","ping_status":"closed","template":"","meta":{"_et_pb_use_builder":"on","_et_pb_old_content":"","_et_gb_content_width":"","footnotes":""},"class_list":["post-1588","page","type-page","status-publish","hentry"],"yoast_head":"<!-- This site is optimized with the Yoast SEO plugin v26.2 - https:\/\/yoast.com\/wordpress\/plugins\/seo\/ -->\n<title>Consciencia sensorial - Glora Lerin<\/title>\n<meta name=\"robots\" content=\"index, follow, max-snippet:-1, max-image-preview:large, max-video-preview:-1\" \/>\n<link rel=\"canonical\" href=\"https:\/\/www.glorialerin.com\/terapias\/sensory-awareness\/\" \/>\n<meta property=\"og:locale\" content=\"es_ES\" \/>\n<meta property=\"og:type\" content=\"article\" \/>\n<meta property=\"og:title\" content=\"Consciencia sensorial - Glora Lerin\" \/>\n<meta property=\"og:description\" content=\"En nuestro interior , tenemos una parte intacta, una parte que nunca ha estado herida. Est\u00e1 llena de amor, de ternura, dulzura, fragilidad, pureza. La Consciencia Sensorial es el arte de vivir plenamente en cada instante. Preocupados por el futuro, con miedos por lo que pudiera pasar y juzgando el pasado, nos hemos olvidado de [&hellip;]\" \/>\n<meta property=\"og:url\" content=\"https:\/\/www.glorialerin.com\/terapias\/sensory-awareness\/\" \/>\n<meta property=\"og:site_name\" content=\"Glora Lerin\" \/>\n<meta property=\"article:modified_time\" content=\"2019-03-13T10:30:51+00:00\" \/>\n<meta name=\"twitter:card\" content=\"summary_large_image\" \/>\n<meta name=\"twitter:label1\" content=\"Tiempo de lectura\" \/>\n\t<meta name=\"twitter:data1\" content=\"10 minutos\" \/>\n<script type=\"application\/ld+json\" class=\"yoast-schema-graph\">{\"@context\":\"https:\/\/schema.org\",\"@graph\":[{\"@type\":\"WebPage\",\"@id\":\"https:\/\/www.glorialerin.com\/terapias\/sensory-awareness\/\",\"url\":\"https:\/\/www.glorialerin.com\/terapias\/sensory-awareness\/\",\"name\":\"Consciencia sensorial - Glora Lerin\",\"isPartOf\":{\"@id\":\"https:\/\/www.glorialerin.com\/terapias\/#website\"},\"datePublished\":\"2019-03-13T10:30:29+00:00\",\"dateModified\":\"2019-03-13T10:30:51+00:00\",\"breadcrumb\":{\"@id\":\"https:\/\/www.glorialerin.com\/terapias\/sensory-awareness\/#breadcrumb\"},\"inLanguage\":\"es\",\"potentialAction\":[{\"@type\":\"ReadAction\",\"target\":[\"https:\/\/www.glorialerin.com\/terapias\/sensory-awareness\/\"]}]},{\"@type\":\"BreadcrumbList\",\"@id\":\"https:\/\/www.glorialerin.com\/terapias\/sensory-awareness\/#breadcrumb\",\"itemListElement\":[{\"@type\":\"ListItem\",\"position\":1,\"name\":\"Portada\",\"item\":\"https:\/\/www.glorialerin.com\/terapias\/\"},{\"@type\":\"ListItem\",\"position\":2,\"name\":\"Consciencia sensorial\"}]},{\"@type\":\"WebSite\",\"@id\":\"https:\/\/www.glorialerin.com\/terapias\/#website\",\"url\":\"https:\/\/www.glorialerin.com\/terapias\/\",\"name\":\"Glora Lerin\",\"description\":\"\",\"potentialAction\":[{\"@type\":\"SearchAction\",\"target\":{\"@type\":\"EntryPoint\",\"urlTemplate\":\"https:\/\/www.glorialerin.com\/terapias\/?s={search_term_string}\"},\"query-input\":{\"@type\":\"PropertyValueSpecification\",\"valueRequired\":true,\"valueName\":\"search_term_string\"}}],\"inLanguage\":\"es\"}]}<\/script>\n<!-- \/ Yoast SEO plugin. -->","yoast_head_json":{"title":"Consciencia sensorial - Glora Lerin","robots":{"index":"index","follow":"follow","max-snippet":"max-snippet:-1","max-image-preview":"max-image-preview:large","max-video-preview":"max-video-preview:-1"},"canonical":"https:\/\/www.glorialerin.com\/terapias\/sensory-awareness\/","og_locale":"es_ES","og_type":"article","og_title":"Consciencia sensorial - Glora Lerin","og_description":"En nuestro interior , tenemos una parte intacta, una parte que nunca ha estado herida. Est\u00e1 llena de amor, de ternura, dulzura, fragilidad, pureza. La Consciencia Sensorial es el arte de vivir plenamente en cada instante. Preocupados por el futuro, con miedos por lo que pudiera pasar y juzgando el pasado, nos hemos olvidado de [&hellip;]","og_url":"https:\/\/www.glorialerin.com\/terapias\/sensory-awareness\/","og_site_name":"Glora Lerin","article_modified_time":"2019-03-13T10:30:51+00:00","twitter_card":"summary_large_image","twitter_misc":{"Tiempo de lectura":"10 minutos"},"schema":{"@context":"https:\/\/schema.org","@graph":[{"@type":"WebPage","@id":"https:\/\/www.glorialerin.com\/terapias\/sensory-awareness\/","url":"https:\/\/www.glorialerin.com\/terapias\/sensory-awareness\/","name":"Consciencia sensorial - Glora Lerin","isPartOf":{"@id":"https:\/\/www.glorialerin.com\/terapias\/#website"},"datePublished":"2019-03-13T10:30:29+00:00","dateModified":"2019-03-13T10:30:51+00:00","breadcrumb":{"@id":"https:\/\/www.glorialerin.com\/terapias\/sensory-awareness\/#breadcrumb"},"inLanguage":"es","potentialAction":[{"@type":"ReadAction","target":["https:\/\/www.glorialerin.com\/terapias\/sensory-awareness\/"]}]},{"@type":"BreadcrumbList","@id":"https:\/\/www.glorialerin.com\/terapias\/sensory-awareness\/#breadcrumb","itemListElement":[{"@type":"ListItem","position":1,"name":"Portada","item":"https:\/\/www.glorialerin.com\/terapias\/"},{"@type":"ListItem","position":2,"name":"Consciencia sensorial"}]},{"@type":"WebSite","@id":"https:\/\/www.glorialerin.com\/terapias\/#website","url":"https:\/\/www.glorialerin.com\/terapias\/","name":"Glora Lerin","description":"","potentialAction":[{"@type":"SearchAction","target":{"@type":"EntryPoint","urlTemplate":"https:\/\/www.glorialerin.com\/terapias\/?s={search_term_string}"},"query-input":{"@type":"PropertyValueSpecification","valueRequired":true,"valueName":"search_term_string"}}],"inLanguage":"es"}]}},"_links":{"self":[{"href":"https:\/\/www.glorialerin.com\/terapias\/wp-json\/wp\/v2\/pages\/1588","targetHints":{"allow":["GET"]}}],"collection":[{"href":"https:\/\/www.glorialerin.com\/terapias\/wp-json\/wp\/v2\/pages"}],"about":[{"href":"https:\/\/www.glorialerin.com\/terapias\/wp-json\/wp\/v2\/types\/page"}],"author":[{"embeddable":true,"href":"https:\/\/www.glorialerin.com\/terapias\/wp-json\/wp\/v2\/users\/1"}],"replies":[{"embeddable":true,"href":"https:\/\/www.glorialerin.com\/terapias\/wp-json\/wp\/v2\/comments?post=1588"}],"version-history":[{"count":1,"href":"https:\/\/www.glorialerin.com\/terapias\/wp-json\/wp\/v2\/pages\/1588\/revisions"}],"predecessor-version":[{"id":1589,"href":"https:\/\/www.glorialerin.com\/terapias\/wp-json\/wp\/v2\/pages\/1588\/revisions\/1589"}],"wp:attachment":[{"href":"https:\/\/www.glorialerin.com\/terapias\/wp-json\/wp\/v2\/media?parent=1588"}],"curies":[{"name":"wp","href":"https:\/\/api.w.org\/{rel}","templated":true}]}}